{"id":198,"date":"2021-08-10T16:18:50","date_gmt":"2021-08-10T16:18:50","guid":{"rendered":"https:\/\/csdcab.tondesign.ca\/val-des-bois\/?page_id=198"},"modified":"2025-12-17T17:35:35","modified_gmt":"2025-12-17T21:35:35","slug":"climat-scolaire","status":"publish","type":"page","link":"https:\/\/vdb.csdcab.ca\/en\/notre-ecole\/climat-scolaire\/","title":{"rendered":"School climate"},"content":{"rendered":"\t\t<div data-elementor-type=\"wp-page\" data-elementor-id=\"198\" class=\"elementor elementor-198\" data-elementor-post-type=\"page\">\n\t\t\t\t\t\t<section class=\"elementor-section elementor-top-section elementor-element elementor-element-087c9a8 elementor-section-boxed elementor-section-height-default elementor-section-height-default\" data-id=\"087c9a8\" data-element_type=\"section\" data-e-type=\"section\" data-settings=\"{&quot;jet_parallax_layout_list&quot;:[{&quot;jet_parallax_layout_image&quot;:{&quot;url&quot;:&quot;&quot;,&quot;id&quot;:&quot;&quot;,&quot;size&quot;:&quot;&quot;},&quot;_id&quot;:&quot;0f122b3&quot;,&quot;jet_parallax_layout_image_tablet&quot;:{&quot;url&quot;:&quot;&quot;,&quot;id&quot;:&quot;&quot;,&quot;size&quot;:&quot;&quot;},&quot;jet_parallax_layout_image_mobile&quot;:{&quot;url&quot;:&quot;&quot;,&quot;id&quot;:&quot;&quot;,&quot;size&quot;:&quot;&quot;},&quot;jet_parallax_layout_speed&quot;:{&quot;unit&quot;:&quot;%&quot;,&quot;size&quot;:50,&quot;sizes&quot;:[]},&quot;jet_parallax_layout_type&quot;:&quot;scroll&quot;,&quot;jet_parallax_layout_direction&quot;:&quot;1&quot;,&quot;jet_parallax_layout_fx_direction&quot;:null,&quot;jet_parallax_layout_z_index&quot;:&quot;&quot;,&quot;jet_parallax_layout_bg_x&quot;:50,&quot;jet_parallax_layout_bg_x_tablet&quot;:&quot;&quot;,&quot;jet_parallax_layout_bg_x_mobile&quot;:&quot;&quot;,&quot;jet_parallax_layout_bg_y&quot;:50,&quot;jet_parallax_layout_bg_y_tablet&quot;:&quot;&quot;,&quot;jet_parallax_layout_bg_y_mobile&quot;:&quot;&quot;,&quot;jet_parallax_layout_bg_size&quot;:&quot;auto&quot;,&quot;jet_parallax_layout_bg_size_tablet&quot;:&quot;&quot;,&quot;jet_parallax_layout_bg_size_mobile&quot;:&quot;&quot;,&quot;jet_parallax_layout_animation_prop&quot;:&quot;transform&quot;,&quot;jet_parallax_layout_on&quot;:[&quot;desktop&quot;,&quot;tablet&quot;]}]}\">\n\t\t\t\t\t\t<div class=\"elementor-container elementor-column-gap-no\">\n\t\t\t\t\t<div class=\"elementor-column elementor-col-50 elementor-top-column elementor-element elementor-element-326f294\" data-id=\"326f294\" data-element_type=\"column\" data-e-type=\"column\">\n\t\t\t<div class=\"elementor-widget-wrap elementor-element-populated\">\n\t\t\t\t\t\t<div class=\"elementor-element elementor-element-2520efe elementor-widget elementor-widget-heading\" data-id=\"2520efe\" data-element_type=\"widget\" data-e-type=\"widget\" data-widget_type=\"heading.default\">\n\t\t\t\t<div class=\"elementor-widget-container\">\n\t\t\t\t\t<h2 class=\"elementor-heading-title elementor-size-default\">Notre \u00e9cole<\/h2>\t\t\t\t<\/div>\n\t\t\t\t<\/div>\n\t\t\t\t<div class=\"elementor-element elementor-element-5015f6d elementor-widget elementor-widget-text-editor\" data-id=\"5015f6d\" data-element_type=\"widget\" data-e-type=\"widget\" data-widget_type=\"text-editor.default\">\n\t\t\t\t<div class=\"elementor-widget-container\">\n\t\t\t\t\t\t\t\t\t<p>\u00c0 l&rsquo;\u00c9cole catholique Val-des-Bois, il r\u00e8gne un esprit de famille. Sous l&rsquo;\u0153il protecteur de Dieu, nos \u00e9l\u00e8ves profitent d&rsquo;une \u00e9ducation de langue fran\u00e7aise et catholique de haute qualit\u00e9 visant la r\u00e9ussite scolaire et personnelle.<\/p><p>Dans un environnement s\u00e9curitaire, valorisant et inclusif, et gr\u00e2ce \u00e0 la collaboration et au d\u00e9vouement du personnel, des parents et des partenaires communautaires, nos \u00e9l\u00e8ves vivent des exp\u00e9riences de vie authentiques \u00e0 travers une multitude d&rsquo;activit\u00e9s scolaires, culturelles et spirituelles.<\/p>\t\t\t\t\t\t\t\t<\/div>\n\t\t\t\t<\/div>\n\t\t\t\t\t<\/div>\n\t\t<\/div>\n\t\t\t\t<div class=\"elementor-column elementor-col-50 elementor-top-column elementor-element elementor-element-022e7cc\" data-id=\"022e7cc\" data-element_type=\"column\" data-e-type=\"column\" data-settings=\"{&quot;background_background&quot;:&quot;classic&quot;}\">\n\t\t\t<div class=\"elementor-widget-wrap elementor-element-populated\">\n\t\t\t\t\t\t<div class=\"elementor-element elementor-element-1731a48 elementor-widget elementor-widget-spacer\" data-id=\"1731a48\" data-element_type=\"widget\" data-e-type=\"widget\" data-widget_type=\"spacer.default\">\n\t\t\t\t<div class=\"elementor-widget-container\">\n\t\t\t\t\t\t\t<div class=\"elementor-spacer\">\n\t\t\t<div class=\"elementor-spacer-inner\"><\/div>\n\t\t<\/div>\n\t\t\t\t\t\t<\/div>\n\t\t\t\t<\/div>\n\t\t\t\t\t<\/div>\n\t\t<\/div>\n\t\t\t\t\t<\/div>\n\t\t<\/section>\n\t\t\t\t<section class=\"elementor-section elementor-top-section elementor-element elementor-element-f81131b elementor-section-full_width elementor-section-content-middle elementor-section-height-default elementor-section-height-default\" data-id=\"f81131b\" data-element_type=\"section\" data-e-type=\"section\" data-settings=\"{&quot;jet_parallax_layout_list&quot;:[{&quot;jet_parallax_layout_image&quot;:{&quot;url&quot;:&quot;&quot;,&quot;id&quot;:&quot;&quot;,&quot;size&quot;:&quot;&quot;},&quot;_id&quot;:&quot;bafdc0a&quot;,&quot;jet_parallax_layout_image_tablet&quot;:{&quot;url&quot;:&quot;&quot;,&quot;id&quot;:&quot;&quot;,&quot;size&quot;:&quot;&quot;},&quot;jet_parallax_layout_image_mobile&quot;:{&quot;url&quot;:&quot;&quot;,&quot;id&quot;:&quot;&quot;,&quot;size&quot;:&quot;&quot;},&quot;jet_parallax_layout_speed&quot;:{&quot;unit&quot;:&quot;%&quot;,&quot;size&quot;:50,&quot;sizes&quot;:[]},&quot;jet_parallax_layout_type&quot;:&quot;scroll&quot;,&quot;jet_parallax_layout_direction&quot;:&quot;1&quot;,&quot;jet_parallax_layout_fx_direction&quot;:null,&quot;jet_parallax_layout_z_index&quot;:&quot;&quot;,&quot;jet_parallax_layout_bg_x&quot;:50,&quot;jet_parallax_layout_bg_x_tablet&quot;:&quot;&quot;,&quot;jet_parallax_layout_bg_x_mobile&quot;:&quot;&quot;,&quot;jet_parallax_layout_bg_y&quot;:50,&quot;jet_parallax_layout_bg_y_tablet&quot;:&quot;&quot;,&quot;jet_parallax_layout_bg_y_mobile&quot;:&quot;&quot;,&quot;jet_parallax_layout_bg_size&quot;:&quot;auto&quot;,&quot;jet_parallax_layout_bg_size_tablet&quot;:&quot;&quot;,&quot;jet_parallax_layout_bg_size_mobile&quot;:&quot;&quot;,&quot;jet_parallax_layout_animation_prop&quot;:&quot;transform&quot;,&quot;jet_parallax_layout_on&quot;:[&quot;desktop&quot;,&quot;tablet&quot;]}],&quot;background_background&quot;:&quot;gradient&quot;}\">\n\t\t\t\t\t\t<div class=\"elementor-container elementor-column-gap-no\">\n\t\t\t\t\t<div class=\"elementor-column elementor-col-50 elementor-top-column elementor-element elementor-element-980229d\" data-id=\"980229d\" data-element_type=\"column\" data-e-type=\"column\">\n\t\t\t<div class=\"elementor-widget-wrap elementor-element-populated\">\n\t\t\t\t\t\t<div class=\"elementor-element elementor-element-4a2cb85 elementor-widget elementor-widget-image\" data-id=\"4a2cb85\" data-element_type=\"widget\" data-e-type=\"widget\" data-widget_type=\"image.default\">\n\t\t\t\t<div class=\"elementor-widget-container\">\n\t\t\t\t\t\t\t\t\t\t\t\t\t\t\t<img fetchpriority=\"high\" decoding=\"async\" width=\"1000\" height=\"1000\" src=\"https:\/\/vdb.csdcab.ca\/wp-content\/uploads\/sites\/4\/2021\/08\/Planstrategique_1000x1000_02.jpg\" class=\"attachment-large size-large wp-image-548\" alt=\"\" srcset=\"https:\/\/vdb.csdcab.ca\/wp-content\/uploads\/sites\/4\/2021\/08\/Planstrategique_1000x1000_02.jpg 1000w, https:\/\/vdb.csdcab.ca\/wp-content\/uploads\/sites\/4\/2021\/08\/Planstrategique_1000x1000_02-300x300.jpg 300w, https:\/\/vdb.csdcab.ca\/wp-content\/uploads\/sites\/4\/2021\/08\/Planstrategique_1000x1000_02-150x150.jpg 150w, https:\/\/vdb.csdcab.ca\/wp-content\/uploads\/sites\/4\/2021\/08\/Planstrategique_1000x1000_02-768x768.jpg 768w, https:\/\/vdb.csdcab.ca\/wp-content\/uploads\/sites\/4\/2021\/08\/Planstrategique_1000x1000_02-230x230.jpg 230w, https:\/\/vdb.csdcab.ca\/wp-content\/uploads\/sites\/4\/2021\/08\/Planstrategique_1000x1000_02-400x400.jpg 400w, https:\/\/vdb.csdcab.ca\/wp-content\/uploads\/sites\/4\/2021\/08\/Planstrategique_1000x1000_02-600x600.jpg 600w, https:\/\/vdb.csdcab.ca\/wp-content\/uploads\/sites\/4\/2021\/08\/Planstrategique_1000x1000_02-640x640.jpg 640w\" sizes=\"(max-width: 1000px) 100vw, 1000px\" \/>\t\t\t\t\t\t\t\t\t\t\t\t\t\t\t<\/div>\n\t\t\t\t<\/div>\n\t\t\t\t\t<\/div>\n\t\t<\/div>\n\t\t\t\t<div class=\"elementor-column elementor-col-50 elementor-top-column elementor-element elementor-element-e6e7ae6\" data-id=\"e6e7ae6\" data-element_type=\"column\" data-e-type=\"column\">\n\t\t\t<div class=\"elementor-widget-wrap elementor-element-populated\">\n\t\t\t\t\t\t<div class=\"elementor-element elementor-element-3e282b2 elementor-widget elementor-widget-heading\" data-id=\"3e282b2\" data-element_type=\"widget\" data-e-type=\"widget\" data-widget_type=\"heading.default\">\n\t\t\t\t<div class=\"elementor-widget-container\">\n\t\t\t\t\t<h2 class=\"elementor-heading-title elementor-size-default\"><a href=\"https:\/\/csdcab.ca\/wp-content\/uploads\/2023\/01\/VDB-Code-de-vie_juin2021.pdf\" target=\"_blank\">Code de vie\n\n<i class=\"fas fa-external-link-alt\"><\/i><\/li><\/a><\/h2>\t\t\t\t<\/div>\n\t\t\t\t<\/div>\n\t\t\t\t<div class=\"elementor-element elementor-element-910cb3a elementor-tabs-view-vertical elementor-widget elementor-widget-tabs\" data-id=\"910cb3a\" data-element_type=\"widget\" data-e-type=\"widget\" data-widget_type=\"tabs.default\">\n\t\t\t\t<div class=\"elementor-widget-container\">\n\t\t\t\t\t\t\t<div class=\"elementor-tabs\">\n\t\t\t<div class=\"elementor-tabs-wrapper\" role=\"tablist\" >\n\t\t\t\t\t\t\t\t\t<div id=\"elementor-tab-title-1521\" class=\"elementor-tab-title elementor-tab-desktop-title\" aria-selected=\"true\" data-tab=\"1\" role=\"tab\" tabindex=\"0\" aria-controls=\"elementor-tab-content-1521\" aria-expanded=\"false\">Corridor<\/div>\n\t\t\t\t\t\t\t\t\t<div id=\"elementor-tab-title-1522\" class=\"elementor-tab-title elementor-tab-desktop-title\" aria-selected=\"false\" data-tab=\"2\" role=\"tab\" tabindex=\"-1\" aria-controls=\"elementor-tab-content-1522\" aria-expanded=\"false\">Salle de classe<\/div>\n\t\t\t\t\t\t\t\t\t<div id=\"elementor-tab-title-1523\" class=\"elementor-tab-title elementor-tab-desktop-title\" aria-selected=\"false\" data-tab=\"3\" role=\"tab\" tabindex=\"-1\" aria-controls=\"elementor-tab-content-1523\" aria-expanded=\"false\">Pauses nutritives<\/div>\n\t\t\t\t\t\t\t\t\t<div id=\"elementor-tab-title-1524\" class=\"elementor-tab-title elementor-tab-desktop-title\" aria-selected=\"false\" data-tab=\"4\" role=\"tab\" tabindex=\"-1\" aria-controls=\"elementor-tab-content-1524\" aria-expanded=\"false\">R\u00e9cr\u00e9ation<\/div>\n\t\t\t\t\t\t\t<\/div>\n\t\t\t<div class=\"elementor-tabs-content-wrapper\" role=\"tablist\" aria-orientation=\"vertical\">\n\t\t\t\t\t\t\t\t\t<div class=\"elementor-tab-title elementor-tab-mobile-title\" aria-selected=\"true\" data-tab=\"1\" role=\"tab\" tabindex=\"0\" aria-controls=\"elementor-tab-content-1521\" aria-expanded=\"false\">Corridor<\/div>\n\t\t\t\t\t<div id=\"elementor-tab-content-1521\" class=\"elementor-tab-content elementor-clearfix\" data-tab=\"1\" role=\"tabpanel\" aria-labelledby=\"elementor-tab-title-1521\" tabindex=\"0\" hidden=\"false\"><p><strong>Respect<\/strong><\/p><ul><li>Je parle \u00e0 voix basse.<\/li><li>Je garde mes mains, mes pieds et mes choses dans ma bulle.<\/li><li>Je marche calmement \u00e0 la droite du corridor.<\/li><\/ul><p><strong>Fiert\u00e9<\/strong><\/p><ul><li>Si je dois parler, je parle en fran\u00e7ais \u00e0 voix basse.<\/li><\/ul><p><strong>Responsabilit\u00e9<\/strong><\/p><ul><li>Je range mes choses aux bons endroits.<\/li><li>J&rsquo;utilise le temps allou\u00e9 pour me pr\u00e9parer.<\/li><li>J&rsquo;aide mon voisin au besoin.<\/li><li>Je suis ponctuel.<\/li><\/ul><p>\u00a0<\/p><\/div>\n\t\t\t\t\t\t\t\t\t<div class=\"elementor-tab-title elementor-tab-mobile-title\" aria-selected=\"false\" data-tab=\"2\" role=\"tab\" tabindex=\"-1\" aria-controls=\"elementor-tab-content-1522\" aria-expanded=\"false\">Salle de classe<\/div>\n\t\t\t\t\t<div id=\"elementor-tab-content-1522\" class=\"elementor-tab-content elementor-clearfix\" data-tab=\"2\" role=\"tabpanel\" aria-labelledby=\"elementor-tab-title-1522\" tabindex=\"0\" hidden=\"hidden\"><p><strong>Respect<\/strong><\/p><ul><li>Je respecte l&rsquo;\u00e9chelle de volume.<\/li><li>Je l\u00e8ve la main pour communiquer.<\/li><li>J&rsquo;\u00e9coute la personne qui parle.<\/li><li>Je suis les consignes des adultes.<\/li><\/ul><p><strong>Fiert\u00e9<\/strong><\/p><ul><li>Je remets des travaux de qualit\u00e9.<\/li><li>Je participe activement.<\/li><li>J&rsquo;organise mon mat\u00e9riel.<\/li><li>Je suis un bon mod\u00e8le.<\/li><li>Je garde mon espace propre.<\/li><li>Je suis l&rsquo;\u00e9tiquette de l&rsquo;hymne national.<\/li><\/ul><p><strong>Responsabilit\u00e9<\/strong><\/p><ul><li>Je me mets \u00e0 la t\u00e2che.<\/li><li>Je suis pr\u00eat et organis\u00e9.<\/li><li>Je prends soin de mon mat\u00e9riel.<\/li><li>Je termine mes travaux.<\/li><\/ul><\/div>\n\t\t\t\t\t\t\t\t\t<div class=\"elementor-tab-title elementor-tab-mobile-title\" aria-selected=\"false\" data-tab=\"3\" role=\"tab\" tabindex=\"-1\" aria-controls=\"elementor-tab-content-1523\" aria-expanded=\"false\">Pauses nutritives<\/div>\n\t\t\t\t\t<div id=\"elementor-tab-content-1523\" class=\"elementor-tab-content elementor-clearfix\" data-tab=\"3\" role=\"tabpanel\" aria-labelledby=\"elementor-tab-title-1523\" tabindex=\"0\" hidden=\"hidden\"><p><strong>Respect<\/strong><\/p><ul><li>J&rsquo;\u00e9coute et je suis les consignes des adultes.<\/li><li>J&rsquo;utilise des mots de politesse (s&rsquo;il vous pla\u00eet, merci).<\/li><li>Je respecte des go\u00fbtes des autres.<\/li><\/ul><p><strong>Fiert\u00e9<\/strong><\/p><ul><li>Je me recueille pour la pri\u00e8re (primaire).<\/li><li>Je parle poliment en fran\u00e7ais \u00e0 voix basse.<\/li><\/ul><p><strong>Responsabilit\u00e9<\/strong><\/p><ul><li>Je commence par les aliments sains.<\/li><li>Je parle \u00e0 voix basse.<\/li><li>Je nettoie mon espace.<\/li><li>Je mange et je bois uniquement ce qui m&rsquo;appartient.<\/li><\/ul><\/div>\n\t\t\t\t\t\t\t\t\t<div class=\"elementor-tab-title elementor-tab-mobile-title\" aria-selected=\"false\" data-tab=\"4\" role=\"tab\" tabindex=\"-1\" aria-controls=\"elementor-tab-content-1524\" aria-expanded=\"false\">R\u00e9cr\u00e9ation<\/div>\n\t\t\t\t\t<div id=\"elementor-tab-content-1524\" class=\"elementor-tab-content elementor-clearfix\" data-tab=\"4\" role=\"tabpanel\" aria-labelledby=\"elementor-tab-title-1524\" tabindex=\"0\" hidden=\"hidden\"><p><strong>Respect<\/strong><\/p><ul><li>Je respecte les r\u00e8gles du jeu.<\/li><li>J&rsquo;\u00e9coute et je suis les consignes des surveillants.<\/li><li>Je d\u00e9montre une attitude positive afin que tous aient du plaisir.<\/li><\/ul><p><strong>Fiert\u00e9<\/strong><\/p><ul><li>J&rsquo;utilise le mat\u00e9riel de fa\u00e7on appropri\u00e9e.<\/li><li>Je prends soin du mat\u00e9riel qui est mis \u00e0 ma disposition.<\/li><\/ul><p><strong>Responsabilit\u00e9<\/strong><\/p><ul><li>J&rsquo;utilise le mat\u00e9riel que j&rsquo;ai sorti.<\/li><li>Je garde mes mains, mes pieds et mes choses dans ma bulle.<\/li><li>Je me dirige vers la porte lorsque la cloche sonne.<\/li><li>Je porte des v\u00eatements selon la saison.<\/li><\/ul><\/div>\n\t\t\t\t\t\t\t<\/div>\n\t\t<\/div>\n\t\t\t\t\t\t<\/div>\n\t\t\t\t<\/div>\n\t\t\t\t\t<\/div>\n\t\t<\/div>\n\t\t\t\t\t<\/div>\n\t\t<\/section>\n\t\t\t\t<section class=\"elementor-section elementor-top-section elementor-element elementor-element-a49c8f8 elementor-section-boxed elementor-section-height-default elementor-section-height-default\" data-id=\"a49c8f8\" data-element_type=\"section\" data-e-type=\"section\" data-settings=\"{&quot;jet_parallax_layout_list&quot;:[]}\">\n\t\t\t\t\t\t<div class=\"elementor-container elementor-column-gap-default\">\n\t\t\t\t\t<div class=\"elementor-column elementor-col-100 elementor-top-column elementor-element elementor-element-a97f750\" data-id=\"a97f750\" data-element_type=\"column\" data-e-type=\"column\">\n\t\t\t<div class=\"elementor-widget-wrap elementor-element-populated\">\n\t\t\t\t\t\t<div class=\"elementor-element elementor-element-e9c1895 elementor-widget elementor-widget-heading\" data-id=\"e9c1895\" data-element_type=\"widget\" data-e-type=\"widget\" data-widget_type=\"heading.default\">\n\t\t\t\t<div class=\"elementor-widget-container\">\n\t\t\t\t\t<h2 class=\"elementor-heading-title elementor-size-default\">Notre plan de pr\u00e9vention et d'intervention de l'intimidation\u200b<\/h2>\t\t\t\t<\/div>\n\t\t\t\t<\/div>\n\t\t\t\t<div class=\"elementor-element elementor-element-440bb86 elementor-widget elementor-widget-text-editor\" data-id=\"440bb86\" data-element_type=\"widget\" data-e-type=\"widget\" data-widget_type=\"text-editor.default\">\n\t\t\t\t<div class=\"elementor-widget-container\">\n\t\t\t\t\t\t\t\t\t<p>Le\u00a0<a href=\"https:\/\/vdb.csdcab.ca\/wp-content\/uploads\/sites\/4\/2025\/12\/VDB_Plan-de-prevention-et-intervention-en-matiere-dintimidation-2025_2027.pdf\" target=\"_blank\" rel=\"noopener\">plan de pr\u00e9vention et d&rsquo;intervention en mati\u00e8re d&rsquo;intimidation<\/a>\u00a0vise \u00e0 assurer le climat scolaire positif de notre \u00e9cole. Il est r\u00e9vis\u00e9 annuellement.<\/p>\t\t\t\t\t\t\t\t<\/div>\n\t\t\t\t<\/div>\n\t\t\t\t\t<\/div>\n\t\t<\/div>\n\t\t\t\t\t<\/div>\n\t\t<\/section>\n\t\t\t\t<\/div>\n\t\t","protected":false},"excerpt":{"rendered":"<p>Notre \u00e9cole \u00c0 l&rsquo;\u00c9cole catholique Val-des-Bois, il r\u00e8gne un esprit de famille. Sous l&rsquo;\u0153il protecteur de Dieu, nos \u00e9l\u00e8ves profitent d&rsquo;une \u00e9ducation de langue fran\u00e7aise et catholique de haute qualit\u00e9 visant la r\u00e9ussite scolaire et personnelle. Dans un environnement s\u00e9curitaire, valorisant et inclusif, et gr\u00e2ce \u00e0 la collaboration et au d\u00e9vouement du personnel, des parents [&hellip;]<\/p>\n","protected":false},"author":1,"featured_media":0,"parent":196,"menu_order":1,"comment_status":"closed","ping_status":"closed","template":"elementor_header_footer","meta":{"_mc_calendar":[],"footnotes":""},"class_list":["post-198","page","type-page","status-publish","hentry"],"yoast_head":"<!-- This site is optimized with the Yoast SEO plugin v27.4 - https:\/\/yoast.com\/product\/yoast-seo-wordpress\/ -->\n<title>Climat scolaire - \u00c9cole catholique Val-des-Bois<\/title>\n<meta name=\"robots\" content=\"index, follow, max-snippet:-1, max-image-preview:large, max-video-preview:-1\" \/>\n<link rel=\"canonical\" href=\"https:\/\/vdb.csdcab.ca\/en\/notre-ecole\/climat-scolaire\/\" \/>\n<meta property=\"og:locale\" content=\"en_US\" \/>\n<meta property=\"og:type\" content=\"article\" \/>\n<meta property=\"og:title\" content=\"Climat scolaire - \u00c9cole catholique Val-des-Bois\" \/>\n<meta property=\"og:description\" content=\"Notre \u00e9cole \u00c0 l&rsquo;\u00c9cole catholique Val-des-Bois, il r\u00e8gne un esprit de famille. Sous l&rsquo;\u0153il protecteur de Dieu, nos \u00e9l\u00e8ves profitent d&rsquo;une \u00e9ducation de langue fran\u00e7aise et catholique de haute qualit\u00e9 visant la r\u00e9ussite scolaire et personnelle. Dans un environnement s\u00e9curitaire, valorisant et inclusif, et gr\u00e2ce \u00e0 la collaboration et au d\u00e9vouement du personnel, des parents [&hellip;]\" \/>\n<meta property=\"og:url\" content=\"https:\/\/vdb.csdcab.ca\/en\/notre-ecole\/climat-scolaire\/\" \/>\n<meta property=\"og:site_name\" content=\"\u00c9cole catholique Val-des-Bois\" \/>\n<meta property=\"article:modified_time\" content=\"2025-12-17T21:35:35+00:00\" \/>\n<meta property=\"og:image\" content=\"https:\/\/vdb.csdcab.ca\/wp-content\/uploads\/sites\/4\/2021\/08\/Planstrategique_1000x1000_02.jpg\" \/>\n\t<meta property=\"og:image:width\" content=\"1000\" \/>\n\t<meta property=\"og:image:height\" content=\"1000\" \/>\n\t<meta property=\"og:image:type\" content=\"image\/jpeg\" \/>\n<meta name=\"twitter:card\" content=\"summary_large_image\" \/>\n<meta name=\"twitter:label1\" content=\"Est. reading time\" \/>\n\t<meta name=\"twitter:data1\" content=\"3 minutes\" \/>\n<script type=\"application\/ld+json\" class=\"yoast-schema-graph\">{\"@context\":\"https:\\\/\\\/schema.org\",\"@graph\":[{\"@type\":\"WebPage\",\"@id\":\"https:\\\/\\\/vdb.csdcab.ca\\\/notre-ecole\\\/climat-scolaire\\\/\",\"url\":\"https:\\\/\\\/vdb.csdcab.ca\\\/notre-ecole\\\/climat-scolaire\\\/\",\"name\":\"Climat scolaire - \u00c9cole catholique Val-des-Bois\",\"isPartOf\":{\"@id\":\"https:\\\/\\\/vdb.csdcab.ca\\\/#website\"},\"primaryImageOfPage\":{\"@id\":\"https:\\\/\\\/vdb.csdcab.ca\\\/notre-ecole\\\/climat-scolaire\\\/#primaryimage\"},\"image\":{\"@id\":\"https:\\\/\\\/vdb.csdcab.ca\\\/notre-ecole\\\/climat-scolaire\\\/#primaryimage\"},\"thumbnailUrl\":\"https:\\\/\\\/vdb.csdcab.ca\\\/wp-content\\\/uploads\\\/sites\\\/4\\\/2021\\\/08\\\/Planstrategique_1000x1000_02.jpg\",\"datePublished\":\"2021-08-10T16:18:50+00:00\",\"dateModified\":\"2025-12-17T21:35:35+00:00\",\"breadcrumb\":{\"@id\":\"https:\\\/\\\/vdb.csdcab.ca\\\/notre-ecole\\\/climat-scolaire\\\/#breadcrumb\"},\"inLanguage\":\"en-CA\",\"potentialAction\":[{\"@type\":\"ReadAction\",\"target\":[\"https:\\\/\\\/vdb.csdcab.ca\\\/notre-ecole\\\/climat-scolaire\\\/\"]}]},{\"@type\":\"ImageObject\",\"inLanguage\":\"en-CA\",\"@id\":\"https:\\\/\\\/vdb.csdcab.ca\\\/notre-ecole\\\/climat-scolaire\\\/#primaryimage\",\"url\":\"https:\\\/\\\/vdb.csdcab.ca\\\/wp-content\\\/uploads\\\/sites\\\/4\\\/2021\\\/08\\\/Planstrategique_1000x1000_02.jpg\",\"contentUrl\":\"https:\\\/\\\/vdb.csdcab.ca\\\/wp-content\\\/uploads\\\/sites\\\/4\\\/2021\\\/08\\\/Planstrategique_1000x1000_02.jpg\"},{\"@type\":\"BreadcrumbList\",\"@id\":\"https:\\\/\\\/vdb.csdcab.ca\\\/notre-ecole\\\/climat-scolaire\\\/#breadcrumb\",\"itemListElement\":[{\"@type\":\"ListItem\",\"position\":1,\"name\":\"Accueil\",\"item\":\"https:\\\/\\\/vdb.csdcab.ca\\\/\"},{\"@type\":\"ListItem\",\"position\":2,\"name\":\"Notre \u00e9cole\",\"item\":\"https:\\\/\\\/vdb.csdcab.ca\\\/notre-ecole\\\/\"},{\"@type\":\"ListItem\",\"position\":3,\"name\":\"Climat scolaire\"}]},{\"@type\":\"WebSite\",\"@id\":\"https:\\\/\\\/vdb.csdcab.ca\\\/#website\",\"url\":\"https:\\\/\\\/vdb.csdcab.ca\\\/\",\"name\":\"\u00c9cole catholique Val-des-Bois\",\"description\":\"\u00c9cole catholique Val-des-Bois\",\"publisher\":{\"@id\":\"https:\\\/\\\/vdb.csdcab.ca\\\/#organization\"},\"potentialAction\":[{\"@type\":\"SearchAction\",\"target\":{\"@type\":\"EntryPoint\",\"urlTemplate\":\"https:\\\/\\\/vdb.csdcab.ca\\\/?s={search_term_string}\"},\"query-input\":{\"@type\":\"PropertyValueSpecification\",\"valueRequired\":true,\"valueName\":\"search_term_string\"}}],\"inLanguage\":\"en-CA\"},{\"@type\":\"Organization\",\"@id\":\"https:\\\/\\\/vdb.csdcab.ca\\\/#organization\",\"name\":\"\u00c9cole catholique Val-des-Bois\",\"url\":\"https:\\\/\\\/vdb.csdcab.ca\\\/\",\"logo\":{\"@type\":\"ImageObject\",\"inLanguage\":\"en-CA\",\"@id\":\"https:\\\/\\\/vdb.csdcab.ca\\\/#\\\/schema\\\/logo\\\/image\\\/\",\"url\":\"https:\\\/\\\/vdb.csdcab.ca\\\/wp-content\\\/uploads\\\/sites\\\/4\\\/2021\\\/08\\\/Valdesbois_Logo_horizontal.png\",\"contentUrl\":\"https:\\\/\\\/vdb.csdcab.ca\\\/wp-content\\\/uploads\\\/sites\\\/4\\\/2021\\\/08\\\/Valdesbois_Logo_horizontal.png\",\"width\":820,\"height\":314,\"caption\":\"\u00c9cole catholique Val-des-Bois\"},\"image\":{\"@id\":\"https:\\\/\\\/vdb.csdcab.ca\\\/#\\\/schema\\\/logo\\\/image\\\/\"}}]}<\/script>\n<!-- \/ Yoast SEO plugin. -->","yoast_head_json":{"title":"Climat scolaire - \u00c9cole catholique Val-des-Bois","robots":{"index":"index","follow":"follow","max-snippet":"max-snippet:-1","max-image-preview":"max-image-preview:large","max-video-preview":"max-video-preview:-1"},"canonical":"https:\/\/vdb.csdcab.ca\/en\/notre-ecole\/climat-scolaire\/","og_locale":"en_US","og_type":"article","og_title":"Climat scolaire - \u00c9cole catholique Val-des-Bois","og_description":"Notre \u00e9cole \u00c0 l&rsquo;\u00c9cole catholique Val-des-Bois, il r\u00e8gne un esprit de famille. Sous l&rsquo;\u0153il protecteur de Dieu, nos \u00e9l\u00e8ves profitent d&rsquo;une \u00e9ducation de langue fran\u00e7aise et catholique de haute qualit\u00e9 visant la r\u00e9ussite scolaire et personnelle. Dans un environnement s\u00e9curitaire, valorisant et inclusif, et gr\u00e2ce \u00e0 la collaboration et au d\u00e9vouement du personnel, des parents [&hellip;]","og_url":"https:\/\/vdb.csdcab.ca\/en\/notre-ecole\/climat-scolaire\/","og_site_name":"\u00c9cole catholique Val-des-Bois","article_modified_time":"2025-12-17T21:35:35+00:00","og_image":[{"width":1000,"height":1000,"url":"https:\/\/vdb.csdcab.ca\/wp-content\/uploads\/sites\/4\/2021\/08\/Planstrategique_1000x1000_02.jpg","type":"image\/jpeg"}],"twitter_card":"summary_large_image","twitter_misc":{"Est. reading time":"3 minutes"},"schema":{"@context":"https:\/\/schema.org","@graph":[{"@type":"WebPage","@id":"https:\/\/vdb.csdcab.ca\/notre-ecole\/climat-scolaire\/","url":"https:\/\/vdb.csdcab.ca\/notre-ecole\/climat-scolaire\/","name":"Climat scolaire - \u00c9cole catholique Val-des-Bois","isPartOf":{"@id":"https:\/\/vdb.csdcab.ca\/#website"},"primaryImageOfPage":{"@id":"https:\/\/vdb.csdcab.ca\/notre-ecole\/climat-scolaire\/#primaryimage"},"image":{"@id":"https:\/\/vdb.csdcab.ca\/notre-ecole\/climat-scolaire\/#primaryimage"},"thumbnailUrl":"https:\/\/vdb.csdcab.ca\/wp-content\/uploads\/sites\/4\/2021\/08\/Planstrategique_1000x1000_02.jpg","datePublished":"2021-08-10T16:18:50+00:00","dateModified":"2025-12-17T21:35:35+00:00","breadcrumb":{"@id":"https:\/\/vdb.csdcab.ca\/notre-ecole\/climat-scolaire\/#breadcrumb"},"inLanguage":"en-CA","potentialAction":[{"@type":"ReadAction","target":["https:\/\/vdb.csdcab.ca\/notre-ecole\/climat-scolaire\/"]}]},{"@type":"ImageObject","inLanguage":"en-CA","@id":"https:\/\/vdb.csdcab.ca\/notre-ecole\/climat-scolaire\/#primaryimage","url":"https:\/\/vdb.csdcab.ca\/wp-content\/uploads\/sites\/4\/2021\/08\/Planstrategique_1000x1000_02.jpg","contentUrl":"https:\/\/vdb.csdcab.ca\/wp-content\/uploads\/sites\/4\/2021\/08\/Planstrategique_1000x1000_02.jpg"},{"@type":"BreadcrumbList","@id":"https:\/\/vdb.csdcab.ca\/notre-ecole\/climat-scolaire\/#breadcrumb","itemListElement":[{"@type":"ListItem","position":1,"name":"Accueil","item":"https:\/\/vdb.csdcab.ca\/"},{"@type":"ListItem","position":2,"name":"Notre \u00e9cole","item":"https:\/\/vdb.csdcab.ca\/notre-ecole\/"},{"@type":"ListItem","position":3,"name":"Climat scolaire"}]},{"@type":"WebSite","@id":"https:\/\/vdb.csdcab.ca\/#website","url":"https:\/\/vdb.csdcab.ca\/","name":"\u00c9cole catholique Val-des-Bois","description":"\u00c9cole catholique Val-des-Bois","publisher":{"@id":"https:\/\/vdb.csdcab.ca\/#organization"},"potentialAction":[{"@type":"SearchAction","target":{"@type":"EntryPoint","urlTemplate":"https:\/\/vdb.csdcab.ca\/?s={search_term_string}"},"query-input":{"@type":"PropertyValueSpecification","valueRequired":true,"valueName":"search_term_string"}}],"inLanguage":"en-CA"},{"@type":"Organization","@id":"https:\/\/vdb.csdcab.ca\/#organization","name":"\u00c9cole catholique Val-des-Bois","url":"https:\/\/vdb.csdcab.ca\/","logo":{"@type":"ImageObject","inLanguage":"en-CA","@id":"https:\/\/vdb.csdcab.ca\/#\/schema\/logo\/image\/","url":"https:\/\/vdb.csdcab.ca\/wp-content\/uploads\/sites\/4\/2021\/08\/Valdesbois_Logo_horizontal.png","contentUrl":"https:\/\/vdb.csdcab.ca\/wp-content\/uploads\/sites\/4\/2021\/08\/Valdesbois_Logo_horizontal.png","width":820,"height":314,"caption":"\u00c9cole catholique Val-des-Bois"},"image":{"@id":"https:\/\/vdb.csdcab.ca\/#\/schema\/logo\/image\/"}}]}},"_links":{"self":[{"href":"https:\/\/vdb.csdcab.ca\/en\/wp-json\/wp\/v2\/pages\/198","targetHints":{"allow":["GET"]}}],"collection":[{"href":"https:\/\/vdb.csdcab.ca\/en\/wp-json\/wp\/v2\/pages"}],"about":[{"href":"https:\/\/vdb.csdcab.ca\/en\/wp-json\/wp\/v2\/types\/page"}],"author":[{"embeddable":true,"href":"https:\/\/vdb.csdcab.ca\/en\/wp-json\/wp\/v2\/users\/1"}],"replies":[{"embeddable":true,"href":"https:\/\/vdb.csdcab.ca\/en\/wp-json\/wp\/v2\/comments?post=198"}],"version-history":[{"count":0,"href":"https:\/\/vdb.csdcab.ca\/en\/wp-json\/wp\/v2\/pages\/198\/revisions"}],"up":[{"embeddable":true,"href":"https:\/\/vdb.csdcab.ca\/en\/wp-json\/wp\/v2\/pages\/196"}],"wp:attachment":[{"href":"https:\/\/vdb.csdcab.ca\/en\/wp-json\/wp\/v2\/media?parent=198"}],"curies":[{"name":"wp","href":"https:\/\/api.w.org\/{rel}","templated":true}]}}