{"id":256,"date":"2021-08-10T17:39:20","date_gmt":"2021-08-10T17:39:20","guid":{"rendered":"https:\/\/csdcab.tondesign.ca\/val-des-bois\/?page_id=256"},"modified":"2025-05-14T12:22:06","modified_gmt":"2025-05-14T16:22:06","slug":"installations-scolaires","status":"publish","type":"page","link":"https:\/\/vdb.csdcab.ca\/en\/notre-ecole\/installations-scolaires\/","title":{"rendered":"Use of school facilities"},"content":{"rendered":"\t\t<div data-elementor-type=\"wp-page\" data-elementor-id=\"256\" class=\"elementor elementor-256\" data-elementor-post-type=\"page\">\n\t\t\t\t\t\t<section class=\"elementor-section elementor-top-section elementor-element elementor-element-9534bdc elementor-section-boxed elementor-section-height-default elementor-section-height-default\" data-id=\"9534bdc\" data-element_type=\"section\" data-e-type=\"section\" data-settings=\"{&quot;jet_parallax_layout_list&quot;:[{&quot;jet_parallax_layout_image&quot;:{&quot;url&quot;:&quot;&quot;,&quot;id&quot;:&quot;&quot;,&quot;size&quot;:&quot;&quot;},&quot;_id&quot;:&quot;0f122b3&quot;,&quot;jet_parallax_layout_image_tablet&quot;:{&quot;url&quot;:&quot;&quot;,&quot;id&quot;:&quot;&quot;,&quot;size&quot;:&quot;&quot;},&quot;jet_parallax_layout_image_mobile&quot;:{&quot;url&quot;:&quot;&quot;,&quot;id&quot;:&quot;&quot;,&quot;size&quot;:&quot;&quot;},&quot;jet_parallax_layout_speed&quot;:{&quot;unit&quot;:&quot;%&quot;,&quot;size&quot;:50,&quot;sizes&quot;:[]},&quot;jet_parallax_layout_type&quot;:&quot;scroll&quot;,&quot;jet_parallax_layout_direction&quot;:&quot;1&quot;,&quot;jet_parallax_layout_fx_direction&quot;:null,&quot;jet_parallax_layout_z_index&quot;:&quot;&quot;,&quot;jet_parallax_layout_bg_x&quot;:50,&quot;jet_parallax_layout_bg_x_tablet&quot;:&quot;&quot;,&quot;jet_parallax_layout_bg_x_mobile&quot;:&quot;&quot;,&quot;jet_parallax_layout_bg_y&quot;:50,&quot;jet_parallax_layout_bg_y_tablet&quot;:&quot;&quot;,&quot;jet_parallax_layout_bg_y_mobile&quot;:&quot;&quot;,&quot;jet_parallax_layout_bg_size&quot;:&quot;auto&quot;,&quot;jet_parallax_layout_bg_size_tablet&quot;:&quot;&quot;,&quot;jet_parallax_layout_bg_size_mobile&quot;:&quot;&quot;,&quot;jet_parallax_layout_animation_prop&quot;:&quot;transform&quot;,&quot;jet_parallax_layout_on&quot;:[&quot;desktop&quot;,&quot;tablet&quot;]}]}\">\n\t\t\t\t\t\t<div class=\"elementor-container elementor-column-gap-no\">\n\t\t\t\t\t<div class=\"elementor-column elementor-col-50 elementor-top-column elementor-element elementor-element-d2216e7\" data-id=\"d2216e7\" data-element_type=\"column\" data-e-type=\"column\">\n\t\t\t<div class=\"elementor-widget-wrap elementor-element-populated\">\n\t\t\t\t\t\t<div class=\"elementor-element elementor-element-262870c elementor-widget elementor-widget-text-editor\" data-id=\"262870c\" data-element_type=\"widget\" data-e-type=\"widget\" data-widget_type=\"text-editor.default\">\n\t\t\t\t<div class=\"elementor-widget-container\">\n\t\t\t\t\t\t\t\t\t<p>L&rsquo;utilisation communautaire des installations scolaires est une initiative qui favorise l&rsquo;acc\u00e8s aux lieux scolaires, en dehors des heures de cours, \u00e0 des groupes communautaires sans but lucratif.<\/p><p>Pour r\u00e9server une salle de classe ou la biblioth\u00e8que, de notre \u00e9cole, veuillez faire une demande de r\u00e9servation via eBase. Si vous souhaitez r\u00e9server le gymnase, merci de contacter la direction d&rsquo;\u00e9cole : vdb@csdcab.on.ca.<\/p>\t\t\t\t\t\t\t\t<\/div>\n\t\t\t\t<\/div>\n\t\t\t\t<div class=\"elementor-element elementor-element-8bdd631 boutonGradientDarkExternal elementor-widget__width-auto elementor-widget-mobile__width-inherit elementor-align-center elementor-widget elementor-widget-button\" data-id=\"8bdd631\" data-element_type=\"widget\" data-e-type=\"widget\" data-widget_type=\"button.default\">\n\t\t\t\t<div class=\"elementor-widget-container\">\n\t\t\t\t\t\t\t\t\t<div class=\"elementor-button-wrapper\">\n\t\t\t\t\t<a class=\"elementor-button elementor-button-link elementor-size-sm\" href=\"https:\/\/csdcab.ebasefm.com\/rentals\/welcome\" target=\"_blank\">\n\t\t\t\t\t\t<span class=\"elementor-button-content-wrapper\">\n\t\t\t\t\t\t<span class=\"elementor-button-icon\">\n\t\t\t\t<svg xmlns=\"http:\/\/www.w3.org\/2000\/svg\" viewBox=\"0 0 99.99 99.84\"><polygon points=\"99.99 99.84 0 99.84 0 0 33.58 0 33.58 8.53 8.53 8.53 8.53 91.31 91.46 91.31 91.46 66.26 99.99 66.26 99.99 99.84\" fill=\"#fff\"><\/polygon><polygon points=\"99.99 0 99.99 51.92 91.47 51.92 91.47 14.46 29.61 76.33 23.57 70.29 85.34 8.52 50 8.52 50 0 99.99 0\" fill=\"#fff\"><\/polygon><\/svg>\t\t\t<\/span>\n\t\t\t\t\t\t\t\t\t<span class=\"elementor-button-text\">eBase <span class=\"sr-only\">Lien externe<\/span><\/span>\n\t\t\t\t\t<\/span>\n\t\t\t\t\t<\/a>\n\t\t\t\t<\/div>\n\t\t\t\t\t\t\t\t<\/div>\n\t\t\t\t<\/div>\n\t\t\t\t\t<\/div>\n\t\t<\/div>\n\t\t\t\t<div class=\"elementor-column elementor-col-50 elementor-top-column elementor-element elementor-element-5a199a2\" data-id=\"5a199a2\" data-element_type=\"column\" data-e-type=\"column\" data-settings=\"{&quot;background_background&quot;:&quot;classic&quot;}\">\n\t\t\t<div class=\"elementor-widget-wrap elementor-element-populated\">\n\t\t\t\t\t\t<div class=\"elementor-element elementor-element-1cde11d elementor-widget elementor-widget-spacer\" data-id=\"1cde11d\" data-element_type=\"widget\" data-e-type=\"widget\" data-widget_type=\"spacer.default\">\n\t\t\t\t<div class=\"elementor-widget-container\">\n\t\t\t\t\t\t\t<div class=\"elementor-spacer\">\n\t\t\t<div class=\"elementor-spacer-inner\"><\/div>\n\t\t<\/div>\n\t\t\t\t\t\t<\/div>\n\t\t\t\t<\/div>\n\t\t\t\t\t<\/div>\n\t\t<\/div>\n\t\t\t\t\t<\/div>\n\t\t<\/section>\n\t\t\t\t<section class=\"elementor-section elementor-top-section elementor-element elementor-element-829d9ba elementor-section-boxed elementor-section-height-default elementor-section-height-default\" data-id=\"829d9ba\" data-element_type=\"section\" data-e-type=\"section\" data-settings=\"{&quot;jet_parallax_layout_list&quot;:[{&quot;jet_parallax_layout_image&quot;:{&quot;url&quot;:&quot;&quot;,&quot;id&quot;:&quot;&quot;,&quot;size&quot;:&quot;&quot;},&quot;_id&quot;:&quot;9a37e97&quot;,&quot;jet_parallax_layout_image_tablet&quot;:{&quot;url&quot;:&quot;&quot;,&quot;id&quot;:&quot;&quot;,&quot;size&quot;:&quot;&quot;},&quot;jet_parallax_layout_image_mobile&quot;:{&quot;url&quot;:&quot;&quot;,&quot;id&quot;:&quot;&quot;,&quot;size&quot;:&quot;&quot;},&quot;jet_parallax_layout_speed&quot;:{&quot;unit&quot;:&quot;%&quot;,&quot;size&quot;:50,&quot;sizes&quot;:[]},&quot;jet_parallax_layout_type&quot;:&quot;scroll&quot;,&quot;jet_parallax_layout_direction&quot;:&quot;1&quot;,&quot;jet_parallax_layout_fx_direction&quot;:null,&quot;jet_parallax_layout_z_index&quot;:&quot;&quot;,&quot;jet_parallax_layout_bg_x&quot;:50,&quot;jet_parallax_layout_bg_x_tablet&quot;:&quot;&quot;,&quot;jet_parallax_layout_bg_x_mobile&quot;:&quot;&quot;,&quot;jet_parallax_layout_bg_y&quot;:50,&quot;jet_parallax_layout_bg_y_tablet&quot;:&quot;&quot;,&quot;jet_parallax_layout_bg_y_mobile&quot;:&quot;&quot;,&quot;jet_parallax_layout_bg_size&quot;:&quot;auto&quot;,&quot;jet_parallax_layout_bg_size_tablet&quot;:&quot;&quot;,&quot;jet_parallax_layout_bg_size_mobile&quot;:&quot;&quot;,&quot;jet_parallax_layout_animation_prop&quot;:&quot;transform&quot;,&quot;jet_parallax_layout_on&quot;:[&quot;desktop&quot;,&quot;tablet&quot;]}],&quot;background_background&quot;:&quot;classic&quot;}\">\n\t\t\t\t\t\t<div class=\"elementor-container elementor-column-gap-default\">\n\t\t\t\t\t<div class=\"elementor-column elementor-col-100 elementor-top-column elementor-element elementor-element-92cdef5\" data-id=\"92cdef5\" data-element_type=\"column\" data-e-type=\"column\">\n\t\t\t<div class=\"elementor-widget-wrap elementor-element-populated\">\n\t\t\t\t\t\t<div class=\"elementor-element elementor-element-fdde32e elementor-align-center boutonGradientLight elementor-widget elementor-widget-button\" data-id=\"fdde32e\" data-element_type=\"widget\" data-e-type=\"widget\" data-widget_type=\"button.default\">\n\t\t\t\t<div class=\"elementor-widget-container\">\n\t\t\t\t\t\t\t\t\t<div class=\"elementor-button-wrapper\">\n\t\t\t\t\t<a class=\"elementor-button elementor-button-link elementor-size-sm\" href=\"http:\/\/wp-content\/uploads\/2021\/11\/f001-d1_utilisation_des_proprietes_scolaires_211111.pdf\" target=\"_blank\">\n\t\t\t\t\t\t<span class=\"elementor-button-content-wrapper\">\n\t\t\t\t\t\t<span class=\"elementor-button-icon\">\n\t\t\t\t<svg xmlns=\"http:\/\/www.w3.org\/2000\/svg\" viewBox=\"0 0 99.99 99.84\"><polygon points=\"99.99 99.84 0 99.84 0 0 33.58 0 33.58 8.53 8.53 8.53 8.53 91.31 91.46 91.31 91.46 66.26 99.99 66.26 99.99 99.84\" fill=\"#fff\"><\/polygon><polygon points=\"99.99 0 99.99 51.92 91.47 51.92 91.47 14.46 29.61 76.33 23.57 70.29 85.34 8.52 50 8.52 50 0 99.99 0\" fill=\"#fff\"><\/polygon><\/svg>\t\t\t<\/span>\n\t\t\t\t\t\t\t\t\t<span class=\"elementor-button-text\">Directive administrative <span class=\"sr-only\">Lien externe<\/span><\/span>\n\t\t\t\t\t<\/span>\n\t\t\t\t\t<\/a>\n\t\t\t\t<\/div>\n\t\t\t\t\t\t\t\t<\/div>\n\t\t\t\t<\/div>\n\t\t\t\t\t<\/div>\n\t\t<\/div>\n\t\t\t\t\t<\/div>\n\t\t<\/section>\n\t\t\t\t<\/div>\n\t\t","protected":false},"excerpt":{"rendered":"<p>L&rsquo;utilisation communautaire des installations scolaires est une initiative qui favorise l&rsquo;acc\u00e8s aux lieux scolaires, en dehors des heures de cours, \u00e0 des groupes communautaires sans but lucratif. Pour r\u00e9server une salle de classe ou la biblioth\u00e8que, de notre \u00e9cole, veuillez faire une demande de r\u00e9servation via eBase. Si vous souhaitez r\u00e9server le gymnase, merci de [&hellip;]<\/p>\n","protected":false},"author":1,"featured_media":0,"parent":196,"menu_order":1,"comment_status":"closed","ping_status":"closed","template":"elementor_header_footer","meta":{"_mc_calendar":[],"footnotes":""},"class_list":["post-256","page","type-page","status-publish","hentry"],"yoast_head":"<!-- This site is optimized with the Yoast SEO plugin v27.4 - https:\/\/yoast.com\/product\/yoast-seo-wordpress\/ -->\n<title>Utilisation des installations scolaires - \u00c9cole catholique Val-des-Bois<\/title>\n<meta name=\"robots\" content=\"index, follow, max-snippet:-1, max-image-preview:large, max-video-preview:-1\" \/>\n<link rel=\"canonical\" href=\"https:\/\/vdb.csdcab.ca\/en\/notre-ecole\/installations-scolaires\/\" \/>\n<meta property=\"og:locale\" content=\"en_US\" \/>\n<meta property=\"og:type\" content=\"article\" \/>\n<meta property=\"og:title\" content=\"Utilisation des installations scolaires - \u00c9cole catholique Val-des-Bois\" \/>\n<meta property=\"og:description\" content=\"L&rsquo;utilisation communautaire des installations scolaires est une initiative qui favorise l&rsquo;acc\u00e8s aux lieux scolaires, en dehors des heures de cours, \u00e0 des groupes communautaires sans but lucratif. Pour r\u00e9server une salle de classe ou la biblioth\u00e8que, de notre \u00e9cole, veuillez faire une demande de r\u00e9servation via eBase. Si vous souhaitez r\u00e9server le gymnase, merci de [&hellip;]\" \/>\n<meta property=\"og:url\" content=\"https:\/\/vdb.csdcab.ca\/en\/notre-ecole\/installations-scolaires\/\" \/>\n<meta property=\"og:site_name\" content=\"\u00c9cole catholique Val-des-Bois\" \/>\n<meta property=\"article:modified_time\" content=\"2025-05-14T16:22:06+00:00\" \/>\n<meta name=\"twitter:card\" content=\"summary_large_image\" \/>\n<script type=\"application\/ld+json\" class=\"yoast-schema-graph\">{\"@context\":\"https:\\\/\\\/schema.org\",\"@graph\":[{\"@type\":\"WebPage\",\"@id\":\"https:\\\/\\\/vdb.csdcab.ca\\\/notre-ecole\\\/installations-scolaires\\\/\",\"url\":\"https:\\\/\\\/vdb.csdcab.ca\\\/notre-ecole\\\/installations-scolaires\\\/\",\"name\":\"Utilisation des installations scolaires - \u00c9cole catholique Val-des-Bois\",\"isPartOf\":{\"@id\":\"https:\\\/\\\/vdb.csdcab.ca\\\/#website\"},\"datePublished\":\"2021-08-10T17:39:20+00:00\",\"dateModified\":\"2025-05-14T16:22:06+00:00\",\"breadcrumb\":{\"@id\":\"https:\\\/\\\/vdb.csdcab.ca\\\/notre-ecole\\\/installations-scolaires\\\/#breadcrumb\"},\"inLanguage\":\"en-CA\",\"potentialAction\":[{\"@type\":\"ReadAction\",\"target\":[\"https:\\\/\\\/vdb.csdcab.ca\\\/notre-ecole\\\/installations-scolaires\\\/\"]}]},{\"@type\":\"BreadcrumbList\",\"@id\":\"https:\\\/\\\/vdb.csdcab.ca\\\/notre-ecole\\\/installations-scolaires\\\/#breadcrumb\",\"itemListElement\":[{\"@type\":\"ListItem\",\"position\":1,\"name\":\"Accueil\",\"item\":\"https:\\\/\\\/vdb.csdcab.ca\\\/\"},{\"@type\":\"ListItem\",\"position\":2,\"name\":\"Notre \u00e9cole\",\"item\":\"https:\\\/\\\/vdb.csdcab.ca\\\/notre-ecole\\\/\"},{\"@type\":\"ListItem\",\"position\":3,\"name\":\"Utilisation des installations scolaires\"}]},{\"@type\":\"WebSite\",\"@id\":\"https:\\\/\\\/vdb.csdcab.ca\\\/#website\",\"url\":\"https:\\\/\\\/vdb.csdcab.ca\\\/\",\"name\":\"\u00c9cole catholique Val-des-Bois\",\"description\":\"\u00c9cole catholique Val-des-Bois\",\"publisher\":{\"@id\":\"https:\\\/\\\/vdb.csdcab.ca\\\/#organization\"},\"potentialAction\":[{\"@type\":\"SearchAction\",\"target\":{\"@type\":\"EntryPoint\",\"urlTemplate\":\"https:\\\/\\\/vdb.csdcab.ca\\\/?s={search_term_string}\"},\"query-input\":{\"@type\":\"PropertyValueSpecification\",\"valueRequired\":true,\"valueName\":\"search_term_string\"}}],\"inLanguage\":\"en-CA\"},{\"@type\":\"Organization\",\"@id\":\"https:\\\/\\\/vdb.csdcab.ca\\\/#organization\",\"name\":\"\u00c9cole catholique Val-des-Bois\",\"url\":\"https:\\\/\\\/vdb.csdcab.ca\\\/\",\"logo\":{\"@type\":\"ImageObject\",\"inLanguage\":\"en-CA\",\"@id\":\"https:\\\/\\\/vdb.csdcab.ca\\\/#\\\/schema\\\/logo\\\/image\\\/\",\"url\":\"https:\\\/\\\/vdb.csdcab.ca\\\/wp-content\\\/uploads\\\/sites\\\/4\\\/2021\\\/08\\\/Valdesbois_Logo_horizontal.png\",\"contentUrl\":\"https:\\\/\\\/vdb.csdcab.ca\\\/wp-content\\\/uploads\\\/sites\\\/4\\\/2021\\\/08\\\/Valdesbois_Logo_horizontal.png\",\"width\":820,\"height\":314,\"caption\":\"\u00c9cole catholique Val-des-Bois\"},\"image\":{\"@id\":\"https:\\\/\\\/vdb.csdcab.ca\\\/#\\\/schema\\\/logo\\\/image\\\/\"}}]}<\/script>\n<!-- \/ Yoast SEO plugin. -->","yoast_head_json":{"title":"Utilisation des installations scolaires - \u00c9cole catholique Val-des-Bois","robots":{"index":"index","follow":"follow","max-snippet":"max-snippet:-1","max-image-preview":"max-image-preview:large","max-video-preview":"max-video-preview:-1"},"canonical":"https:\/\/vdb.csdcab.ca\/en\/notre-ecole\/installations-scolaires\/","og_locale":"en_US","og_type":"article","og_title":"Utilisation des installations scolaires - \u00c9cole catholique Val-des-Bois","og_description":"L&rsquo;utilisation communautaire des installations scolaires est une initiative qui favorise l&rsquo;acc\u00e8s aux lieux scolaires, en dehors des heures de cours, \u00e0 des groupes communautaires sans but lucratif. Pour r\u00e9server une salle de classe ou la biblioth\u00e8que, de notre \u00e9cole, veuillez faire une demande de r\u00e9servation via eBase. Si vous souhaitez r\u00e9server le gymnase, merci de [&hellip;]","og_url":"https:\/\/vdb.csdcab.ca\/en\/notre-ecole\/installations-scolaires\/","og_site_name":"\u00c9cole catholique Val-des-Bois","article_modified_time":"2025-05-14T16:22:06+00:00","twitter_card":"summary_large_image","schema":{"@context":"https:\/\/schema.org","@graph":[{"@type":"WebPage","@id":"https:\/\/vdb.csdcab.ca\/notre-ecole\/installations-scolaires\/","url":"https:\/\/vdb.csdcab.ca\/notre-ecole\/installations-scolaires\/","name":"Utilisation des installations scolaires - \u00c9cole catholique Val-des-Bois","isPartOf":{"@id":"https:\/\/vdb.csdcab.ca\/#website"},"datePublished":"2021-08-10T17:39:20+00:00","dateModified":"2025-05-14T16:22:06+00:00","breadcrumb":{"@id":"https:\/\/vdb.csdcab.ca\/notre-ecole\/installations-scolaires\/#breadcrumb"},"inLanguage":"en-CA","potentialAction":[{"@type":"ReadAction","target":["https:\/\/vdb.csdcab.ca\/notre-ecole\/installations-scolaires\/"]}]},{"@type":"BreadcrumbList","@id":"https:\/\/vdb.csdcab.ca\/notre-ecole\/installations-scolaires\/#breadcrumb","itemListElement":[{"@type":"ListItem","position":1,"name":"Accueil","item":"https:\/\/vdb.csdcab.ca\/"},{"@type":"ListItem","position":2,"name":"Notre \u00e9cole","item":"https:\/\/vdb.csdcab.ca\/notre-ecole\/"},{"@type":"ListItem","position":3,"name":"Utilisation des installations scolaires"}]},{"@type":"WebSite","@id":"https:\/\/vdb.csdcab.ca\/#website","url":"https:\/\/vdb.csdcab.ca\/","name":"\u00c9cole catholique Val-des-Bois","description":"\u00c9cole catholique Val-des-Bois","publisher":{"@id":"https:\/\/vdb.csdcab.ca\/#organization"},"potentialAction":[{"@type":"SearchAction","target":{"@type":"EntryPoint","urlTemplate":"https:\/\/vdb.csdcab.ca\/?s={search_term_string}"},"query-input":{"@type":"PropertyValueSpecification","valueRequired":true,"valueName":"search_term_string"}}],"inLanguage":"en-CA"},{"@type":"Organization","@id":"https:\/\/vdb.csdcab.ca\/#organization","name":"\u00c9cole catholique Val-des-Bois","url":"https:\/\/vdb.csdcab.ca\/","logo":{"@type":"ImageObject","inLanguage":"en-CA","@id":"https:\/\/vdb.csdcab.ca\/#\/schema\/logo\/image\/","url":"https:\/\/vdb.csdcab.ca\/wp-content\/uploads\/sites\/4\/2021\/08\/Valdesbois_Logo_horizontal.png","contentUrl":"https:\/\/vdb.csdcab.ca\/wp-content\/uploads\/sites\/4\/2021\/08\/Valdesbois_Logo_horizontal.png","width":820,"height":314,"caption":"\u00c9cole catholique Val-des-Bois"},"image":{"@id":"https:\/\/vdb.csdcab.ca\/#\/schema\/logo\/image\/"}}]}},"_links":{"self":[{"href":"https:\/\/vdb.csdcab.ca\/en\/wp-json\/wp\/v2\/pages\/256","targetHints":{"allow":["GET"]}}],"collection":[{"href":"https:\/\/vdb.csdcab.ca\/en\/wp-json\/wp\/v2\/pages"}],"about":[{"href":"https:\/\/vdb.csdcab.ca\/en\/wp-json\/wp\/v2\/types\/page"}],"author":[{"embeddable":true,"href":"https:\/\/vdb.csdcab.ca\/en\/wp-json\/wp\/v2\/users\/1"}],"replies":[{"embeddable":true,"href":"https:\/\/vdb.csdcab.ca\/en\/wp-json\/wp\/v2\/comments?post=256"}],"version-history":[{"count":0,"href":"https:\/\/vdb.csdcab.ca\/en\/wp-json\/wp\/v2\/pages\/256\/revisions"}],"up":[{"embeddable":true,"href":"https:\/\/vdb.csdcab.ca\/en\/wp-json\/wp\/v2\/pages\/196"}],"wp:attachment":[{"href":"https:\/\/vdb.csdcab.ca\/en\/wp-json\/wp\/v2\/media?parent=256"}],"curies":[{"name":"wp","href":"https:\/\/api.w.org\/{rel}","templated":true}]}}