{"id":270,"date":"2021-08-10T17:55:27","date_gmt":"2021-08-10T17:55:27","guid":{"rendered":"https:\/\/csdcab.tondesign.ca\/val-des-bois\/?page_id=270"},"modified":"2026-04-15T14:01:09","modified_gmt":"2026-04-15T18:01:09","slug":"partenaires-communautaires","status":"publish","type":"page","link":"https:\/\/vdb.csdcab.ca\/en\/notre-ecole\/partenaires-communautaires\/","title":{"rendered":"Community Partners"},"content":{"rendered":"\t\t<div data-elementor-type=\"wp-page\" data-elementor-id=\"270\" class=\"elementor elementor-270\" data-elementor-post-type=\"page\">\n\t\t\t\t\t\t<section class=\"elementor-section elementor-top-section elementor-element elementor-element-7d3e1e7 elementor-section-boxed elementor-section-height-default elementor-section-height-default\" data-id=\"7d3e1e7\" data-element_type=\"section\" data-e-type=\"section\" data-settings=\"{&quot;jet_parallax_layout_list&quot;:[{&quot;jet_parallax_layout_image&quot;:{&quot;url&quot;:&quot;&quot;,&quot;id&quot;:&quot;&quot;,&quot;size&quot;:&quot;&quot;},&quot;_id&quot;:&quot;1ed1e81&quot;,&quot;jet_parallax_layout_image_tablet&quot;:{&quot;url&quot;:&quot;&quot;,&quot;id&quot;:&quot;&quot;,&quot;size&quot;:&quot;&quot;},&quot;jet_parallax_layout_image_mobile&quot;:{&quot;url&quot;:&quot;&quot;,&quot;id&quot;:&quot;&quot;,&quot;size&quot;:&quot;&quot;},&quot;jet_parallax_layout_speed&quot;:{&quot;unit&quot;:&quot;%&quot;,&quot;size&quot;:50,&quot;sizes&quot;:[]},&quot;jet_parallax_layout_type&quot;:&quot;scroll&quot;,&quot;jet_parallax_layout_direction&quot;:&quot;1&quot;,&quot;jet_parallax_layout_fx_direction&quot;:null,&quot;jet_parallax_layout_z_index&quot;:&quot;&quot;,&quot;jet_parallax_layout_bg_x&quot;:50,&quot;jet_parallax_layout_bg_x_tablet&quot;:&quot;&quot;,&quot;jet_parallax_layout_bg_x_mobile&quot;:&quot;&quot;,&quot;jet_parallax_layout_bg_y&quot;:50,&quot;jet_parallax_layout_bg_y_tablet&quot;:&quot;&quot;,&quot;jet_parallax_layout_bg_y_mobile&quot;:&quot;&quot;,&quot;jet_parallax_layout_bg_size&quot;:&quot;auto&quot;,&quot;jet_parallax_layout_bg_size_tablet&quot;:&quot;&quot;,&quot;jet_parallax_layout_bg_size_mobile&quot;:&quot;&quot;,&quot;jet_parallax_layout_animation_prop&quot;:&quot;transform&quot;,&quot;jet_parallax_layout_on&quot;:[&quot;desktop&quot;,&quot;tablet&quot;]}]}\">\n\t\t\t\t\t\t<div class=\"elementor-container elementor-column-gap-default\">\n\t\t\t\t\t<div class=\"elementor-column elementor-col-100 elementor-top-column elementor-element elementor-element-880c97d\" data-id=\"880c97d\" data-element_type=\"column\" data-e-type=\"column\">\n\t\t\t<div class=\"elementor-widget-wrap elementor-element-populated\">\n\t\t\t\t\t\t<div class=\"elementor-element elementor-element-5478b0a elementor-widget elementor-widget-heading\" data-id=\"5478b0a\" data-element_type=\"widget\" data-e-type=\"widget\" data-widget_type=\"heading.default\">\n\t\t\t\t<div class=\"elementor-widget-container\">\n\t\t\t\t\t<h2 class=\"elementor-heading-title elementor-size-default\">Nous sommes fiers de travailler en \u00e9troite collaboration avec les partenaires suivants :<\/h2>\t\t\t\t<\/div>\n\t\t\t\t<\/div>\n\t\t\t\t\t<\/div>\n\t\t<\/div>\n\t\t\t\t\t<\/div>\n\t\t<\/section>\n\t\t\t\t<section class=\"elementor-section elementor-top-section elementor-element elementor-element-72da3cc elementor-section-boxed elementor-section-height-default elementor-section-height-default\" data-id=\"72da3cc\" data-element_type=\"section\" data-e-type=\"section\" data-settings=\"{&quot;jet_parallax_layout_list&quot;:[]}\">\n\t\t\t\t\t\t<div class=\"elementor-container elementor-column-gap-default\">\n\t\t\t\t\t<div class=\"elementor-column elementor-col-100 elementor-top-column elementor-element elementor-element-7a04d4b\" data-id=\"7a04d4b\" data-element_type=\"column\" data-e-type=\"column\">\n\t\t\t<div class=\"elementor-widget-wrap elementor-element-populated\">\n\t\t\t\t\t\t<div class=\"elementor-element elementor-element-3de362f elementor-widget elementor-widget-text-editor\" data-id=\"3de362f\" data-element_type=\"widget\" data-e-type=\"widget\" data-widget_type=\"text-editor.default\">\n\t\t\t\t<div class=\"elementor-widget-container\">\n\t\t\t\t\t\t\t\t\t<p><a href=\"https:\/\/the-good-tooth-co-1.showit.site\/\" target=\"_blank\" rel=\"noopener\"><strong>The Good Tooth Co.<\/strong><\/a>\u00a0offre un d\u00eener chaud aux \u00e9l\u00e8ves une fois par mois, ce qui est toujours tr\u00e8s appr\u00e9ci\u00e9.<\/p><p><a style=\"background-color: white; font-size: 1em; letter-spacing: 0px;\" href=\"https:\/\/www.cfno.fm\/\" target=\"_blank\" rel=\"noopener\"><strong>CFNO<\/strong>\u00a0<\/a>nous accorde du temps d\u2019antenne, ce qui nous permet d\u2019augmenter notre visibilit\u00e9 dans la communaut\u00e9 et de partager nos belles initiatives.<\/p><p><a href=\"https:\/\/www.facebook.com\/CrossoverVideoandGames\" target=\"_blank\" rel=\"noopener\"><strong>CROSS OVER<\/strong><\/a> : contribue en offrant des cartes cadeaux aux \u00e9l\u00e8ves ainsi que des films gratuits \u00e0 visionner en salle de classe, ce qui repr\u00e9sente une belle r\u00e9compense et une ressource p\u00e9dagogique enrichissante.<\/p><p>La paroisse <a href=\"https:\/\/www.facebook.com\/holysaviour.marathon\" target=\"_blank\" rel=\"noopener\"><strong>Holy Saviour Church<\/strong><\/a> repr\u00e9sent\u00e9e par P\u00e8re <span data-teams=\"true\">Jerome Nnanna et R\u00e9v\u00e9rand Jacques Beausejour<\/span> (<a href=\"mailto:holysavioursp1943@shaw.ca\" target=\"_blank\" rel=\"noopener\">holysavioursp1943@shaw.ca<\/a>,\u00a0 807 229-1467)<\/p><p>Le <a href=\"https:\/\/www.facebook.com\/clubfrancophonelacsuperieur\" target=\"_blank\" rel=\"noopener\"><b>Club francophone du Lac Sup\u00e9rieur<\/b><\/a> qui permet aux familles et aux francophones de profiter d&rsquo;activit\u00e9s en fran\u00e7ais.<\/p>\t\t\t\t\t\t\t\t<\/div>\n\t\t\t\t<\/div>\n\t\t\t\t\t<\/div>\n\t\t<\/div>\n\t\t\t\t\t<\/div>\n\t\t<\/section>\n\t\t\t\t<section class=\"elementor-section elementor-top-section elementor-element elementor-element-93fcb3a elementor-section-boxed elementor-section-height-default elementor-section-height-default\" data-id=\"93fcb3a\" data-element_type=\"section\" data-e-type=\"section\" data-settings=\"{&quot;jet_parallax_layout_list&quot;:[]}\">\n\t\t\t\t\t\t<div class=\"elementor-container elementor-column-gap-default\">\n\t\t\t\t\t<div class=\"elementor-column elementor-col-50 elementor-top-column elementor-element elementor-element-8059456\" data-id=\"8059456\" data-element_type=\"column\" data-e-type=\"column\">\n\t\t\t<div class=\"elementor-widget-wrap elementor-element-populated\">\n\t\t\t\t\t\t<div class=\"elementor-element elementor-element-7817e2a elementor-widget elementor-widget-image\" data-id=\"7817e2a\" data-element_type=\"widget\" data-e-type=\"widget\" data-widget_type=\"image.default\">\n\t\t\t\t<div class=\"elementor-widget-container\">\n\t\t\t\t\t\t\t\t\t\t\t\t\t\t\t\t<a href=\"https:\/\/www.cfno.fm\/\" target=\"_blank\">\n\t\t\t\t\t\t\t<img decoding=\"async\" width=\"150\" height=\"150\" src=\"https:\/\/vdb.csdcab.ca\/wp-content\/uploads\/sites\/4\/2025\/12\/cfno_radio-150x150.jpg\" class=\"attachment-thumbnail size-thumbnail wp-image-2216\" alt=\"Radio CFNO\" srcset=\"https:\/\/vdb.csdcab.ca\/wp-content\/uploads\/sites\/4\/2025\/12\/cfno_radio-150x150.jpg 150w, https:\/\/vdb.csdcab.ca\/wp-content\/uploads\/sites\/4\/2025\/12\/cfno_radio-300x300.jpg 300w, https:\/\/vdb.csdcab.ca\/wp-content\/uploads\/sites\/4\/2025\/12\/cfno_radio-230x230.jpg 230w, https:\/\/vdb.csdcab.ca\/wp-content\/uploads\/sites\/4\/2025\/12\/cfno_radio-400x400.jpg 400w, https:\/\/vdb.csdcab.ca\/wp-content\/uploads\/sites\/4\/2025\/12\/cfno_radio-600x600.jpg 600w, https:\/\/vdb.csdcab.ca\/wp-content\/uploads\/sites\/4\/2025\/12\/cfno_radio-640x640.jpg 640w, https:\/\/vdb.csdcab.ca\/wp-content\/uploads\/sites\/4\/2025\/12\/cfno_radio.jpg 750w\" sizes=\"(max-width: 150px) 100vw, 150px\" \/>\t\t\t\t\t\t\t\t<\/a>\n\t\t\t\t\t\t\t\t\t\t\t\t\t\t\t<\/div>\n\t\t\t\t<\/div>\n\t\t\t\t\t<\/div>\n\t\t<\/div>\n\t\t\t\t<div class=\"elementor-column elementor-col-50 elementor-top-column elementor-element elementor-element-a66e958\" data-id=\"a66e958\" data-element_type=\"column\" data-e-type=\"column\">\n\t\t\t<div class=\"elementor-widget-wrap elementor-element-populated\">\n\t\t\t\t\t\t<div class=\"elementor-element elementor-element-bb886a5 elementor-widget elementor-widget-text-editor\" data-id=\"bb886a5\" data-element_type=\"widget\" data-e-type=\"widget\" data-widget_type=\"text-editor.default\">\n\t\t\t\t<div class=\"elementor-widget-container\">\n\t\t\t\t\t\t\t\t\t<p>Chaque mois, des \u00e9l\u00e8ves de l&rsquo;\u00e9cole se rendent \u00e0 la radio pour partager l&rsquo;actualit\u00e9. Retrouvez les \u00e9pisodes ci-apr\u00e8s :\u00a0<\/p><ul><li><a href=\"https:\/\/vdb.csdcab.ca\/wp-content\/uploads\/sites\/4\/2026\/04\/EVDB_2026_avril_13.mp3\" target=\"_blank\" rel=\"noopener\">13 avril 2026<\/a><\/li><li><a href=\"https:\/\/vdb.csdcab.ca\/wp-content\/uploads\/sites\/4\/2026\/03\/EVDB_2026_mar_3.mp3\" target=\"_blank\" rel=\"noopener\">3 mars 2026<\/a><\/li><li><a href=\"https:\/\/vdb.csdcab.ca\/wp-content\/uploads\/sites\/4\/2026\/02\/EVDB_2026_Feb_2.mp3\" target=\"_blank\" rel=\"noopener\">2 f\u00e9vrier 2026<\/a><\/li><li><a href=\"https:\/\/vdb.csdcab.ca\/wp-content\/uploads\/sites\/4\/2026\/01\/EVDB-Jan-5.mp3\" target=\"_blank\" rel=\"noopener\">5 janvier 2026<\/a><\/li><li><a href=\"https:\/\/vdb.csdcab.ca\/wp-content\/uploads\/sites\/4\/2025\/12\/EVDB-Dec-1.mp3\" target=\"_blank\" rel=\"noopener\">1er d\u00e9cembre 2025<\/a><\/li><li><a href=\"https:\/\/vdb.csdcab.ca\/wp-content\/uploads\/sites\/4\/2025\/12\/EVDB-NOV-3.mp3\" target=\"_blank\" rel=\"noopener\">3 novembre 2025<\/a><\/li><li><a href=\"https:\/\/vdb.csdcab.ca\/wp-content\/uploads\/sites\/4\/2025\/12\/EVDB-OCT-6.mp3\" target=\"_blank\" rel=\"noopener\">6 octobre 2025<\/a><\/li><li><a href=\"https:\/\/vdb.csdcab.ca\/wp-content\/uploads\/sites\/4\/2025\/12\/evdb-sept-15.mp3\" target=\"_blank\" rel=\"noopener\">15 septembre 2025<\/a><\/li><\/ul>\t\t\t\t\t\t\t\t<\/div>\n\t\t\t\t<\/div>\n\t\t\t\t\t<\/div>\n\t\t<\/div>\n\t\t\t\t\t<\/div>\n\t\t<\/section>\n\t\t\t\t<\/div>\n\t\t","protected":false},"excerpt":{"rendered":"<p>Nous sommes fiers de travailler en \u00e9troite collaboration avec les partenaires suivants : The Good Tooth Co.\u00a0offre un d\u00eener chaud aux \u00e9l\u00e8ves une fois par mois, ce qui est toujours tr\u00e8s appr\u00e9ci\u00e9. CFNO\u00a0nous accorde du temps d\u2019antenne, ce qui nous permet d\u2019augmenter notre visibilit\u00e9 dans la communaut\u00e9 et de partager nos belles initiatives. CROSS OVER [&hellip;]<\/p>\n","protected":false},"author":1,"featured_media":0,"parent":196,"menu_order":1,"comment_status":"closed","ping_status":"closed","template":"elementor_header_footer","meta":{"_mc_calendar":[],"footnotes":""},"class_list":["post-270","page","type-page","status-publish","hentry"],"yoast_head":"<!-- This site is optimized with the Yoast SEO plugin v27.4 - https:\/\/yoast.com\/product\/yoast-seo-wordpress\/ -->\n<title>Partenaires communautaires - \u00c9cole catholique Val-des-Bois<\/title>\n<meta name=\"robots\" content=\"index, follow, max-snippet:-1, max-image-preview:large, max-video-preview:-1\" \/>\n<link rel=\"canonical\" href=\"https:\/\/vdb.csdcab.ca\/en\/notre-ecole\/partenaires-communautaires\/\" \/>\n<meta property=\"og:locale\" content=\"en_US\" \/>\n<meta property=\"og:type\" content=\"article\" \/>\n<meta property=\"og:title\" content=\"Partenaires communautaires - \u00c9cole catholique Val-des-Bois\" \/>\n<meta property=\"og:description\" content=\"Nous sommes fiers de travailler en \u00e9troite collaboration avec les partenaires suivants : The Good Tooth Co.\u00a0offre un d\u00eener chaud aux \u00e9l\u00e8ves une fois par mois, ce qui est toujours tr\u00e8s appr\u00e9ci\u00e9. CFNO\u00a0nous accorde du temps d\u2019antenne, ce qui nous permet d\u2019augmenter notre visibilit\u00e9 dans la communaut\u00e9 et de partager nos belles initiatives. CROSS OVER [&hellip;]\" \/>\n<meta property=\"og:url\" content=\"https:\/\/vdb.csdcab.ca\/en\/notre-ecole\/partenaires-communautaires\/\" \/>\n<meta property=\"og:site_name\" content=\"\u00c9cole catholique Val-des-Bois\" \/>\n<meta property=\"article:modified_time\" content=\"2026-04-15T18:01:09+00:00\" \/>\n<meta property=\"og:image\" content=\"https:\/\/vdb.csdcab.ca\/wp-content\/uploads\/sites\/4\/2025\/12\/cfno_radio.jpg\" \/>\n\t<meta property=\"og:image:width\" content=\"750\" \/>\n\t<meta property=\"og:image:height\" content=\"750\" \/>\n\t<meta property=\"og:image:type\" content=\"image\/jpeg\" \/>\n<meta name=\"twitter:card\" content=\"summary_large_image\" \/>\n<meta name=\"twitter:label1\" content=\"Est. reading time\" \/>\n\t<meta name=\"twitter:data1\" content=\"2 minutes\" \/>\n<script type=\"application\/ld+json\" class=\"yoast-schema-graph\">{\"@context\":\"https:\\\/\\\/schema.org\",\"@graph\":[{\"@type\":\"WebPage\",\"@id\":\"https:\\\/\\\/vdb.csdcab.ca\\\/notre-ecole\\\/partenaires-communautaires\\\/\",\"url\":\"https:\\\/\\\/vdb.csdcab.ca\\\/notre-ecole\\\/partenaires-communautaires\\\/\",\"name\":\"Partenaires communautaires - \u00c9cole catholique Val-des-Bois\",\"isPartOf\":{\"@id\":\"https:\\\/\\\/vdb.csdcab.ca\\\/#website\"},\"primaryImageOfPage\":{\"@id\":\"https:\\\/\\\/vdb.csdcab.ca\\\/notre-ecole\\\/partenaires-communautaires\\\/#primaryimage\"},\"image\":{\"@id\":\"https:\\\/\\\/vdb.csdcab.ca\\\/notre-ecole\\\/partenaires-communautaires\\\/#primaryimage\"},\"thumbnailUrl\":\"https:\\\/\\\/vdb.csdcab.ca\\\/wp-content\\\/uploads\\\/sites\\\/4\\\/2025\\\/12\\\/cfno_radio-150x150.jpg\",\"datePublished\":\"2021-08-10T17:55:27+00:00\",\"dateModified\":\"2026-04-15T18:01:09+00:00\",\"breadcrumb\":{\"@id\":\"https:\\\/\\\/vdb.csdcab.ca\\\/notre-ecole\\\/partenaires-communautaires\\\/#breadcrumb\"},\"inLanguage\":\"en-CA\",\"potentialAction\":[{\"@type\":\"ReadAction\",\"target\":[\"https:\\\/\\\/vdb.csdcab.ca\\\/notre-ecole\\\/partenaires-communautaires\\\/\"]}]},{\"@type\":\"ImageObject\",\"inLanguage\":\"en-CA\",\"@id\":\"https:\\\/\\\/vdb.csdcab.ca\\\/notre-ecole\\\/partenaires-communautaires\\\/#primaryimage\",\"url\":\"https:\\\/\\\/vdb.csdcab.ca\\\/wp-content\\\/uploads\\\/sites\\\/4\\\/2025\\\/12\\\/cfno_radio-150x150.jpg\",\"contentUrl\":\"https:\\\/\\\/vdb.csdcab.ca\\\/wp-content\\\/uploads\\\/sites\\\/4\\\/2025\\\/12\\\/cfno_radio-150x150.jpg\"},{\"@type\":\"BreadcrumbList\",\"@id\":\"https:\\\/\\\/vdb.csdcab.ca\\\/notre-ecole\\\/partenaires-communautaires\\\/#breadcrumb\",\"itemListElement\":[{\"@type\":\"ListItem\",\"position\":1,\"name\":\"Accueil\",\"item\":\"https:\\\/\\\/vdb.csdcab.ca\\\/\"},{\"@type\":\"ListItem\",\"position\":2,\"name\":\"Notre \u00e9cole\",\"item\":\"https:\\\/\\\/vdb.csdcab.ca\\\/notre-ecole\\\/\"},{\"@type\":\"ListItem\",\"position\":3,\"name\":\"Partenaires communautaires\"}]},{\"@type\":\"WebSite\",\"@id\":\"https:\\\/\\\/vdb.csdcab.ca\\\/#website\",\"url\":\"https:\\\/\\\/vdb.csdcab.ca\\\/\",\"name\":\"\u00c9cole catholique Val-des-Bois\",\"description\":\"\u00c9cole catholique Val-des-Bois\",\"publisher\":{\"@id\":\"https:\\\/\\\/vdb.csdcab.ca\\\/#organization\"},\"potentialAction\":[{\"@type\":\"SearchAction\",\"target\":{\"@type\":\"EntryPoint\",\"urlTemplate\":\"https:\\\/\\\/vdb.csdcab.ca\\\/?s={search_term_string}\"},\"query-input\":{\"@type\":\"PropertyValueSpecification\",\"valueRequired\":true,\"valueName\":\"search_term_string\"}}],\"inLanguage\":\"en-CA\"},{\"@type\":\"Organization\",\"@id\":\"https:\\\/\\\/vdb.csdcab.ca\\\/#organization\",\"name\":\"\u00c9cole catholique Val-des-Bois\",\"url\":\"https:\\\/\\\/vdb.csdcab.ca\\\/\",\"logo\":{\"@type\":\"ImageObject\",\"inLanguage\":\"en-CA\",\"@id\":\"https:\\\/\\\/vdb.csdcab.ca\\\/#\\\/schema\\\/logo\\\/image\\\/\",\"url\":\"https:\\\/\\\/vdb.csdcab.ca\\\/wp-content\\\/uploads\\\/sites\\\/4\\\/2021\\\/08\\\/Valdesbois_Logo_horizontal.png\",\"contentUrl\":\"https:\\\/\\\/vdb.csdcab.ca\\\/wp-content\\\/uploads\\\/sites\\\/4\\\/2021\\\/08\\\/Valdesbois_Logo_horizontal.png\",\"width\":820,\"height\":314,\"caption\":\"\u00c9cole catholique Val-des-Bois\"},\"image\":{\"@id\":\"https:\\\/\\\/vdb.csdcab.ca\\\/#\\\/schema\\\/logo\\\/image\\\/\"}}]}<\/script>\n<!-- \/ Yoast SEO plugin. -->","yoast_head_json":{"title":"Partenaires communautaires - \u00c9cole catholique Val-des-Bois","robots":{"index":"index","follow":"follow","max-snippet":"max-snippet:-1","max-image-preview":"max-image-preview:large","max-video-preview":"max-video-preview:-1"},"canonical":"https:\/\/vdb.csdcab.ca\/en\/notre-ecole\/partenaires-communautaires\/","og_locale":"en_US","og_type":"article","og_title":"Partenaires communautaires - \u00c9cole catholique Val-des-Bois","og_description":"Nous sommes fiers de travailler en \u00e9troite collaboration avec les partenaires suivants : The Good Tooth Co.\u00a0offre un d\u00eener chaud aux \u00e9l\u00e8ves une fois par mois, ce qui est toujours tr\u00e8s appr\u00e9ci\u00e9. CFNO\u00a0nous accorde du temps d\u2019antenne, ce qui nous permet d\u2019augmenter notre visibilit\u00e9 dans la communaut\u00e9 et de partager nos belles initiatives. CROSS OVER [&hellip;]","og_url":"https:\/\/vdb.csdcab.ca\/en\/notre-ecole\/partenaires-communautaires\/","og_site_name":"\u00c9cole catholique Val-des-Bois","article_modified_time":"2026-04-15T18:01:09+00:00","og_image":[{"width":750,"height":750,"url":"https:\/\/vdb.csdcab.ca\/wp-content\/uploads\/sites\/4\/2025\/12\/cfno_radio.jpg","type":"image\/jpeg"}],"twitter_card":"summary_large_image","twitter_misc":{"Est. reading time":"2 minutes"},"schema":{"@context":"https:\/\/schema.org","@graph":[{"@type":"WebPage","@id":"https:\/\/vdb.csdcab.ca\/notre-ecole\/partenaires-communautaires\/","url":"https:\/\/vdb.csdcab.ca\/notre-ecole\/partenaires-communautaires\/","name":"Partenaires communautaires - \u00c9cole catholique Val-des-Bois","isPartOf":{"@id":"https:\/\/vdb.csdcab.ca\/#website"},"primaryImageOfPage":{"@id":"https:\/\/vdb.csdcab.ca\/notre-ecole\/partenaires-communautaires\/#primaryimage"},"image":{"@id":"https:\/\/vdb.csdcab.ca\/notre-ecole\/partenaires-communautaires\/#primaryimage"},"thumbnailUrl":"https:\/\/vdb.csdcab.ca\/wp-content\/uploads\/sites\/4\/2025\/12\/cfno_radio-150x150.jpg","datePublished":"2021-08-10T17:55:27+00:00","dateModified":"2026-04-15T18:01:09+00:00","breadcrumb":{"@id":"https:\/\/vdb.csdcab.ca\/notre-ecole\/partenaires-communautaires\/#breadcrumb"},"inLanguage":"en-CA","potentialAction":[{"@type":"ReadAction","target":["https:\/\/vdb.csdcab.ca\/notre-ecole\/partenaires-communautaires\/"]}]},{"@type":"ImageObject","inLanguage":"en-CA","@id":"https:\/\/vdb.csdcab.ca\/notre-ecole\/partenaires-communautaires\/#primaryimage","url":"https:\/\/vdb.csdcab.ca\/wp-content\/uploads\/sites\/4\/2025\/12\/cfno_radio-150x150.jpg","contentUrl":"https:\/\/vdb.csdcab.ca\/wp-content\/uploads\/sites\/4\/2025\/12\/cfno_radio-150x150.jpg"},{"@type":"BreadcrumbList","@id":"https:\/\/vdb.csdcab.ca\/notre-ecole\/partenaires-communautaires\/#breadcrumb","itemListElement":[{"@type":"ListItem","position":1,"name":"Accueil","item":"https:\/\/vdb.csdcab.ca\/"},{"@type":"ListItem","position":2,"name":"Notre \u00e9cole","item":"https:\/\/vdb.csdcab.ca\/notre-ecole\/"},{"@type":"ListItem","position":3,"name":"Partenaires communautaires"}]},{"@type":"WebSite","@id":"https:\/\/vdb.csdcab.ca\/#website","url":"https:\/\/vdb.csdcab.ca\/","name":"\u00c9cole catholique Val-des-Bois","description":"\u00c9cole catholique Val-des-Bois","publisher":{"@id":"https:\/\/vdb.csdcab.ca\/#organization"},"potentialAction":[{"@type":"SearchAction","target":{"@type":"EntryPoint","urlTemplate":"https:\/\/vdb.csdcab.ca\/?s={search_term_string}"},"query-input":{"@type":"PropertyValueSpecification","valueRequired":true,"valueName":"search_term_string"}}],"inLanguage":"en-CA"},{"@type":"Organization","@id":"https:\/\/vdb.csdcab.ca\/#organization","name":"\u00c9cole catholique Val-des-Bois","url":"https:\/\/vdb.csdcab.ca\/","logo":{"@type":"ImageObject","inLanguage":"en-CA","@id":"https:\/\/vdb.csdcab.ca\/#\/schema\/logo\/image\/","url":"https:\/\/vdb.csdcab.ca\/wp-content\/uploads\/sites\/4\/2021\/08\/Valdesbois_Logo_horizontal.png","contentUrl":"https:\/\/vdb.csdcab.ca\/wp-content\/uploads\/sites\/4\/2021\/08\/Valdesbois_Logo_horizontal.png","width":820,"height":314,"caption":"\u00c9cole catholique Val-des-Bois"},"image":{"@id":"https:\/\/vdb.csdcab.ca\/#\/schema\/logo\/image\/"}}]}},"_links":{"self":[{"href":"https:\/\/vdb.csdcab.ca\/en\/wp-json\/wp\/v2\/pages\/270","targetHints":{"allow":["GET"]}}],"collection":[{"href":"https:\/\/vdb.csdcab.ca\/en\/wp-json\/wp\/v2\/pages"}],"about":[{"href":"https:\/\/vdb.csdcab.ca\/en\/wp-json\/wp\/v2\/types\/page"}],"author":[{"embeddable":true,"href":"https:\/\/vdb.csdcab.ca\/en\/wp-json\/wp\/v2\/users\/1"}],"replies":[{"embeddable":true,"href":"https:\/\/vdb.csdcab.ca\/en\/wp-json\/wp\/v2\/comments?post=270"}],"version-history":[{"count":0,"href":"https:\/\/vdb.csdcab.ca\/en\/wp-json\/wp\/v2\/pages\/270\/revisions"}],"up":[{"embeddable":true,"href":"https:\/\/vdb.csdcab.ca\/en\/wp-json\/wp\/v2\/pages\/196"}],"wp:attachment":[{"href":"https:\/\/vdb.csdcab.ca\/en\/wp-json\/wp\/v2\/media?parent=270"}],"curies":[{"name":"wp","href":"https:\/\/api.w.org\/{rel}","templated":true}]}}