{"id":285,"date":"2021-08-10T18:27:48","date_gmt":"2021-08-10T18:27:48","guid":{"rendered":"https:\/\/csdcab.tondesign.ca\/val-des-bois\/?page_id=285"},"modified":"2021-10-15T16:12:37","modified_gmt":"2021-10-15T16:12:37","slug":"leducation-en-francais","status":"publish","type":"page","link":"https:\/\/vdb.csdcab.ca\/en\/inscription\/leducation-en-francais\/","title":{"rendered":"Education in French"},"content":{"rendered":"\t\t<div data-elementor-type=\"wp-page\" data-elementor-id=\"285\" class=\"elementor elementor-285\" data-elementor-post-type=\"page\">\n\t\t\t\t\t\t<section class=\"elementor-section elementor-top-section elementor-element elementor-element-ae3dc33 elementor-section-boxed elementor-section-height-default elementor-section-height-default\" data-id=\"ae3dc33\" data-element_type=\"section\" data-e-type=\"section\" data-settings=\"{&quot;jet_parallax_layout_list&quot;:[{&quot;jet_parallax_layout_image&quot;:{&quot;url&quot;:&quot;&quot;,&quot;id&quot;:&quot;&quot;,&quot;size&quot;:&quot;&quot;},&quot;_id&quot;:&quot;0f122b3&quot;,&quot;jet_parallax_layout_image_tablet&quot;:{&quot;url&quot;:&quot;&quot;,&quot;id&quot;:&quot;&quot;,&quot;size&quot;:&quot;&quot;},&quot;jet_parallax_layout_image_mobile&quot;:{&quot;url&quot;:&quot;&quot;,&quot;id&quot;:&quot;&quot;,&quot;size&quot;:&quot;&quot;},&quot;jet_parallax_layout_speed&quot;:{&quot;unit&quot;:&quot;%&quot;,&quot;size&quot;:50,&quot;sizes&quot;:[]},&quot;jet_parallax_layout_type&quot;:&quot;scroll&quot;,&quot;jet_parallax_layout_direction&quot;:&quot;1&quot;,&quot;jet_parallax_layout_fx_direction&quot;:null,&quot;jet_parallax_layout_z_index&quot;:&quot;&quot;,&quot;jet_parallax_layout_bg_x&quot;:50,&quot;jet_parallax_layout_bg_x_tablet&quot;:&quot;&quot;,&quot;jet_parallax_layout_bg_x_mobile&quot;:&quot;&quot;,&quot;jet_parallax_layout_bg_y&quot;:50,&quot;jet_parallax_layout_bg_y_tablet&quot;:&quot;&quot;,&quot;jet_parallax_layout_bg_y_mobile&quot;:&quot;&quot;,&quot;jet_parallax_layout_bg_size&quot;:&quot;auto&quot;,&quot;jet_parallax_layout_bg_size_tablet&quot;:&quot;&quot;,&quot;jet_parallax_layout_bg_size_mobile&quot;:&quot;&quot;,&quot;jet_parallax_layout_animation_prop&quot;:&quot;transform&quot;,&quot;jet_parallax_layout_on&quot;:[&quot;desktop&quot;,&quot;tablet&quot;]}]}\">\n\t\t\t\t\t\t<div class=\"elementor-container elementor-column-gap-no\">\n\t\t\t\t\t<div class=\"elementor-column elementor-col-50 elementor-top-column elementor-element elementor-element-3584de4\" data-id=\"3584de4\" data-element_type=\"column\" data-e-type=\"column\">\n\t\t\t<div class=\"elementor-widget-wrap elementor-element-populated\">\n\t\t\t\t\t\t<div class=\"elementor-element elementor-element-74252bd elementor-widget elementor-widget-text-editor\" data-id=\"74252bd\" data-element_type=\"widget\" data-e-type=\"widget\" data-widget_type=\"text-editor.default\">\n\t\t\t\t<div class=\"elementor-widget-container\">\n\t\t\t\t\t\t\t\t\t<p>Les \u00e9coles de langue fran\u00e7aise permettent aux enfants d\u2019atteindre leur plein potentiel et de d\u00e9velopper une forte identit\u00e9 culturelle dans un environnement francophone qui les am\u00e8nera \u00e0 devenir bilingues pour la vie. Le fran\u00e7ais est la langue d\u2019instruction et de communication \u00e0 l\u2019\u00e9cole. Les ressources, affiches, panneaux et annonces en fran\u00e7ais contribuent \u00e0 la cr\u00e9ation d\u2019un environnement enti\u00e8rement francophone dans lequel l\u2019enfant ne fera pas qu\u2019\u00e9tudier en fran\u00e7ais, mais se baignera aussi dans la culture.<\/p>\t\t\t\t\t\t\t\t<\/div>\n\t\t\t\t<\/div>\n\t\t\t\t<div class=\"elementor-element elementor-element-cf8fbf9 elementor-widget elementor-widget-heading\" data-id=\"cf8fbf9\" data-element_type=\"widget\" data-e-type=\"widget\" data-widget_type=\"heading.default\">\n\t\t\t\t<div class=\"elementor-widget-container\">\n\t\t\t\t\t<h2 class=\"elementor-heading-title elementor-size-default\">En choisissant l\u2019\u00e9cole francophone, vous fa\u00eetes le meilleur choix pour votre enfant.<\/h2>\t\t\t\t<\/div>\n\t\t\t\t<\/div>\n\t\t\t\t<div class=\"elementor-element elementor-element-9762ada elementor-widget elementor-widget-text-editor\" data-id=\"9762ada\" data-element_type=\"widget\" data-e-type=\"widget\" data-widget_type=\"text-editor.default\">\n\t\t\t\t<div class=\"elementor-widget-container\">\n\t\t\t\t\t\t\t\t\t<p>M\u00eame si votre enfant d\u2019\u00e2ge pr\u00e9scolaire ne parle pas ou ne comprend pas le fran\u00e7ais, soyez rassur\u00e9s, il se sentira compl\u00e9tement int\u00e9gr\u00e9 et \u00e0 l\u2019aise dans nos \u00e9coles. Plus de 80 % de nos familles sont exogames, ce qui signifie que seulement un des deux parents parlent fran\u00e7ais. Dans ces situations, il est souvent difficile de cr\u00e9er un environnement francophone \u00e0 la maison. Nos enseignants sont sp\u00e9cifiquement form\u00e9s en enseignement en milieu minoritaire et savent cr\u00e9er un environnement chaleureux et confortable dans lequel votre enfant pourra rapidement parler couramment le fran\u00e7ais.<\/p>\t\t\t\t\t\t\t\t<\/div>\n\t\t\t\t<\/div>\n\t\t\t\t\t<\/div>\n\t\t<\/div>\n\t\t\t\t<div class=\"elementor-column elementor-col-50 elementor-top-column elementor-element elementor-element-94d05ce\" data-id=\"94d05ce\" data-element_type=\"column\" data-e-type=\"column\" data-settings=\"{&quot;background_background&quot;:&quot;classic&quot;}\">\n\t\t\t<div class=\"elementor-widget-wrap elementor-element-populated\">\n\t\t\t\t\t\t<div class=\"elementor-element elementor-element-be62477 elementor-widget elementor-widget-spacer\" data-id=\"be62477\" data-element_type=\"widget\" data-e-type=\"widget\" data-widget_type=\"spacer.default\">\n\t\t\t\t<div class=\"elementor-widget-container\">\n\t\t\t\t\t\t\t<div class=\"elementor-spacer\">\n\t\t\t<div class=\"elementor-spacer-inner\"><\/div>\n\t\t<\/div>\n\t\t\t\t\t\t<\/div>\n\t\t\t\t<\/div>\n\t\t\t\t\t<\/div>\n\t\t<\/div>\n\t\t\t\t\t<\/div>\n\t\t<\/section>\n\t\t\t\t<\/div>\n\t\t","protected":false},"excerpt":{"rendered":"<p>Les \u00e9coles de langue fran\u00e7aise permettent aux enfants d\u2019atteindre leur plein potentiel et de d\u00e9velopper une forte identit\u00e9 culturelle dans un environnement francophone qui les am\u00e8nera \u00e0 devenir bilingues pour la vie. Le fran\u00e7ais est la langue d\u2019instruction et de communication \u00e0 l\u2019\u00e9cole. Les ressources, affiches, panneaux et annonces en fran\u00e7ais contribuent \u00e0 la cr\u00e9ation [&hellip;]<\/p>\n","protected":false},"author":1,"featured_media":0,"parent":283,"menu_order":1,"comment_status":"closed","ping_status":"closed","template":"elementor_header_footer","meta":{"_mc_calendar":[],"footnotes":""},"class_list":["post-285","page","type-page","status-publish","hentry"],"yoast_head":"<!-- This site is optimized with the Yoast SEO plugin v27.4 - https:\/\/yoast.com\/product\/yoast-seo-wordpress\/ -->\n<title>L&#039;\u00e9ducation en fran\u00e7ais - \u00c9cole catholique Val-des-Bois<\/title>\n<meta name=\"robots\" content=\"index, follow, max-snippet:-1, max-image-preview:large, max-video-preview:-1\" \/>\n<link rel=\"canonical\" href=\"https:\/\/vdb.csdcab.ca\/en\/inscription\/leducation-en-francais\/\" \/>\n<meta property=\"og:locale\" content=\"en_US\" \/>\n<meta property=\"og:type\" content=\"article\" \/>\n<meta property=\"og:title\" content=\"L&#039;\u00e9ducation en fran\u00e7ais - \u00c9cole catholique Val-des-Bois\" \/>\n<meta property=\"og:description\" content=\"Les \u00e9coles de langue fran\u00e7aise permettent aux enfants d\u2019atteindre leur plein potentiel et de d\u00e9velopper une forte identit\u00e9 culturelle dans un environnement francophone qui les am\u00e8nera \u00e0 devenir bilingues pour la vie. Le fran\u00e7ais est la langue d\u2019instruction et de communication \u00e0 l\u2019\u00e9cole. Les ressources, affiches, panneaux et annonces en fran\u00e7ais contribuent \u00e0 la cr\u00e9ation [&hellip;]\" \/>\n<meta property=\"og:url\" content=\"https:\/\/vdb.csdcab.ca\/en\/inscription\/leducation-en-francais\/\" \/>\n<meta property=\"og:site_name\" content=\"\u00c9cole catholique Val-des-Bois\" \/>\n<meta property=\"article:modified_time\" content=\"2021-10-15T16:12:37+00:00\" \/>\n<meta name=\"twitter:card\" content=\"summary_large_image\" \/>\n<meta name=\"twitter:label1\" content=\"Est. reading time\" \/>\n\t<meta name=\"twitter:data1\" content=\"1 minute\" \/>\n<script type=\"application\/ld+json\" class=\"yoast-schema-graph\">{\"@context\":\"https:\\\/\\\/schema.org\",\"@graph\":[{\"@type\":\"WebPage\",\"@id\":\"https:\\\/\\\/vdb.csdcab.ca\\\/inscription\\\/leducation-en-francais\\\/\",\"url\":\"https:\\\/\\\/vdb.csdcab.ca\\\/inscription\\\/leducation-en-francais\\\/\",\"name\":\"L'\u00e9ducation en fran\u00e7ais - \u00c9cole catholique Val-des-Bois\",\"isPartOf\":{\"@id\":\"https:\\\/\\\/vdb.csdcab.ca\\\/#website\"},\"datePublished\":\"2021-08-10T18:27:48+00:00\",\"dateModified\":\"2021-10-15T16:12:37+00:00\",\"breadcrumb\":{\"@id\":\"https:\\\/\\\/vdb.csdcab.ca\\\/inscription\\\/leducation-en-francais\\\/#breadcrumb\"},\"inLanguage\":\"en-CA\",\"potentialAction\":[{\"@type\":\"ReadAction\",\"target\":[\"https:\\\/\\\/vdb.csdcab.ca\\\/inscription\\\/leducation-en-francais\\\/\"]}]},{\"@type\":\"BreadcrumbList\",\"@id\":\"https:\\\/\\\/vdb.csdcab.ca\\\/inscription\\\/leducation-en-francais\\\/#breadcrumb\",\"itemListElement\":[{\"@type\":\"ListItem\",\"position\":1,\"name\":\"Accueil\",\"item\":\"https:\\\/\\\/vdb.csdcab.ca\\\/\"},{\"@type\":\"ListItem\",\"position\":2,\"name\":\"Inscription\",\"item\":\"https:\\\/\\\/vdb.csdcab.ca\\\/inscription\\\/\"},{\"@type\":\"ListItem\",\"position\":3,\"name\":\"L&rsquo;\u00e9ducation en fran\u00e7ais\"}]},{\"@type\":\"WebSite\",\"@id\":\"https:\\\/\\\/vdb.csdcab.ca\\\/#website\",\"url\":\"https:\\\/\\\/vdb.csdcab.ca\\\/\",\"name\":\"\u00c9cole catholique Val-des-Bois\",\"description\":\"\u00c9cole catholique Val-des-Bois\",\"publisher\":{\"@id\":\"https:\\\/\\\/vdb.csdcab.ca\\\/#organization\"},\"potentialAction\":[{\"@type\":\"SearchAction\",\"target\":{\"@type\":\"EntryPoint\",\"urlTemplate\":\"https:\\\/\\\/vdb.csdcab.ca\\\/?s={search_term_string}\"},\"query-input\":{\"@type\":\"PropertyValueSpecification\",\"valueRequired\":true,\"valueName\":\"search_term_string\"}}],\"inLanguage\":\"en-CA\"},{\"@type\":\"Organization\",\"@id\":\"https:\\\/\\\/vdb.csdcab.ca\\\/#organization\",\"name\":\"\u00c9cole catholique Val-des-Bois\",\"url\":\"https:\\\/\\\/vdb.csdcab.ca\\\/\",\"logo\":{\"@type\":\"ImageObject\",\"inLanguage\":\"en-CA\",\"@id\":\"https:\\\/\\\/vdb.csdcab.ca\\\/#\\\/schema\\\/logo\\\/image\\\/\",\"url\":\"https:\\\/\\\/vdb.csdcab.ca\\\/wp-content\\\/uploads\\\/sites\\\/4\\\/2021\\\/08\\\/Valdesbois_Logo_horizontal.png\",\"contentUrl\":\"https:\\\/\\\/vdb.csdcab.ca\\\/wp-content\\\/uploads\\\/sites\\\/4\\\/2021\\\/08\\\/Valdesbois_Logo_horizontal.png\",\"width\":820,\"height\":314,\"caption\":\"\u00c9cole catholique Val-des-Bois\"},\"image\":{\"@id\":\"https:\\\/\\\/vdb.csdcab.ca\\\/#\\\/schema\\\/logo\\\/image\\\/\"}}]}<\/script>\n<!-- \/ Yoast SEO plugin. -->","yoast_head_json":{"title":"L'\u00e9ducation en fran\u00e7ais - \u00c9cole catholique Val-des-Bois","robots":{"index":"index","follow":"follow","max-snippet":"max-snippet:-1","max-image-preview":"max-image-preview:large","max-video-preview":"max-video-preview:-1"},"canonical":"https:\/\/vdb.csdcab.ca\/en\/inscription\/leducation-en-francais\/","og_locale":"en_US","og_type":"article","og_title":"L'\u00e9ducation en fran\u00e7ais - \u00c9cole catholique Val-des-Bois","og_description":"Les \u00e9coles de langue fran\u00e7aise permettent aux enfants d\u2019atteindre leur plein potentiel et de d\u00e9velopper une forte identit\u00e9 culturelle dans un environnement francophone qui les am\u00e8nera \u00e0 devenir bilingues pour la vie. Le fran\u00e7ais est la langue d\u2019instruction et de communication \u00e0 l\u2019\u00e9cole. Les ressources, affiches, panneaux et annonces en fran\u00e7ais contribuent \u00e0 la cr\u00e9ation [&hellip;]","og_url":"https:\/\/vdb.csdcab.ca\/en\/inscription\/leducation-en-francais\/","og_site_name":"\u00c9cole catholique Val-des-Bois","article_modified_time":"2021-10-15T16:12:37+00:00","twitter_card":"summary_large_image","twitter_misc":{"Est. reading time":"1 minute"},"schema":{"@context":"https:\/\/schema.org","@graph":[{"@type":"WebPage","@id":"https:\/\/vdb.csdcab.ca\/inscription\/leducation-en-francais\/","url":"https:\/\/vdb.csdcab.ca\/inscription\/leducation-en-francais\/","name":"L'\u00e9ducation en fran\u00e7ais - \u00c9cole catholique Val-des-Bois","isPartOf":{"@id":"https:\/\/vdb.csdcab.ca\/#website"},"datePublished":"2021-08-10T18:27:48+00:00","dateModified":"2021-10-15T16:12:37+00:00","breadcrumb":{"@id":"https:\/\/vdb.csdcab.ca\/inscription\/leducation-en-francais\/#breadcrumb"},"inLanguage":"en-CA","potentialAction":[{"@type":"ReadAction","target":["https:\/\/vdb.csdcab.ca\/inscription\/leducation-en-francais\/"]}]},{"@type":"BreadcrumbList","@id":"https:\/\/vdb.csdcab.ca\/inscription\/leducation-en-francais\/#breadcrumb","itemListElement":[{"@type":"ListItem","position":1,"name":"Accueil","item":"https:\/\/vdb.csdcab.ca\/"},{"@type":"ListItem","position":2,"name":"Inscription","item":"https:\/\/vdb.csdcab.ca\/inscription\/"},{"@type":"ListItem","position":3,"name":"L&rsquo;\u00e9ducation en fran\u00e7ais"}]},{"@type":"WebSite","@id":"https:\/\/vdb.csdcab.ca\/#website","url":"https:\/\/vdb.csdcab.ca\/","name":"\u00c9cole catholique Val-des-Bois","description":"\u00c9cole catholique Val-des-Bois","publisher":{"@id":"https:\/\/vdb.csdcab.ca\/#organization"},"potentialAction":[{"@type":"SearchAction","target":{"@type":"EntryPoint","urlTemplate":"https:\/\/vdb.csdcab.ca\/?s={search_term_string}"},"query-input":{"@type":"PropertyValueSpecification","valueRequired":true,"valueName":"search_term_string"}}],"inLanguage":"en-CA"},{"@type":"Organization","@id":"https:\/\/vdb.csdcab.ca\/#organization","name":"\u00c9cole catholique Val-des-Bois","url":"https:\/\/vdb.csdcab.ca\/","logo":{"@type":"ImageObject","inLanguage":"en-CA","@id":"https:\/\/vdb.csdcab.ca\/#\/schema\/logo\/image\/","url":"https:\/\/vdb.csdcab.ca\/wp-content\/uploads\/sites\/4\/2021\/08\/Valdesbois_Logo_horizontal.png","contentUrl":"https:\/\/vdb.csdcab.ca\/wp-content\/uploads\/sites\/4\/2021\/08\/Valdesbois_Logo_horizontal.png","width":820,"height":314,"caption":"\u00c9cole catholique Val-des-Bois"},"image":{"@id":"https:\/\/vdb.csdcab.ca\/#\/schema\/logo\/image\/"}}]}},"_links":{"self":[{"href":"https:\/\/vdb.csdcab.ca\/en\/wp-json\/wp\/v2\/pages\/285","targetHints":{"allow":["GET"]}}],"collection":[{"href":"https:\/\/vdb.csdcab.ca\/en\/wp-json\/wp\/v2\/pages"}],"about":[{"href":"https:\/\/vdb.csdcab.ca\/en\/wp-json\/wp\/v2\/types\/page"}],"author":[{"embeddable":true,"href":"https:\/\/vdb.csdcab.ca\/en\/wp-json\/wp\/v2\/users\/1"}],"replies":[{"embeddable":true,"href":"https:\/\/vdb.csdcab.ca\/en\/wp-json\/wp\/v2\/comments?post=285"}],"version-history":[{"count":0,"href":"https:\/\/vdb.csdcab.ca\/en\/wp-json\/wp\/v2\/pages\/285\/revisions"}],"up":[{"embeddable":true,"href":"https:\/\/vdb.csdcab.ca\/en\/wp-json\/wp\/v2\/pages\/283"}],"wp:attachment":[{"href":"https:\/\/vdb.csdcab.ca\/en\/wp-json\/wp\/v2\/media?parent=285"}],"curies":[{"name":"wp","href":"https:\/\/api.w.org\/{rel}","templated":true}]}}