{"id":312,"date":"2021-08-10T19:02:02","date_gmt":"2021-08-10T19:02:02","guid":{"rendered":"https:\/\/csdcab.tondesign.ca\/val-des-bois\/?page_id=312"},"modified":"2026-06-29T11:55:14","modified_gmt":"2026-06-29T15:55:14","slug":"calendriers-scolaires","status":"publish","type":"page","link":"https:\/\/vdb.csdcab.ca\/en\/parents\/calendriers-scolaires\/","title":{"rendered":"School Calendars"},"content":{"rendered":"\t\t<div data-elementor-type=\"wp-page\" data-elementor-id=\"312\" class=\"elementor elementor-312\" data-elementor-post-type=\"page\">\n\t\t\t\t\t\t<section class=\"elementor-section elementor-top-section elementor-element elementor-element-c82fb0d elementor-section-height-min-height elementor-section-boxed elementor-section-height-default elementor-section-items-middle\" data-id=\"c82fb0d\" data-element_type=\"section\" data-e-type=\"section\" data-settings=\"{&quot;jet_parallax_layout_list&quot;:[{&quot;jet_parallax_layout_image&quot;:{&quot;url&quot;:&quot;&quot;,&quot;id&quot;:&quot;&quot;,&quot;size&quot;:&quot;&quot;},&quot;_id&quot;:&quot;eb8413f&quot;,&quot;jet_parallax_layout_image_tablet&quot;:{&quot;url&quot;:&quot;&quot;,&quot;id&quot;:&quot;&quot;,&quot;size&quot;:&quot;&quot;},&quot;jet_parallax_layout_image_mobile&quot;:{&quot;url&quot;:&quot;&quot;,&quot;id&quot;:&quot;&quot;,&quot;size&quot;:&quot;&quot;},&quot;jet_parallax_layout_speed&quot;:{&quot;unit&quot;:&quot;%&quot;,&quot;size&quot;:50,&quot;sizes&quot;:[]},&quot;jet_parallax_layout_type&quot;:&quot;scroll&quot;,&quot;jet_parallax_layout_direction&quot;:&quot;1&quot;,&quot;jet_parallax_layout_fx_direction&quot;:null,&quot;jet_parallax_layout_z_index&quot;:&quot;&quot;,&quot;jet_parallax_layout_bg_x&quot;:50,&quot;jet_parallax_layout_bg_x_tablet&quot;:&quot;&quot;,&quot;jet_parallax_layout_bg_x_mobile&quot;:&quot;&quot;,&quot;jet_parallax_layout_bg_y&quot;:50,&quot;jet_parallax_layout_bg_y_tablet&quot;:&quot;&quot;,&quot;jet_parallax_layout_bg_y_mobile&quot;:&quot;&quot;,&quot;jet_parallax_layout_bg_size&quot;:&quot;auto&quot;,&quot;jet_parallax_layout_bg_size_tablet&quot;:&quot;&quot;,&quot;jet_parallax_layout_bg_size_mobile&quot;:&quot;&quot;,&quot;jet_parallax_layout_animation_prop&quot;:&quot;transform&quot;,&quot;jet_parallax_layout_on&quot;:[&quot;desktop&quot;,&quot;tablet&quot;]}]}\">\n\t\t\t\t\t\t<div class=\"elementor-container elementor-column-gap-default\">\n\t\t\t\t\t<div class=\"elementor-column elementor-col-100 elementor-top-column elementor-element elementor-element-d239f1e\" data-id=\"d239f1e\" data-element_type=\"column\" data-e-type=\"column\">\n\t\t\t<div class=\"elementor-widget-wrap elementor-element-populated\">\n\t\t\t\t\t\t<div class=\"elementor-element elementor-element-4d0842d elementor-widget elementor-widget-shortcode\" data-id=\"4d0842d\" data-element_type=\"widget\" data-e-type=\"widget\" data-widget_type=\"shortcode.default\">\n\t\t\t\t<div class=\"elementor-widget-container\">\n\t\t\t\t\t\t\t<div class=\"elementor-shortcode\">\r\n<div id='mc-c3776dedca6ddaf786f5d8226ed66e41' class='mc-main mcjs listjs gridjs minijs ajaxjs calendar month mc-c3776dedca6ddaf786f5d8226ed66e41 has-modal is-main-view' >\n<script type=\"application\/ld+json\">\n[{\"@context\":\"https:\/\/schema.org\",\"@type\":\"Event\",\"name\":\"Journ\\u00e9e p\\u00e9dagogique (\\u00e9coles de l\\u2019Est)\",\"description\":\"Th\\u00e8mes : Garder les \\u00e9coles s\\u00e9curitaires Entit\\u00e9 qui l&#039;organise : Administration de l&#039;\\u00e9cole Pr\\u00e9sentiel Pr\\u00e9sentation, conf\\u00e9rencier ou organisme invit\\u00e9 : Direction de l\\u2019\\u00e9cole Description (m\\u00e9thodes d&#039;apprentissage, th\\u00e8mes abord\\u00e9s) : La direction de l\\u2019\\u00e9cole r\\u00e9visera avec son personnel les politiques et les directives administratives et les protocoles suivants : les t\\u00e9l\\u00e9phones cellulaires et le vapotage, les&hellip;\",\"image\":\"https:\/\/vdb.csdcab.ca\/wp-content\/uploads\/sites\/4\/2021\/08\/Valdesbois_Favicon.png\",\"url\":\"https:\/\/vdb.csdcab.ca\/en\/parents\/calendriers-scolaires\/?mc_id=8051\",\"startDate\":\"2026-08-31T00:00:00-04:00\",\"endDate\":\"2026-09-01T00:00:59-04:00\",\"duration\":\"PD1TH0M0\",\"eventAttendanceMode\":\"https:\/\/schema.org\/OnlineEventAttendanceMode\",\"location\":{\"@type\":\"VirtualLocation\",\"url\":\"https:\/\/vdb.csdcab.ca\/en\/parents\/calendriers-scolaires\/?mc_id=8051\"}},{\"@context\":\"https:\/\/schema.org\",\"@type\":\"Event\",\"name\":\"Journ\\u00e9e p\\u00e9dagogique (\\u00e9coles de l\\u2019Est)\",\"description\":\"Th\\u00e8mes : \\u00c9ducation sp\\u00e9cialis\\u00e9e Entit\\u00e9 qui l&#039;organise :\\u00a0Administration du Conseil Hybride Pr\\u00e9sentation, conf\\u00e9rencier ou organisme invit\\u00e9 : Genevi\\u00e8ve Fortin-Robinson, direction adjointe des Services \\u00e9ducatifs St\\u00e9fanie Middleton, direction adjointe des Services \\u00e9ducatifs Directions des \\u00e9coles Description (m\\u00e9thodes d&#039;apprentissage, th\\u00e8mes abord\\u00e9s) : Destin\\u00e9e au personnel enseignant, au personnel de soutien et aux directions d\\u2019\\u00e9cole, cette journ\\u00e9e p\\u00e9dagogique&hellip;\",\"image\":\"https:\/\/vdb.csdcab.ca\/wp-content\/uploads\/sites\/4\/2021\/08\/Valdesbois_Favicon.png\",\"url\":\"https:\/\/vdb.csdcab.ca\/en\/parents\/calendriers-scolaires\/?mc_id=7910\",\"startDate\":\"2026-09-01T00:00:00-04:00\",\"endDate\":\"2026-09-02T00:00:59-04:00\",\"duration\":\"PD1TH0M0\",\"eventAttendanceMode\":\"https:\/\/schema.org\/OnlineEventAttendanceMode\",\"location\":{\"@type\":\"VirtualLocation\",\"url\":\"https:\/\/vdb.csdcab.ca\/en\/parents\/calendriers-scolaires\/?mc_id=7910\"}},{\"@context\":\"https:\/\/schema.org\",\"@type\":\"Event\",\"name\":\"1\\u00e8re journ\\u00e9e d\\u2019\\u00e9cole  (\\u00e9coles de l\\u2019Est)\",\"description\":\"\",\"image\":\"https:\/\/vdb.csdcab.ca\/wp-content\/uploads\/sites\/4\/2021\/08\/Valdesbois_Favicon.png\",\"url\":\"https:\/\/vdb.csdcab.ca\/en\/parents\/calendriers-scolaires\/?mc_id=7914\",\"startDate\":\"2026-09-02T00:00:00-04:00\",\"endDate\":\"2026-09-03T00:00:59-04:00\",\"duration\":\"PD1TH0M0\",\"eventAttendanceMode\":\"https:\/\/schema.org\/OnlineEventAttendanceMode\",\"location\":{\"@type\":\"VirtualLocation\",\"url\":\"https:\/\/vdb.csdcab.ca\/en\/parents\/calendriers-scolaires\/?mc_id=7914\"}},{\"@context\":\"https:\/\/schema.org\",\"@type\":\"Event\",\"name\":\"F\\u00e9ri\\u00e9 : F\\u00eate du travail\",\"description\":\"\",\"image\":\"https:\/\/vdb.csdcab.ca\/wp-content\/uploads\/sites\/4\/2021\/08\/Valdesbois_Favicon.png\",\"url\":\"https:\/\/vdb.csdcab.ca\/en\/parents\/calendriers-scolaires\/?mc_id=8066\",\"startDate\":\"2026-09-07T00:00:00-04:00\",\"endDate\":\"2026-09-08T00:00:59-04:00\",\"duration\":\"PD1TH0M0\",\"eventAttendanceMode\":\"https:\/\/schema.org\/OnlineEventAttendanceMode\",\"location\":{\"@type\":\"VirtualLocation\",\"url\":\"https:\/\/vdb.csdcab.ca\/en\/parents\/calendriers-scolaires\/?mc_id=8066\"}},{\"@context\":\"https:\/\/schema.org\",\"@type\":\"Event\",\"name\":\"Journ\\u00e9e mondiale de la pr\\u00e9vention du suicide.\",\"description\":\"\",\"image\":\"https:\/\/vdb.csdcab.ca\/wp-content\/uploads\/sites\/4\/2021\/08\/Valdesbois_Favicon.png\",\"url\":\"https:\/\/vdb.csdcab.ca\/en\/parents\/calendriers-scolaires\/?mc_id=8067\",\"startDate\":\"2026-09-10T00:00:00-04:00\",\"endDate\":\"2026-09-11T00:00:59-04:00\",\"duration\":\"PD1TH0M0\",\"eventAttendanceMode\":\"https:\/\/schema.org\/OnlineEventAttendanceMode\",\"location\":{\"@type\":\"VirtualLocation\",\"url\":\"https:\/\/vdb.csdcab.ca\/en\/parents\/calendriers-scolaires\/?mc_id=8067\"}},{\"@context\":\"https:\/\/schema.org\",\"@type\":\"Event\",\"name\":\"La course Terry Fox\",\"description\":\"\",\"image\":\"https:\/\/vdb.csdcab.ca\/wp-content\/uploads\/sites\/4\/2021\/08\/Valdesbois_Favicon.png\",\"url\":\"https:\/\/vdb.csdcab.ca\/en\/parents\/calendriers-scolaires\/?mc_id=7927\",\"startDate\":\"2026-09-20T00:00:00-04:00\",\"endDate\":\"2026-09-21T00:00:59-04:00\",\"duration\":\"PD1TH0M0\",\"eventAttendanceMode\":\"https:\/\/schema.org\/OnlineEventAttendanceMode\",\"location\":{\"@type\":\"VirtualLocation\",\"url\":\"https:\/\/vdb.csdcab.ca\/en\/parents\/calendriers-scolaires\/?mc_id=7927\"}},{\"@context\":\"https:\/\/schema.org\",\"@type\":\"Event\",\"name\":\"Journ\\u00e9e internationale de la Paix\",\"description\":\"\",\"image\":\"https:\/\/vdb.csdcab.ca\/wp-content\/uploads\/sites\/4\/2021\/08\/Valdesbois_Favicon.png\",\"url\":\"https:\/\/vdb.csdcab.ca\/en\/parents\/calendriers-scolaires\/?mc_id=7928\",\"startDate\":\"2026-09-21T00:00:00-04:00\",\"endDate\":\"2026-09-22T00:00:59-04:00\",\"duration\":\"PD1TH0M0\",\"eventAttendanceMode\":\"https:\/\/schema.org\/OnlineEventAttendanceMode\",\"location\":{\"@type\":\"VirtualLocation\",\"url\":\"https:\/\/vdb.csdcab.ca\/en\/parents\/calendriers-scolaires\/?mc_id=7928\"}},{\"@context\":\"https:\/\/schema.org\",\"@type\":\"Event\",\"name\":\"Journ\\u00e9e des Franco-Ontariens et Franco-Ontariennes\",\"description\":\"\",\"image\":\"https:\/\/vdb.csdcab.ca\/wp-content\/uploads\/sites\/4\/2021\/08\/Valdesbois_Favicon.png\",\"url\":\"https:\/\/vdb.csdcab.ca\/en\/parents\/calendriers-scolaires\/?mc_id=2945\",\"startDate\":\"2026-09-25T00:00:00-04:00\",\"endDate\":\"2026-09-26T00:00:59-04:00\",\"duration\":\"PD1TH0M0\",\"eventAttendanceMode\":\"https:\/\/schema.org\/OnlineEventAttendanceMode\",\"location\":{\"@type\":\"VirtualLocation\",\"url\":\"https:\/\/vdb.csdcab.ca\/en\/parents\/calendriers-scolaires\/?mc_id=2945\"}},{\"@context\":\"https:\/\/schema.org\",\"@type\":\"Event\",\"name\":\"Journ\\u00e9e nationale de la v\\u00e9rit\\u00e9 et de la r\\u00e9conciliation et Journ\\u00e9e du chandail orange\",\"description\":\"Histoire de la journ\\u00e9e du chandail orange Renseignements sur la Journ\\u00e9e nationale de la v\\u00e9rit\\u00e9 et de la r\\u00e9conciliation: Article de Radio-Canada Gouvernement du Canada\",\"image\":\"https:\/\/vdb.csdcab.ca\/wp-content\/uploads\/sites\/4\/2021\/08\/Valdesbois_Favicon.png\",\"url\":\"https:\/\/vdb.csdcab.ca\/en\/parents\/calendriers-scolaires\/?mc_id=20\",\"startDate\":\"2026-09-30T00:00:00-04:00\",\"endDate\":\"2026-10-01T00:00:59-04:00\",\"duration\":\"PD1TH0M0\",\"eventAttendanceMode\":\"https:\/\/schema.org\/OnlineEventAttendanceMode\",\"location\":{\"@type\":\"VirtualLocation\",\"url\":\"https:\/\/vdb.csdcab.ca\/en\/parents\/calendriers-scolaires\/?mc_id=20\"}},{\"@context\":\"https:\/\/schema.org\",\"@type\":\"Event\",\"name\":\"Mois de la cyber-sensibilisation de la maternelle \\u00e0 la 12e ann\\u00e9e d&#039;ECNO\",\"description\":\"\",\"image\":\"https:\/\/vdb.csdcab.ca\/wp-content\/uploads\/sites\/4\/2021\/08\/Valdesbois_Favicon.png\",\"url\":\"https:\/\/vdb.csdcab.ca\/en\/parents\/calendriers-scolaires\/?mc_id=7943\",\"startDate\":\"2026-10-01T00:00:00-04:00\",\"endDate\":\"2026-10-02T00:00:59-04:00\",\"duration\":\"PD1TH0M0\",\"eventAttendanceMode\":\"https:\/\/schema.org\/OnlineEventAttendanceMode\",\"location\":{\"@type\":\"VirtualLocation\",\"url\":\"https:\/\/vdb.csdcab.ca\/en\/parents\/calendriers-scolaires\/?mc_id=7943\"}}]\n<\/script>\n<h2 id=\"mc_head_mc-c3776dedca6ddaf786f5d8226ed66e41\" class=\"heading my-calendar-month\"><span>Events in September 2026<\/span><\/h2>\n\n<nav class=\"my-calendar-navigation\" aria-label=\"Calendar (top)\">\n<div class=\"my-calendar-header\">\r\n\t\t<div class=\"my-calendar-nav\">\r\n\t\t\t<ul>\r\n\t\t\t\t<li class=\"my-calendar-prev\"><button type=\"button\" class=\"mc-navigation-button\" id=\"mc_previous_mc-c3776dedca6ddaf786f5d8226ed66e41\" data-href=\"https:\/\/vdb.csdcab.ca\/en\/parents\/calendriers-scolaires\/?cid=mc-c3776dedca6ddaf786f5d8226ed66e41&#038;dy&#038;month=8&#038;time=month&#038;yr=2026\"><span class=\"mc-icon\" aria-hidden=\"true\"><\/span>Pr\u00e9c\u00e9dent<\/button><\/li><li class=\"my-calendar-today\"><button type=\"button\" id=\"mc_today_mc-c3776dedca6ddaf786f5d8226ed66e41\" data-href=\"https:\/\/vdb.csdcab.ca\/en\/parents\/calendriers-scolaires\/?cid=mc-c3776dedca6ddaf786f5d8226ed66e41\" class=\"mc-navigation-button today mc-active\" aria-current=\"true\"><span class=\"mc-icon\" aria-hidden=\"true\"><\/span>Today<\/button><\/li><li class=\"my-calendar-next\"><button type=\"button\" class=\"mc-navigation-button\" id=\"mc_next_mc-c3776dedca6ddaf786f5d8226ed66e41\" data-href=\"https:\/\/vdb.csdcab.ca\/en\/parents\/calendriers-scolaires\/?cid=mc-c3776dedca6ddaf786f5d8226ed66e41&#038;dy&#038;month=10&#038;time=month&#038;yr=2026\">Suivant<span class=\"mc-icon\" aria-hidden=\"true\"><\/span><\/button><\/li>\r\n\t\t\t<\/ul>\r\n\t\t<\/div><div class='mc-format'>\r\n\t\t<ul><li><button type='button' id='mc_grid-mc-c3776dedca6ddaf786f5d8226ed66e41' data-href='https:\/\/vdb.csdcab.ca\/en\/parents\/calendriers-scolaires\/?format=calendar' aria-pressed=\"true\" class='mc-navigation-button mc-grid-option mc-active'><span class='mc-icon' aria-hidden='true'><\/span><span class=\"maybe-hide\">View as <\/span>Grid<\/button><\/li><li><button type='button' id='mc_list-mc-c3776dedca6ddaf786f5d8226ed66e41' data-href='https:\/\/vdb.csdcab.ca\/en\/parents\/calendriers-scolaires\/?format=list'  class='mc-navigation-button mc-list-option'><span class='mc-icon' aria-hidden='true'><\/span><span class=\"maybe-hide\">View as <\/span>List<\/button><\/li><\/ul>\r\n\t\t<\/div><div class=\"my-calendar-date-switcher\"><form class=\"mc-date-switcher\" action=\"https:\/\/vdb.csdcab.ca\/en\/wp-json\/wp\/v2\/pages\/312\/\" method=\"get\"><div><input type=\"hidden\" name=\"cid\" value=\"mc-c3776dedca6ddaf786f5d8226ed66e41\" \/> <label class=\"maybe-hide\" for=\"mc-c3776dedca6ddaf786f5d8226ed66e41-month\">Month<\/label> <select id=\"mc-c3776dedca6ddaf786f5d8226ed66e41-month\" name=\"month\">\n<option value='1'>January<\/option>\n<option value='2'>February<\/option>\n<option value='3'>March<\/option>\n<option value='4'>April<\/option>\n<option value='5'>May<\/option>\n<option value='6'>June<\/option>\n<option value='7'>July<\/option>\n<option value='8'>August<\/option>\n<option value='9' selected='selected'>September<\/option>\n<option value='10'>October<\/option>\n<option value='11'>November<\/option>\n<option value='12'>December<\/option>\n<\/select>\n <label class=\"maybe-hide\" for=\"mc-c3776dedca6ddaf786f5d8226ed66e41-year\">Year<\/label> <select id=\"mc-c3776dedca6ddaf786f5d8226ed66e41-year\" name=\"yr\">\n<option value=\"2021\">2021<\/option>\n<option value=\"2022\">2022<\/option>\n<option value=\"2023\">2023<\/option>\n<option value=\"2024\">2024<\/option>\n<option value=\"2025\">2025<\/option>\n<option value=\"2026\" selected='selected'>2026<\/option>\n<option value=\"2027\">2027<\/option>\n<option value=\"2028\">2028<\/option>\n<option value=\"2029\">2029<\/option>\n<option value=\"2030\">2030<\/option>\n<option value=\"2031\">2031<\/option>\n<option value=\"2032\">2032<\/option>\n<option value=\"2033\">2033<\/option>\n<option value=\"2034\">2034<\/option>\n<option value=\"2035\">2035<\/option>\n<option value=\"2036\">2036<\/option>\n<\/select> <input type=\"submit\" class=\"mc-button\" id=\"mc-c3776dedca6ddaf786f5d8226ed66e41-button\" value=\"Go\" \/><\/div><\/form><\/div><div class='mc-print'><a id='mc_print-mc-c3776dedca6ddaf786f5d8226ed66e41' href='https:\/\/vdb.csdcab.ca\/en?cid=mc-print-view&#038;dy=1&#038;href=https%3A%2F%2Fvdb.csdcab.ca%2Fen%2Fwp-json%2Fwp%2Fv2%2Fpages%2F312%2F&#038;mcat=12,7&#038;month=9&#038;time=month&#038;yr=2026' rel='nofollow'><span class='mc-icon' aria-hidden='true'><\/span>Print<span class=\"maybe-hide\"> View<\/span><\/a><\/div><div class='mc-time'><ul><li><button type='button' id='mc_month-mc-c3776dedca6ddaf786f5d8226ed66e41' data-href='https:\/\/vdb.csdcab.ca\/en\/parents\/calendriers-scolaires\/?cid=mc-c3776dedca6ddaf786f5d8226ed66e41&#038;time=month' class='mc-navigation-button month mc-active' aria-pressed='true'>Month<\/button><\/li><li><button type='button' id='mc_week-mc-c3776dedca6ddaf786f5d8226ed66e41' data-href='https:\/\/vdb.csdcab.ca\/en\/parents\/calendriers-scolaires\/?cid=mc-c3776dedca6ddaf786f5d8226ed66e41&#038;dy=6&#038;month=8&#038;time=week&#038;yr=2026' class='mc-navigation-button week'>Week<\/button><\/li><li><button type='button' id='mc_day-mc-c3776dedca6ddaf786f5d8226ed66e41' data-href='https:\/\/vdb.csdcab.ca\/en\/parents\/calendriers-scolaires\/?cid=mc-c3776dedca6ddaf786f5d8226ed66e41&#038;dy=6&#038;time=day' class='mc-navigation-button day'>Day<\/button><li><\/ul><\/div><\/div>\n<\/nav>\n<div class=\"mc-content\">\n<table class='my-calendar-table' aria-labelledby='mc_head_mc-c3776dedca6ddaf786f5d8226ed66e41'>\n<thead>\n\t<tr class='mc-row'>\n\t\t<th scope=\"col\" class='weekend-heading sun'><abbr title=\"Sunday\" aria-hidden=\"true\">Sun<\/abbr><span class=\"screen-reader-text\">Sunday<\/span><\/th>\n\n\t\t<th scope=\"col\" class='day-heading mon'><abbr title=\"Monday\" aria-hidden=\"true\">Mon<\/abbr><span class=\"screen-reader-text\">Monday<\/span><\/th>\n\n\t\t<th scope=\"col\" class='day-heading tues'><abbr title=\"Tuesday\" aria-hidden=\"true\">Tue<\/abbr><span class=\"screen-reader-text\">Tuesday<\/span><\/th>\n\n\t\t<th scope=\"col\" class='day-heading wed'><abbr title=\"Wednesday\" aria-hidden=\"true\">Wed<\/abbr><span class=\"screen-reader-text\">Wednesday<\/span><\/th>\n\n\t\t<th scope=\"col\" class='day-heading thur'><abbr title=\"Thursday\" aria-hidden=\"true\">Thu<\/abbr><span class=\"screen-reader-text\">Thursday<\/span><\/th>\n\n\t\t<th scope=\"col\" class='day-heading fri'><abbr title=\"Friday\" aria-hidden=\"true\">Fri<\/abbr><span class=\"screen-reader-text\">Friday<\/span><\/th>\n\n\t\t<th scope=\"col\" class='weekend-heading sat'><abbr title=\"Saturday\" aria-hidden=\"true\">Sat<\/abbr><span class=\"screen-reader-text\">Saturday<\/span><\/th>\n\t<\/tr>\n<\/thead>\n<tbody>\n<tr class='mc-row'><td class='no-events sunday sun past-day past-date weekend nextmonth no-events day-with-date'><div class='mc-date-container'><span class='mc-date no-events'><span aria-hidden='true'>30<\/span><span class='screen-reader-text'>August 30, 2026<\/span><\/span><\/div>\n<\/td>\n<td id='calendar-2026-08-31' class='mc-events monday mon past-day past-date  nextmonth has-events author5 mcat_conseil day-with-date'><div class='mc-date-container'>\n\t<span class='mc-date'><span aria-hidden='true' class='mc-day-number'>31<\/span><span class='screen-reader-text mc-day-date'>August 31, 2026<\/span><span class=\"event-icon\" aria-hidden=\"true\">&#9679;<\/span><span class=\"screen-reader-text\"><span class=\"mc-list-details event-count\">(5 events)<\/span><\/span><\/span><\/div><article id='mc_calendar_31_8051-calendar-8051' class='mc-mc_calendar_8051 calendar-event mc_conseil mc_no-location  past-event mc_primary_conseil nonrecurring mc-24-hours mc-start-00-00 ungrouped mc-event-5937 mc-events mc-event mc_rel_conseil mc_rel_colecatholiquefranco-terrace mc_rel_colecatholiqueval-des-bois mc_rel_colenotre-dame-de-fatima mc_rel_colest-joseph mc_rel_notre-dame-des-coles'><header>\t<h3 class='event-title summary' id='mc_8051-title-mc-c3776dedca6ddaf786f5d8226ed66e41'><button type='button' id='modal-button-mc_calendar_31_8051-calendar-details-8051' data-modal-content-id='mc_calendar_31_8051-calendar-details-8051' data-modal-prefix-class='my-calendar' data-modal-close-text='Close' data-modal-title='Journ\u00e9e p\u00e9dagogique (\u00e9coles de l\u2019Est)' aria-controls='mc_calendar_31_8051-calendar-details-8051' class='calendar mc-modal button mc-text-button button-link url summary'><div class=\"event-title-container\">Journ\u00e9e p\u00e9dagogique (\u00e9coles de l\u2019Est)<\/div><\/button><\/h3>\n<\/header><div id='mc_calendar_31_8051-calendar-details-8051' class='details no-image uses-modal single-details'  aria-labelledby='mc_8051-title-mc-c3776dedca6ddaf786f5d8226ed66e41'>\n<span class=\"event-time value-title\" title=\"2026-08-31T00:00:00\">Journ\u00e9e compl\u00e8te<span class=\"time-separator\"> - <\/span><\/span>\r\n\r\n\t\t<div class=\"sub-details\">\r\n\t\t\r\n\t\t<p class=\"mc_details\"><a href=\"https:\/\/vdb.csdcab.ca\/en\/parents\/calendriers-scolaires\/?mc_id=8051\" class=\"mc-details\" rel=\"nofollow\">Details about Journ\u00e9e p\u00e9dagogique (\u00e9coles de l\u2019Est)<\/a><\/p>\r\n\t\t<p><a href=\"https:\/\/vdb.csdcab.ca\/en\/parents\/calendriers-scolaires\/?mc_id=8051\" class=\"event-link external\"><span class=\"screen-reader-text\">More information about <\/span>Journ\u00e9e p\u00e9dagogique (\u00e9coles de l\u2019Est)<\/a><\/p><\/div><\/div><!--end .details--><\/article>\n<\/td>\n<td id='calendar-2026-09-01' aria-current=\"date\" class='mc-events tuesday tue current-day   has-events author5 mcat_conseil day-with-date'><div class='mc-date-container'>\n\t<span class='mc-date'><span aria-hidden='true' class='mc-day-number'>1<\/span><span class='screen-reader-text mc-day-date'>September 1, 2026<\/span><span class=\"event-icon\" aria-hidden=\"true\">&#9679;<\/span><span class=\"screen-reader-text\"><span class=\"mc-list-details event-count\">(5 events)<\/span><\/span><\/span><\/div><article id='mc_calendar_01_7910-calendar-7910' class='mc-mc_calendar_7910 calendar-event mc_conseil mc_no-location  on-now mc_primary_conseil nonrecurring mc-24-hours mc-start-00-00 ungrouped mc-event-5835 today-event mc-events mc-event mc_rel_conseil mc_rel_colecatholiquefranco-terrace mc_rel_colecatholiqueval-des-bois mc_rel_colenotre-dame-de-fatima mc_rel_colest-joseph mc_rel_notre-dame-des-coles'><header>\t<h3 class='event-title summary' id='mc_7910-title-mc-c3776dedca6ddaf786f5d8226ed66e41'><button type='button' id='modal-button-mc_calendar_01_7910-calendar-details-7910' data-modal-content-id='mc_calendar_01_7910-calendar-details-7910' data-modal-prefix-class='my-calendar' data-modal-close-text='Close' data-modal-title='Journ\u00e9e p\u00e9dagogique (\u00e9coles de l\u2019Est)' aria-controls='mc_calendar_01_7910-calendar-details-7910' class='calendar mc-modal button mc-text-button button-link url summary'><div class=\"event-title-container\">Journ\u00e9e p\u00e9dagogique (\u00e9coles de l\u2019Est)<\/div><\/button><\/h3>\n<\/header><div id='mc_calendar_01_7910-calendar-details-7910' class='details no-image uses-modal single-details'  aria-labelledby='mc_7910-title-mc-c3776dedca6ddaf786f5d8226ed66e41'>\n<span class=\"event-time value-title\" title=\"2026-09-01T00:00:00\">Journ\u00e9e compl\u00e8te<span class=\"time-separator\"> - <\/span><\/span>\r\n\r\n\t\t<div class=\"sub-details\">\r\n\t\t\r\n\t\t<p class=\"mc_details\"><a href=\"https:\/\/vdb.csdcab.ca\/en\/parents\/calendriers-scolaires\/?mc_id=7910\" class=\"mc-details\">Details about Journ\u00e9e p\u00e9dagogique (\u00e9coles de l\u2019Est)<\/a><\/p>\r\n\t\t<p><a href=\"https:\/\/vdb.csdcab.ca\/en\/parents\/calendriers-scolaires\/?mc_id=7910\" class=\"event-link external\"><span class=\"screen-reader-text\">More information about <\/span>Journ\u00e9e p\u00e9dagogique (\u00e9coles de l\u2019Est)<\/a><\/p><\/div><\/div><!--end .details--><\/article>\n<\/td>\n<td id='calendar-2026-09-02' class='mc-events wednesday wed future-day   has-events author5 mcat_conseil day-with-date'><div class='mc-date-container'>\n\t<span class='mc-date'><span aria-hidden='true' class='mc-day-number'>2<\/span><span class='screen-reader-text mc-day-date'>September 2, 2026<\/span><span class=\"event-icon\" aria-hidden=\"true\">&#9679;<\/span><span class=\"screen-reader-text\"><span class=\"mc-list-details event-count\">(5 events)<\/span><\/span><\/span><\/div><article id='mc_calendar_02_7914-calendar-7914' class='mc-mc_calendar_7914 calendar-event mc_conseil mc_no-location  future-event mc_primary_conseil nonrecurring mc-24-hours mc-start-00-00 ungrouped mc-event-5839 mc-events mc-event mc_rel_conseil mc_rel_colecatholiquefranco-terrace mc_rel_colecatholiqueval-des-bois mc_rel_colenotre-dame-de-fatima mc_rel_colest-joseph mc_rel_notre-dame-des-coles'><header>\t<h3 class='event-title summary' id='mc_7914-title-mc-c3776dedca6ddaf786f5d8226ed66e41'><button type='button' id='modal-button-mc_calendar_02_7914-calendar-details-7914' data-modal-content-id='mc_calendar_02_7914-calendar-details-7914' data-modal-prefix-class='my-calendar' data-modal-close-text='Close' data-modal-title='1\u00e8re journ\u00e9e d\u2019\u00e9cole  (\u00e9coles de l\u2019Est)' aria-controls='mc_calendar_02_7914-calendar-details-7914' class='calendar mc-modal button mc-text-button button-link url summary'><div class=\"event-title-container\">1\u00e8re journ\u00e9e d\u2019\u00e9cole  (\u00e9coles de l\u2019Est)<\/div><\/button><\/h3>\n<\/header><div id='mc_calendar_02_7914-calendar-details-7914' class='details no-image uses-modal single-details'  aria-labelledby='mc_7914-title-mc-c3776dedca6ddaf786f5d8226ed66e41'>\n<span class=\"event-time value-title\" title=\"2026-09-02T00:00:00\">Journ\u00e9e compl\u00e8te<span class=\"time-separator\"> - <\/span><\/span>\r\n\r\n\t\t<div class=\"sub-details\">\r\n\t\t\r\n\t\t<p class=\"mc_details\"><a href=\"https:\/\/vdb.csdcab.ca\/en\/parents\/calendriers-scolaires\/?mc_id=7914\" class=\"mc-details\">Details about 1\u00e8re journ\u00e9e d\u2019\u00e9cole  (\u00e9coles de l\u2019Est)<\/a><\/p>\r\n\t\t<p><a href=\"https:\/\/vdb.csdcab.ca\/en\/parents\/calendriers-scolaires\/?mc_id=7914\" class=\"event-link external\"><span class=\"screen-reader-text\">More information about <\/span>1\u00e8re journ\u00e9e d\u2019\u00e9cole  (\u00e9coles de l\u2019Est)<\/a><\/p><\/div><\/div><!--end .details--><\/article>\n<\/td>\n<td class='no-events thursday thu future-day   no-events day-with-date'><div class='mc-date-container'><span class='mc-date no-events'><span aria-hidden='true'>3<\/span><span class='screen-reader-text'>September 3, 2026<\/span><\/span><\/div>\n<\/td>\n<td class='no-events friday fri future-day   no-events day-with-date'><div class='mc-date-container'><span class='mc-date no-events'><span aria-hidden='true'>4<\/span><span class='screen-reader-text'>September 4, 2026<\/span><\/span><\/div>\n<\/td>\n<td class='no-events saturday sat future-day weekend  no-events day-with-date'><div class='mc-date-container'><span class='mc-date no-events'><span aria-hidden='true'>5<\/span><span class='screen-reader-text'>September 5, 2026<\/span><\/span><\/div>\n<\/td>\n<\/tr>\n<!-- End Event Row -->\n<tr class='mc-row'><td class='no-events sunday sun future-day weekend  no-events day-with-date'><div class='mc-date-container'><span class='mc-date no-events'><span aria-hidden='true'>6<\/span><span class='screen-reader-text'>September 6, 2026<\/span><\/span><\/div>\n<\/td>\n<td id='calendar-2026-09-07' class='mc-events monday mon future-day   has-events author5 mcat_conseil day-with-date'><div class='mc-date-container'>\n\t<span class='mc-date'><span aria-hidden='true' class='mc-day-number'>7<\/span><span class='screen-reader-text mc-day-date'>September 7, 2026<\/span><span class=\"event-icon\" aria-hidden=\"true\">&#9679;<\/span><span class=\"screen-reader-text\"><span class=\"mc-list-details event-count\">(5 events)<\/span><\/span><\/span><\/div><article id='mc_calendar_07_8066-calendar-8066' class='mc-mc_calendar_8066 calendar-event mc_conseil mc_no-location  future-event mc_primary_conseil nonrecurring mc-24-hours mc-start-00-00 ungrouped mc-event-5849 mc-events mc-event mc_rel_conseil mc_rel_colecatholiquedelenfant-jsus mc_rel_colecatholiquedestoiles-du-nord mc_rel_colecatholiquefranco-suprieur mc_rel_colecatholiquefranco-terrace mc_rel_colecatholiqueval-des-bois mc_rel_coleimmacule-conception mc_rel_colenotre-dame-de-fatima mc_rel_colest-joseph mc_rel_scdelavrendrye mc_rel_scdessatellites mc_rel_notre-dame-des-coles'><header>\t<h3 class='event-title summary' id='mc_8066-title-mc-c3776dedca6ddaf786f5d8226ed66e41'><button type='button' id='modal-button-mc_calendar_07_8066-calendar-details-8066' data-modal-content-id='mc_calendar_07_8066-calendar-details-8066' data-modal-prefix-class='my-calendar' data-modal-close-text='Close' data-modal-title='F\u00e9ri\u00e9 : F\u00eate du travail' aria-controls='mc_calendar_07_8066-calendar-details-8066' class='calendar mc-modal button mc-text-button button-link url summary'><div class=\"event-title-container\">F\u00e9ri\u00e9 : F\u00eate du travail<\/div><\/button><\/h3>\n<\/header><div id='mc_calendar_07_8066-calendar-details-8066' class='details no-image uses-modal single-details'  aria-labelledby='mc_8066-title-mc-c3776dedca6ddaf786f5d8226ed66e41'>\n<span class=\"event-time value-title\" title=\"2026-09-07T00:00:00\">Journ\u00e9e compl\u00e8te<span class=\"time-separator\"> - <\/span><\/span>\r\n\r\n\t\t<div class=\"sub-details\">\r\n\t\t\r\n\t\t<p class=\"mc_details\"><a href=\"https:\/\/vdb.csdcab.ca\/en\/parents\/calendriers-scolaires\/?mc_id=8066\" class=\"mc-details\">Details about F\u00e9ri\u00e9 : F\u00eate du travail<\/a><\/p>\r\n\t\t<p><a href=\"https:\/\/vdb.csdcab.ca\/en\/parents\/calendriers-scolaires\/?mc_id=8066\" class=\"event-link external\"><span class=\"screen-reader-text\">More information about <\/span>F\u00e9ri\u00e9 : F\u00eate du travail<\/a><\/p><\/div><\/div><!--end .details--><\/article>\n<\/td>\n<td class='no-events tuesday tue future-day   no-events day-with-date'><div class='mc-date-container'><span class='mc-date no-events'><span aria-hidden='true'>8<\/span><span class='screen-reader-text'>September 8, 2026<\/span><\/span><\/div>\n<\/td>\n<td class='no-events wednesday wed future-day   no-events day-with-date'><div class='mc-date-container'><span class='mc-date no-events'><span aria-hidden='true'>9<\/span><span class='screen-reader-text'>September 9, 2026<\/span><\/span><\/div>\n<\/td>\n<td id='calendar-2026-09-10' class='mc-events thursday thu future-day   has-events author5 mcat_conseil day-with-date'><div class='mc-date-container'>\n\t<span class='mc-date'><span aria-hidden='true' class='mc-day-number'>10<\/span><span class='screen-reader-text mc-day-date'>September 10, 2026<\/span><span class=\"event-icon\" aria-hidden=\"true\">&#9679;&#9679;<\/span><span class=\"screen-reader-text\"><span class=\"mc-list-details event-count\">(5 events)<\/span><\/span><\/span><\/div><article id='mc_calendar_10_8076-calendar-8076' class='mc-mc_calendar_8076 calendar-event mc_conseil mc_no-location  future-event mc_primary_conseil nonrecurring mc-24-hours mc-start-00-00 ungrouped mc-event-5957 mc-events mc-event mc_rel_conseil mc_rel_colecatholiquedelenfant-jsus mc_rel_colecatholiquedestoiles-du-nord mc_rel_colecatholiquefranco-suprieur mc_rel_colecatholiquefranco-terrace mc_rel_colecatholiqueval-des-bois mc_rel_coleimmacule-conception mc_rel_colenotre-dame-de-fatima mc_rel_colest-joseph mc_rel_scdelavrendrye mc_rel_scdessatellites'><header>\t<h3 class='event-title summary' id='mc_8076-title-mc-c3776dedca6ddaf786f5d8226ed66e41'><button type='button' id='modal-button-mc_calendar_10_8076-calendar-details-8076' data-modal-content-id='mc_calendar_10_8076-calendar-details-8076' data-modal-prefix-class='my-calendar' data-modal-close-text='Close' data-modal-title='Journ\u00e9e des langues officielles' aria-controls='mc_calendar_10_8076-calendar-details-8076' class='calendar mc-modal button mc-text-button button-link url summary'><div class=\"event-title-container\">Journ\u00e9e des langues officielles<\/div><\/button><\/h3>\n<\/header><div id='mc_calendar_10_8076-calendar-details-8076' class='details no-image uses-modal single-details'  aria-labelledby='mc_8076-title-mc-c3776dedca6ddaf786f5d8226ed66e41'>\n<span class=\"event-time value-title\" title=\"2026-09-10T00:00:00\">Journ\u00e9e compl\u00e8te<span class=\"time-separator\"> - <\/span><\/span>\r\n\r\n\t\t<div class=\"sub-details\">\r\n\t\t\r\n\t\t<p class=\"mc_details\"><a href=\"https:\/\/vdb.csdcab.ca\/en\/parents\/calendriers-scolaires\/?mc_id=8076\" class=\"mc-details\">Details about Journ\u00e9e des langues officielles<\/a><\/p>\r\n\t\t<p><a href=\"https:\/\/vdb.csdcab.ca\/en\/parents\/calendriers-scolaires\/?mc_id=8076\" class=\"event-link external\"><span class=\"screen-reader-text\">More information about <\/span>Journ\u00e9e des langues officielles<\/a><\/p><\/div><\/div><!--end .details--><\/article><article id='mc_calendar_10_8067-calendar-8067' class='mc-mc_calendar_8067 calendar-event mc_conseil mc_no-location  future-event mc_primary_conseil nonrecurring mc-24-hours mc-start-00-00 ungrouped mc-event-5952 mc-events mc-event mc_rel_conseil mc_rel_colecatholiquedelenfant-jsus mc_rel_colecatholiquedestoiles-du-nord mc_rel_colecatholiquefranco-suprieur mc_rel_colecatholiquefranco-terrace mc_rel_colecatholiqueval-des-bois mc_rel_coleimmacule-conception mc_rel_colenotre-dame-de-fatima mc_rel_colest-joseph mc_rel_scdelavrendrye mc_rel_scdessatellites mc_rel_notre-dame-des-coles'><header>\t<h3 class='event-title summary' id='mc_8067-title-mc-c3776dedca6ddaf786f5d8226ed66e41'><button type='button' id='modal-button-mc_calendar_10_8067-calendar-details-8067' data-modal-content-id='mc_calendar_10_8067-calendar-details-8067' data-modal-prefix-class='my-calendar' data-modal-close-text='Close' data-modal-title='Journ\u00e9e mondiale de la pr\u00e9vention du suicide.' aria-controls='mc_calendar_10_8067-calendar-details-8067' class='calendar mc-modal button mc-text-button button-link url summary'><div class=\"event-title-container\">Journ\u00e9e mondiale de la pr\u00e9vention du suicide.<\/div><\/button><\/h3>\n<\/header><div id='mc_calendar_10_8067-calendar-details-8067' class='details no-image uses-modal single-details'  aria-labelledby='mc_8067-title-mc-c3776dedca6ddaf786f5d8226ed66e41'>\n<span class=\"event-time value-title\" title=\"2026-09-10T00:00:00\">Journ\u00e9e compl\u00e8te<span class=\"time-separator\"> - <\/span><\/span>\r\n\r\n\t\t<div class=\"sub-details\">\r\n\t\t\r\n\t\t<p class=\"mc_details\"><a href=\"https:\/\/vdb.csdcab.ca\/en\/parents\/calendriers-scolaires\/?mc_id=8067\" class=\"mc-details\">Details about Journ\u00e9e mondiale de la pr\u00e9vention du suicide.<\/a><\/p>\r\n\t\t<p><a href=\"https:\/\/vdb.csdcab.ca\/en\/parents\/calendriers-scolaires\/?mc_id=8067\" class=\"event-link external\"><span class=\"screen-reader-text\">More information about <\/span>Journ\u00e9e mondiale de la pr\u00e9vention du suicide.<\/a><\/p><\/div><\/div><!--end .details--><\/article>\n<\/td>\n<td class='no-events friday fri future-day   no-events day-with-date'><div class='mc-date-container'><span class='mc-date no-events'><span aria-hidden='true'>11<\/span><span class='screen-reader-text'>September 11, 2026<\/span><\/span><\/div>\n<\/td>\n<td class='no-events saturday sat future-day weekend  no-events day-with-date'><div class='mc-date-container'><span class='mc-date no-events'><span aria-hidden='true'>12<\/span><span class='screen-reader-text'>September 12, 2026<\/span><\/span><\/div>\n<\/td>\n<\/tr>\n<!-- End Event Row -->\n<tr class='mc-row'><td class='no-events sunday sun future-day weekend  no-events day-with-date'><div class='mc-date-container'><span class='mc-date no-events'><span aria-hidden='true'>13<\/span><span class='screen-reader-text'>September 13, 2026<\/span><\/span><\/div>\n<\/td>\n<td class='no-events monday mon future-day   no-events day-with-date'><div class='mc-date-container'><span class='mc-date no-events'><span aria-hidden='true'>14<\/span><span class='screen-reader-text'>September 14, 2026<\/span><\/span><\/div>\n<\/td>\n<td class='no-events tuesday tue future-day   no-events day-with-date'><div class='mc-date-container'><span class='mc-date no-events'><span aria-hidden='true'>15<\/span><span class='screen-reader-text'>September 15, 2026<\/span><\/span><\/div>\n<\/td>\n<td class='no-events wednesday wed future-day   no-events day-with-date'><div class='mc-date-container'><span class='mc-date no-events'><span aria-hidden='true'>16<\/span><span class='screen-reader-text'>September 16, 2026<\/span><\/span><\/div>\n<\/td>\n<td class='no-events thursday thu future-day   no-events day-with-date'><div class='mc-date-container'><span class='mc-date no-events'><span aria-hidden='true'>17<\/span><span class='screen-reader-text'>September 17, 2026<\/span><\/span><\/div>\n<\/td>\n<td class='no-events friday fri future-day   no-events day-with-date'><div class='mc-date-container'><span class='mc-date no-events'><span aria-hidden='true'>18<\/span><span class='screen-reader-text'>September 18, 2026<\/span><\/span><\/div>\n<\/td>\n<td class='no-events saturday sat future-day weekend  no-events day-with-date'><div class='mc-date-container'><span class='mc-date no-events'><span aria-hidden='true'>19<\/span><span class='screen-reader-text'>September 19, 2026<\/span><\/span><\/div>\n<\/td>\n<\/tr>\n<!-- End Event Row -->\n<tr class='mc-row'><td id='calendar-2026-09-20' class='mc-events sunday sun future-day weekend  has-events author5 mcat_conseil day-with-date'><div class='mc-date-container'>\n\t<span class='mc-date'><span aria-hidden='true' class='mc-day-number'>20<\/span><span class='screen-reader-text mc-day-date'>September 20, 2026<\/span><span class=\"event-icon\" aria-hidden=\"true\">&#9679;<\/span><span class=\"screen-reader-text\"><span class=\"mc-list-details event-count\">(5 events)<\/span><\/span><\/span><\/div><article id='mc_calendar_20_7927-calendar-7927' class='mc-mc_calendar_7927 calendar-event mc_conseil mc_no-location  future-event mc_primary_conseil nonrecurring mc-24-hours mc-start-00-00 ungrouped mc-event-5850 mc-events mc-event mc_rel_conseil mc_rel_colecatholiquedelenfant-jsus mc_rel_colecatholiquedestoiles-du-nord mc_rel_colecatholiquefranco-suprieur mc_rel_colecatholiquefranco-terrace mc_rel_colecatholiqueval-des-bois mc_rel_coleimmacule-conception mc_rel_colenotre-dame-de-fatima mc_rel_colest-joseph mc_rel_scdelavrendrye mc_rel_scdessatellites mc_rel_notre-dame-des-coles'><header>\t<h3 class='event-title summary' id='mc_7927-title-mc-c3776dedca6ddaf786f5d8226ed66e41'><button type='button' id='modal-button-mc_calendar_20_7927-calendar-details-7927' data-modal-content-id='mc_calendar_20_7927-calendar-details-7927' data-modal-prefix-class='my-calendar' data-modal-close-text='Close' data-modal-title='La course Terry Fox' aria-controls='mc_calendar_20_7927-calendar-details-7927' class='calendar mc-modal button mc-text-button button-link url summary'><div class=\"event-title-container\">La course Terry Fox<\/div><\/button><\/h3>\n<\/header><div id='mc_calendar_20_7927-calendar-details-7927' class='details no-image uses-modal single-details'  aria-labelledby='mc_7927-title-mc-c3776dedca6ddaf786f5d8226ed66e41'>\n<span class=\"event-time value-title\" title=\"2026-09-20T00:00:00\">Journ\u00e9e compl\u00e8te<span class=\"time-separator\"> - <\/span><\/span>\r\n\r\n\t\t<div class=\"sub-details\">\r\n\t\t\r\n\t\t<p class=\"mc_details\"><a href=\"https:\/\/vdb.csdcab.ca\/en\/parents\/calendriers-scolaires\/?mc_id=7927\" class=\"mc-details\">Details about La course Terry Fox<\/a><\/p>\r\n\t\t<p><a href=\"https:\/\/vdb.csdcab.ca\/en\/parents\/calendriers-scolaires\/?mc_id=7927\" class=\"event-link external\"><span class=\"screen-reader-text\">More information about <\/span>La course Terry Fox<\/a><\/p><\/div><\/div><!--end .details--><\/article>\n<\/td>\n<td id='calendar-2026-09-21' class='mc-events monday mon future-day   has-events author5 mcat_conseil day-with-date'><div class='mc-date-container'>\n\t<span class='mc-date'><span aria-hidden='true' class='mc-day-number'>21<\/span><span class='screen-reader-text mc-day-date'>September 21, 2026<\/span><span class=\"event-icon\" aria-hidden=\"true\">&#9679;<\/span><span class=\"screen-reader-text\"><span class=\"mc-list-details event-count\">(5 events)<\/span><\/span><\/span><\/div><article id='mc_calendar_21_7928-calendar-7928' class='mc-mc_calendar_7928 calendar-event mc_conseil mc_no-location  future-event mc_primary_conseil nonrecurring mc-24-hours mc-start-00-00 ungrouped mc-event-5851 mc-events mc-event mc_rel_conseil mc_rel_colecatholiquedelenfant-jsus mc_rel_colecatholiquedestoiles-du-nord mc_rel_colecatholiquefranco-suprieur mc_rel_colecatholiquefranco-terrace mc_rel_colecatholiqueval-des-bois mc_rel_coleimmacule-conception mc_rel_colenotre-dame-de-fatima mc_rel_colest-joseph mc_rel_scdelavrendrye mc_rel_scdessatellites mc_rel_notre-dame-des-coles'><header>\t<h3 class='event-title summary' id='mc_7928-title-mc-c3776dedca6ddaf786f5d8226ed66e41'><button type='button' id='modal-button-mc_calendar_21_7928-calendar-details-7928' data-modal-content-id='mc_calendar_21_7928-calendar-details-7928' data-modal-prefix-class='my-calendar' data-modal-close-text='Close' data-modal-title='Journ\u00e9e internationale de la Paix' aria-controls='mc_calendar_21_7928-calendar-details-7928' class='calendar mc-modal button mc-text-button button-link url summary'><div class=\"event-title-container\">Journ\u00e9e internationale de la Paix<\/div><\/button><\/h3>\n<\/header><div id='mc_calendar_21_7928-calendar-details-7928' class='details no-image uses-modal single-details'  aria-labelledby='mc_7928-title-mc-c3776dedca6ddaf786f5d8226ed66e41'>\n<span class=\"event-time value-title\" title=\"2026-09-21T00:00:00\">Journ\u00e9e compl\u00e8te<span class=\"time-separator\"> - <\/span><\/span>\r\n\r\n\t\t<div class=\"sub-details\">\r\n\t\t\r\n\t\t<p class=\"mc_details\"><a href=\"https:\/\/vdb.csdcab.ca\/en\/parents\/calendriers-scolaires\/?mc_id=7928\" class=\"mc-details\">Details about Journ\u00e9e internationale de la Paix<\/a><\/p>\r\n\t\t<p><a href=\"https:\/\/vdb.csdcab.ca\/en\/parents\/calendriers-scolaires\/?mc_id=7928\" class=\"event-link external\"><span class=\"screen-reader-text\">More information about <\/span>Journ\u00e9e internationale de la Paix<\/a><\/p><\/div><\/div><!--end .details--><\/article>\n<\/td>\n<td class='no-events tuesday tue future-day   no-events day-with-date'><div class='mc-date-container'><span class='mc-date no-events'><span aria-hidden='true'>22<\/span><span class='screen-reader-text'>September 22, 2026<\/span><\/span><\/div>\n<\/td>\n<td class='no-events wednesday wed future-day   no-events day-with-date'><div class='mc-date-container'><span class='mc-date no-events'><span aria-hidden='true'>23<\/span><span class='screen-reader-text'>September 23, 2026<\/span><\/span><\/div>\n<\/td>\n<td class='no-events thursday thu future-day   no-events day-with-date'><div class='mc-date-container'><span class='mc-date no-events'><span aria-hidden='true'>24<\/span><span class='screen-reader-text'>September 24, 2026<\/span><\/span><\/div>\n<\/td>\n<td id='calendar-2026-09-25' class='mc-events friday fri future-day   has-events author4 mcat_conseil day-with-date'><div class='mc-date-container'>\n\t<span class='mc-date'><span aria-hidden='true' class='mc-day-number'>25<\/span><span class='screen-reader-text mc-day-date'>September 25, 2026<\/span><span class=\"event-icon\" aria-hidden=\"true\">&#9679;<\/span><span class=\"screen-reader-text\"><span class=\"mc-list-details event-count\">(5 events)<\/span><\/span><\/span><\/div><article id='mc_calendar_25_2945-calendar-2945' class='mc-mc_calendar_2945 calendar-event mc_conseil mc_no-location  future-event mc_primary_conseil recurring mc-24-hours mc-start-00-00 ungrouped mc-event-2013 mc-events mc-event mc_rel_conseil mc_rel_colecatholiquedelenfant-jsus mc_rel_colecatholiquedestoiles-du-nord mc_rel_colecatholiquefranco-suprieur mc_rel_colecatholiquefranco-terrace mc_rel_colecatholiqueval-des-bois mc_rel_coleimmacule-conception mc_rel_colenotre-dame-de-fatima mc_rel_colest-joseph mc_rel_scdelavrendrye mc_rel_scdessatellites mc_rel_notre-dame-des-coles'><header>\t<h3 class='event-title summary' id='mc_2945-title-mc-c3776dedca6ddaf786f5d8226ed66e41'><button type='button' id='modal-button-mc_calendar_25_2945-calendar-details-2945' data-modal-content-id='mc_calendar_25_2945-calendar-details-2945' data-modal-prefix-class='my-calendar' data-modal-close-text='Close' data-modal-title='Journ\u00e9e des Franco-Ontariens et Franco-Ontariennes' aria-controls='mc_calendar_25_2945-calendar-details-2945' class='calendar mc-modal button mc-text-button button-link url summary'><div class=\"event-title-container\">Journ\u00e9e des Franco-Ontariens et Franco-Ontariennes<\/div><\/button><\/h3>\n<\/header><div id='mc_calendar_25_2945-calendar-details-2945' class='details no-image uses-modal single-details'  aria-labelledby='mc_2945-title-mc-c3776dedca6ddaf786f5d8226ed66e41'>\n<span class=\"event-time value-title\" title=\"2026-09-25T00:00:00\">Journ\u00e9e compl\u00e8te<span class=\"time-separator\"> - <\/span><\/span>\r\n\r\n\t\t<div class=\"sub-details\">\r\n\t\t\r\n\t\t<p class=\"mc_details\"><a href=\"https:\/\/vdb.csdcab.ca\/en\/parents\/calendriers-scolaires\/?mc_id=2945\" class=\"mc-details\">Details about Journ\u00e9e des Franco-Ontariens et Franco-Ontariennes<\/a><\/p>\r\n\t\t<p><a href=\"https:\/\/vdb.csdcab.ca\/en\/parents\/calendriers-scolaires\/?mc_id=2945\" class=\"event-link external\"><span class=\"screen-reader-text\">More information about <\/span>Journ\u00e9e des Franco-Ontariens et Franco-Ontariennes<\/a><\/p><\/div><\/div><!--end .details--><\/article>\n<\/td>\n<td class='no-events saturday sat future-day weekend  no-events day-with-date'><div class='mc-date-container'><span class='mc-date no-events'><span aria-hidden='true'>26<\/span><span class='screen-reader-text'>September 26, 2026<\/span><\/span><\/div>\n<\/td>\n<\/tr>\n<!-- End Event Row -->\n<tr class='mc-row'><td class='no-events sunday sun future-day weekend  no-events day-with-date'><div class='mc-date-container'><span class='mc-date no-events'><span aria-hidden='true'>27<\/span><span class='screen-reader-text'>September 27, 2026<\/span><\/span><\/div>\n<\/td>\n<td class='no-events monday mon future-day   no-events day-with-date'><div class='mc-date-container'><span class='mc-date no-events'><span aria-hidden='true'>28<\/span><span class='screen-reader-text'>September 28, 2026<\/span><\/span><\/div>\n<\/td>\n<td class='no-events tuesday tue future-day   no-events day-with-date'><div class='mc-date-container'><span class='mc-date no-events'><span aria-hidden='true'>29<\/span><span class='screen-reader-text'>September 29, 2026<\/span><\/span><\/div>\n<\/td>\n<td id='calendar-2026-09-30' class='mc-events wednesday wed future-day   has-events author4 mcat_conseil day-with-date'><div class='mc-date-container'>\n\t<span class='mc-date'><span aria-hidden='true' class='mc-day-number'>30<\/span><span class='screen-reader-text mc-day-date'>September 30, 2026<\/span><span class=\"event-icon\" aria-hidden=\"true\">&#9679;<\/span><span class=\"screen-reader-text\"><span class=\"mc-list-details event-count\">(5 events)<\/span><\/span><\/span><\/div><article id='mc_calendar_30_20-calendar-20' class='mc-mc_calendar_20 calendar-event mc_conseil mc_no-location  future-event mc_primary_conseil recurring mc-24-hours mc-start-00-00 mc-grouped mc-group-10 mc-event-10 mc-events mc-event mc_rel_conseil mc_rel_colecatholiquedelenfant-jsus mc_rel_colecatholiquedestoiles-du-nord mc_rel_colecatholiquefranco-suprieur mc_rel_colecatholiquefranco-terrace mc_rel_colecatholiqueval-des-bois mc_rel_coleimmacule-conception mc_rel_colenotre-dame-de-fatima mc_rel_colest-joseph mc_rel_scdelavrendrye mc_rel_notre-dame-des-coles'><header>\t<h3 class='event-title summary' id='mc_20-title-mc-c3776dedca6ddaf786f5d8226ed66e41'><button type='button' id='modal-button-mc_calendar_30_20-calendar-details-20' data-modal-content-id='mc_calendar_30_20-calendar-details-20' data-modal-prefix-class='my-calendar' data-modal-close-text='Close' data-modal-title='Journ\u00e9e nationale de la v\u00e9rit\u00e9 et de la r\u00e9conciliation et Journ\u00e9e du chandail orange' aria-controls='mc_calendar_30_20-calendar-details-20' class='calendar mc-modal button mc-text-button button-link url summary'><div class=\"event-title-container\">Journ\u00e9e nationale de la v\u00e9rit\u00e9 et de la r\u00e9conciliation et Journ\u00e9e du chandail orange<\/div><\/button><\/h3>\n<\/header><div id='mc_calendar_30_20-calendar-details-20' class='details no-image uses-modal single-details'  aria-labelledby='mc_20-title-mc-c3776dedca6ddaf786f5d8226ed66e41'>\n<span class=\"event-time value-title\" title=\"2026-09-30T00:00:00\">Journ\u00e9e compl\u00e8te<span class=\"time-separator\"> - <\/span><\/span>\r\n\r\n\t\t<div class=\"sub-details\">\r\n\t\t\r\n\t\t<p class=\"mc_details\"><a href=\"https:\/\/vdb.csdcab.ca\/en\/parents\/calendriers-scolaires\/?mc_id=20\" class=\"mc-details\">Details about Journ\u00e9e nationale de la v\u00e9rit\u00e9 et de la r\u00e9conciliation et Journ\u00e9e du chandail orange<\/a><\/p>\r\n\t\t<p><a href=\"https:\/\/vdb.csdcab.ca\/en\/parents\/calendriers-scolaires\/?mc_id=20\" class=\"event-link external\"><span class=\"screen-reader-text\">More information about <\/span>Journ\u00e9e nationale de la v\u00e9rit\u00e9 et de la r\u00e9conciliation et Journ\u00e9e du chandail orange<\/a><\/p><\/div><\/div><!--end .details--><\/article>\n<\/td>\n<td id='calendar-2026-10-01' class='mc-events thursday thu future-day  nextmonth has-events author5 mcat_conseil day-with-date'><div class='mc-date-container'>\n\t<span class='mc-date'><span aria-hidden='true' class='mc-day-number'>1<\/span><span class='screen-reader-text mc-day-date'>October 1, 2026<\/span><span class=\"event-icon\" aria-hidden=\"true\">&#9679;&#9679;<\/span><span class=\"screen-reader-text\"><span class=\"mc-list-details event-count\">(5 events)<\/span><\/span><\/span><\/div><article id='mc_calendar_01_7942-calendar-7942' class='mc-mc_calendar_7942 calendar-event mc_conseil mc_no-location  future-event mc_primary_conseil nonrecurring mc-24-hours mc-start-00-00 ungrouped mc-event-5856 mc-events mc-event mc_rel_conseil mc_rel_colecatholiquedestoiles-du-nord mc_rel_colecatholiquefranco-suprieur mc_rel_colecatholiquefranco-terrace mc_rel_colecatholiqueval-des-bois mc_rel_coleimmacule-conception mc_rel_colenotre-dame-de-fatima mc_rel_colest-joseph mc_rel_scdelavrendrye mc_rel_scdessatellites mc_rel_notre-dame-des-coles'><header>\t<h3 class='event-title summary' id='mc_7942-title-mc-c3776dedca6ddaf786f5d8226ed66e41'><button type='button' id='modal-button-mc_calendar_01_7942-calendar-details-7942' data-modal-content-id='mc_calendar_01_7942-calendar-details-7942' data-modal-prefix-class='my-calendar' data-modal-close-text='Close' data-modal-title='Mois de l\u2019\u00e9conomie circulaire - la protection de la plan\u00e8te et la priorit\u00e9 accord\u00e9e aux personnes.' aria-controls='mc_calendar_01_7942-calendar-details-7942' class='calendar mc-modal button mc-text-button button-link url summary'><div class=\"event-title-container\">Mois de l\u2019\u00e9conomie circulaire - la protection de la plan\u00e8te et la priorit\u00e9 accord\u00e9e aux personnes.<\/div><\/button><\/h3>\n<\/header><div id='mc_calendar_01_7942-calendar-details-7942' class='details no-image uses-modal single-details'  aria-labelledby='mc_7942-title-mc-c3776dedca6ddaf786f5d8226ed66e41'>\n<span class=\"event-time value-title\" title=\"2026-10-01T00:00:00\">Journ\u00e9e compl\u00e8te<span class=\"time-separator\"> - <\/span><\/span>\r\n\r\n\t\t<div class=\"sub-details\">\r\n\t\t\r\n\t\t<p class=\"mc_details\"><a href=\"https:\/\/vdb.csdcab.ca\/en\/parents\/calendriers-scolaires\/?mc_id=7942\" class=\"mc-details\">Details about Mois de l\u2019\u00e9conomie circulaire - la protection de la plan\u00e8te et la priorit\u00e9 accord\u00e9e aux personnes.<\/a><\/p>\r\n\t\t<p><a href=\"https:\/\/vdb.csdcab.ca\/en\/parents\/calendriers-scolaires\/?mc_id=7942\" class=\"event-link external\"><span class=\"screen-reader-text\">More information about <\/span>Mois de l\u2019\u00e9conomie circulaire - la protection de la plan\u00e8te et la priorit\u00e9 accord\u00e9e aux personnes.<\/a><\/p><\/div><\/div><!--end .details--><\/article><article id='mc_calendar_01_7941-calendar-7941' class='mc-mc_calendar_7941 calendar-event mc_conseil mc_no-location  future-event mc_primary_conseil nonrecurring mc-24-hours mc-start-00-00 ungrouped mc-event-5855 mc-events mc-event mc_rel_conseil mc_rel_colecatholiquedestoiles-du-nord mc_rel_colecatholiquefranco-suprieur mc_rel_colecatholiquefranco-terrace mc_rel_colecatholiqueval-des-bois mc_rel_coleimmacule-conception mc_rel_colenotre-dame-de-fatima mc_rel_colest-joseph mc_rel_scdelavrendrye mc_rel_scdessatellites mc_rel_notre-dame-des-coles'><header>\t<h3 class='event-title summary' id='mc_7941-title-mc-c3776dedca6ddaf786f5d8226ed66e41'><button type='button' id='modal-button-mc_calendar_01_7941-calendar-details-7941' data-modal-content-id='mc_calendar_01_7941-calendar-details-7941' data-modal-prefix-class='my-calendar' data-modal-close-text='Close' data-modal-title='Mois de l\u2019histoire des femmes' aria-controls='mc_calendar_01_7941-calendar-details-7941' class='calendar mc-modal button mc-text-button button-link url summary'><div class=\"event-title-container\">Mois de l\u2019histoire des femmes<\/div><\/button><\/h3>\n<\/header><div id='mc_calendar_01_7941-calendar-details-7941' class='details no-image uses-modal single-details'  aria-labelledby='mc_7941-title-mc-c3776dedca6ddaf786f5d8226ed66e41'>\n<span class=\"event-time value-title\" title=\"2026-10-01T00:00:00\">Journ\u00e9e compl\u00e8te<span class=\"time-separator\"> - <\/span><\/span>\r\n\r\n\t\t<div class=\"sub-details\">\r\n\t\t\r\n\t\t<p class=\"mc_details\"><a href=\"https:\/\/vdb.csdcab.ca\/en\/parents\/calendriers-scolaires\/?mc_id=7941\" class=\"mc-details\">Details about Mois de l\u2019histoire des femmes<\/a><\/p>\r\n\t\t<p><a href=\"https:\/\/vdb.csdcab.ca\/en\/parents\/calendriers-scolaires\/?mc_id=7941\" class=\"event-link external\"><span class=\"screen-reader-text\">More information about <\/span>Mois de l\u2019histoire des femmes<\/a><\/p><\/div><\/div><!--end .details--><\/article><article id='mc_calendar_01_7943-calendar-7943' class='mc-mc_calendar_7943 calendar-event mc_conseil mc_no-location  future-event mc_primary_conseil nonrecurring mc-24-hours mc-start-00-00 ungrouped mc-event-5857 mc-events mc-event mc_rel_conseil mc_rel_colecatholiquedestoiles-du-nord mc_rel_colecatholiquefranco-suprieur mc_rel_colecatholiquefranco-terrace mc_rel_colecatholiqueval-des-bois mc_rel_coleimmacule-conception mc_rel_colenotre-dame-de-fatima mc_rel_colest-joseph mc_rel_scdelavrendrye mc_rel_scdessatellites mc_rel_notre-dame-des-coles'><header>\t<h3 class='event-title summary' id='mc_7943-title-mc-c3776dedca6ddaf786f5d8226ed66e41'><button type='button' id='modal-button-mc_calendar_01_7943-calendar-details-7943' data-modal-content-id='mc_calendar_01_7943-calendar-details-7943' data-modal-prefix-class='my-calendar' data-modal-close-text='Close' data-modal-title='Mois de la cyber-sensibilisation de la maternelle \u00e0 la 12e ann\u00e9e d&#039;ECNO' aria-controls='mc_calendar_01_7943-calendar-details-7943' class='calendar mc-modal button mc-text-button button-link url summary'><div class=\"event-title-container\">Mois de la cyber-sensibilisation de la maternelle \u00e0 la 12e ann\u00e9e d'ECNO<\/div><\/button><\/h3>\n<\/header><div id='mc_calendar_01_7943-calendar-details-7943' class='details no-image uses-modal single-details'  aria-labelledby='mc_7943-title-mc-c3776dedca6ddaf786f5d8226ed66e41'>\n<span class=\"event-time value-title\" title=\"2026-10-01T00:00:00\">Journ\u00e9e compl\u00e8te<span class=\"time-separator\"> - <\/span><\/span>\r\n\r\n\t\t<div class=\"sub-details\">\r\n\t\t\r\n\t\t<p class=\"mc_details\"><a href=\"https:\/\/vdb.csdcab.ca\/en\/parents\/calendriers-scolaires\/?mc_id=7943\" class=\"mc-details\">Details about Mois de la cyber-sensibilisation de la maternelle \u00e0 la 12e ann\u00e9e d'ECNO<\/a><\/p>\r\n\t\t<p><a href=\"https:\/\/vdb.csdcab.ca\/en\/parents\/calendriers-scolaires\/?mc_id=7943\" class=\"event-link external\"><span class=\"screen-reader-text\">More information about <\/span>Mois de la cyber-sensibilisation de la maternelle \u00e0 la 12e ann\u00e9e d'ECNO<\/a><\/p><\/div><\/div><!--end .details--><\/article>\n<\/td>\n<td class='no-events friday fri future-day  nextmonth no-events day-with-date'><div class='mc-date-container'><span class='mc-date no-events'><span aria-hidden='true'>2<\/span><span class='screen-reader-text'>October 2, 2026<\/span><\/span><\/div>\n<\/td>\n<td class='no-events saturday sat future-day weekend nextmonth no-events day-with-date'><div class='mc-date-container'><span class='mc-date no-events'><span aria-hidden='true'>3<\/span><span class='screen-reader-text'>October 3, 2026<\/span><\/span><\/div>\n<\/td>\n<\/tr>\n<!-- End Event Row -->\n\n<\/tbody>\n<\/table><\/div><!-- .mc-content -->\n<nav class=\"my-calendar-navigation\" aria-label=\"Calendar (bottom)\">\n<div class=\"mc_bottomnav my-calendar-footer\"><div class='mc-export mc-subscribe'>\r\n\t<ul><li class='ics google'><a href='https:\/\/www.google.com\/calendar\/render?cid=webcal:\/\/vdb.csdcab.ca\/en\/feed\/my-calendar-google\/' rel='nofollow'><span class='mc-icon' aria-hidden='true'><\/span><span class=\"maybe-hide\">Subscribe in <\/span>Google<\/a><\/li><li class='ics ical'><a href='webcal:\/\/vdb.csdcab.ca\/en\/feed\/my-calendar-google\/' rel='nofollow'><span class='mc-icon' aria-hidden='true'><\/span><span class=\"maybe-hide\">Subscribe in <\/span>iCal<\/a><\/li><\/ul>\r\n<\/div><div class='mc-export mc-download'>\r\n\t<ul><li class='ics google'><a href='https:\/\/www.google.com\/calendar\/render?cid=https:\/\/vdb.csdcab.ca\/en\/feed\/my-calendar-ics\/?dy=1&#038;mcat=12,7&#038;month=9&#038;nmonth=10&#038;nyr=2026&#038;time=month&#038;yr=2026' rel='nofollow'><span class='mc-icon' aria-hidden='true'><\/span><span class=\"maybe-hide\">Export to <\/span>Google<\/a><\/li><li class='ics ical'><a href='https:\/\/vdb.csdcab.ca\/en\/feed\/my-calendar-ics\/?dy=1&#038;mcat=12,7&#038;month=9&#038;nmonth=10&#038;nyr=2026&#038;time=month&#038;yr=2026' rel='nofollow'><span class='mc-icon' aria-hidden='true'><\/span><span class=\"maybe-hide\">Export to <\/span>iCal<\/a><\/li><\/ul>\r\n<\/div><\/div>\n<\/nav>\n\r\n<\/div><!-- Close Main My Calendar Wrapper --><\/div>\n\t\t\t\t\t\t<\/div>\n\t\t\t\t<\/div>\n\t\t\t\t\t<\/div>\n\t\t<\/div>\n\t\t\t\t\t<\/div>\n\t\t<\/section>\n\t\t\t\t<section class=\"elementor-section elementor-top-section elementor-element elementor-element-665f6e3 elementor-section-full_width elementor-section-content-middle elementor-section-height-default elementor-section-height-default\" data-id=\"665f6e3\" data-element_type=\"section\" data-e-type=\"section\" data-settings=\"{&quot;jet_parallax_layout_list&quot;:[{&quot;jet_parallax_layout_image&quot;:{&quot;url&quot;:&quot;&quot;,&quot;id&quot;:&quot;&quot;,&quot;size&quot;:&quot;&quot;},&quot;_id&quot;:&quot;bafdc0a&quot;,&quot;jet_parallax_layout_image_tablet&quot;:{&quot;url&quot;:&quot;&quot;,&quot;id&quot;:&quot;&quot;,&quot;size&quot;:&quot;&quot;},&quot;jet_parallax_layout_image_mobile&quot;:{&quot;url&quot;:&quot;&quot;,&quot;id&quot;:&quot;&quot;,&quot;size&quot;:&quot;&quot;},&quot;jet_parallax_layout_speed&quot;:{&quot;unit&quot;:&quot;%&quot;,&quot;size&quot;:50,&quot;sizes&quot;:[]},&quot;jet_parallax_layout_type&quot;:&quot;scroll&quot;,&quot;jet_parallax_layout_direction&quot;:&quot;1&quot;,&quot;jet_parallax_layout_fx_direction&quot;:null,&quot;jet_parallax_layout_z_index&quot;:&quot;&quot;,&quot;jet_parallax_layout_bg_x&quot;:50,&quot;jet_parallax_layout_bg_x_tablet&quot;:&quot;&quot;,&quot;jet_parallax_layout_bg_x_mobile&quot;:&quot;&quot;,&quot;jet_parallax_layout_bg_y&quot;:50,&quot;jet_parallax_layout_bg_y_tablet&quot;:&quot;&quot;,&quot;jet_parallax_layout_bg_y_mobile&quot;:&quot;&quot;,&quot;jet_parallax_layout_bg_size&quot;:&quot;auto&quot;,&quot;jet_parallax_layout_bg_size_tablet&quot;:&quot;&quot;,&quot;jet_parallax_layout_bg_size_mobile&quot;:&quot;&quot;,&quot;jet_parallax_layout_animation_prop&quot;:&quot;transform&quot;,&quot;jet_parallax_layout_on&quot;:[&quot;desktop&quot;,&quot;tablet&quot;]}],&quot;background_background&quot;:&quot;gradient&quot;}\">\n\t\t\t\t\t\t<div class=\"elementor-container elementor-column-gap-no\">\n\t\t\t\t\t<div class=\"elementor-column elementor-col-50 elementor-top-column elementor-element elementor-element-a0a0abf\" data-id=\"a0a0abf\" data-element_type=\"column\" data-e-type=\"column\">\n\t\t\t<div class=\"elementor-widget-wrap elementor-element-populated\">\n\t\t\t\t\t\t<div class=\"elementor-element elementor-element-9a39a4b elementor-widget elementor-widget-image\" data-id=\"9a39a4b\" data-element_type=\"widget\" data-e-type=\"widget\" data-widget_type=\"image.default\">\n\t\t\t\t<div class=\"elementor-widget-container\">\n\t\t\t\t\t\t\t\t\t\t\t\t\t\t\t<img fetchpriority=\"high\" decoding=\"async\" width=\"1000\" height=\"1000\" src=\"https:\/\/vdb.csdcab.ca\/wp-content\/uploads\/sites\/4\/2021\/08\/Photo_Calendrier_1000x1000.png\" class=\"attachment-large size-large wp-image-905\" alt=\"\" srcset=\"https:\/\/vdb.csdcab.ca\/wp-content\/uploads\/sites\/4\/2021\/08\/Photo_Calendrier_1000x1000.png 1000w, https:\/\/vdb.csdcab.ca\/wp-content\/uploads\/sites\/4\/2021\/08\/Photo_Calendrier_1000x1000-300x300.png 300w, https:\/\/vdb.csdcab.ca\/wp-content\/uploads\/sites\/4\/2021\/08\/Photo_Calendrier_1000x1000-150x150.png 150w, https:\/\/vdb.csdcab.ca\/wp-content\/uploads\/sites\/4\/2021\/08\/Photo_Calendrier_1000x1000-768x768.png 768w, https:\/\/vdb.csdcab.ca\/wp-content\/uploads\/sites\/4\/2021\/08\/Photo_Calendrier_1000x1000-230x230.png 230w, https:\/\/vdb.csdcab.ca\/wp-content\/uploads\/sites\/4\/2021\/08\/Photo_Calendrier_1000x1000-400x400.png 400w, https:\/\/vdb.csdcab.ca\/wp-content\/uploads\/sites\/4\/2021\/08\/Photo_Calendrier_1000x1000-600x600.png 600w, https:\/\/vdb.csdcab.ca\/wp-content\/uploads\/sites\/4\/2021\/08\/Photo_Calendrier_1000x1000-640x640.png 640w\" sizes=\"(max-width: 1000px) 100vw, 1000px\" \/>\t\t\t\t\t\t\t\t\t\t\t\t\t\t\t<\/div>\n\t\t\t\t<\/div>\n\t\t\t\t\t<\/div>\n\t\t<\/div>\n\t\t\t\t<div class=\"elementor-column elementor-col-50 elementor-top-column elementor-element elementor-element-f19ccb9\" data-id=\"f19ccb9\" data-element_type=\"column\" data-e-type=\"column\">\n\t\t\t<div class=\"elementor-widget-wrap elementor-element-populated\">\n\t\t\t\t\t\t<div class=\"elementor-element elementor-element-e9f137c elementor-widget elementor-widget-heading\" data-id=\"e9f137c\" data-element_type=\"widget\" data-e-type=\"widget\" data-widget_type=\"heading.default\">\n\t\t\t\t<div class=\"elementor-widget-container\">\n\t\t\t\t\t<h2 class=\"elementor-heading-title elementor-size-default\">T\u00e9l\u00e9charger le calendrier annuel en PDF<\/h2>\t\t\t\t<\/div>\n\t\t\t\t<\/div>\n\t\t\t\t<div class=\"elementor-element elementor-element-16d6e33 elementor-widget elementor-widget-text-editor\" data-id=\"16d6e33\" data-element_type=\"widget\" data-e-type=\"widget\" data-widget_type=\"text-editor.default\">\n\t\t\t\t<div class=\"elementor-widget-container\">\n\t\t\t\t\t\t\t\t\t<ul><li style=\"list-style-type: none\"><ul><li><a href=\"https:\/\/csdcab.ca\/wp-content\/uploads\/2026\/03\/Est_Calendrier-scolaire-2026-2027.pdf\" target=\"_blank\" rel=\"noopener\">Calendrier 2026-2027<\/a><\/li><\/ul><\/li><\/ul><p>\u00a0<\/p>\t\t\t\t\t\t\t\t<\/div>\n\t\t\t\t<\/div>\n\t\t\t\t\t<\/div>\n\t\t<\/div>\n\t\t\t\t\t<\/div>\n\t\t<\/section>\n\t\t\t\t<\/div>\n\t\t","protected":false},"excerpt":{"rendered":"<p>T\u00e9l\u00e9charger le calendrier annuel en PDF Calendrier 2026-2027 \u00a0<\/p>","protected":false},"author":1,"featured_media":0,"parent":307,"menu_order":0,"comment_status":"closed","ping_status":"closed","template":"elementor_header_footer","meta":{"_mc_calendar":null,"footnotes":""},"class_list":["post-312","page","type-page","status-publish","hentry"],"yoast_head":"<!-- This site is optimized with the Yoast SEO plugin v28.3 - https:\/\/yoast.com\/product\/yoast-seo-wordpress\/ -->\n<title>Calendriers scolaires - \u00c9cole catholique Val-des-Bois<\/title>\n<meta name=\"robots\" content=\"index, follow, max-snippet:-1, max-image-preview:large, max-video-preview:-1\" \/>\n<link rel=\"canonical\" href=\"https:\/\/vdb.csdcab.ca\/en\/parents\/calendriers-scolaires\/\" \/>\n<meta property=\"og:locale\" content=\"en_US\" \/>\n<meta property=\"og:type\" content=\"article\" \/>\n<meta property=\"og:title\" content=\"Calendriers scolaires - \u00c9cole catholique Val-des-Bois\" \/>\n<meta property=\"og:description\" content=\"T\u00e9l\u00e9charger le calendrier annuel en PDF Calendrier 2026-2027 \u00a0\" \/>\n<meta property=\"og:url\" content=\"https:\/\/vdb.csdcab.ca\/en\/parents\/calendriers-scolaires\/\" \/>\n<meta property=\"og:site_name\" content=\"\u00c9cole catholique Val-des-Bois\" \/>\n<meta property=\"article:modified_time\" content=\"2026-06-29T15:55:14+00:00\" \/>\n<meta property=\"og:image\" content=\"https:\/\/vdb.csdcab.ca\/wp-content\/uploads\/sites\/4\/2021\/08\/Photo_Calendrier_1000x1000.png\" \/>\n\t<meta property=\"og:image:width\" content=\"1000\" \/>\n\t<meta property=\"og:image:height\" content=\"1000\" \/>\n\t<meta property=\"og:image:type\" content=\"image\/png\" \/>\n<meta name=\"twitter:card\" content=\"summary_large_image\" \/>\n<meta name=\"twitter:label1\" content=\"Est. reading time\" \/>\n\t<meta name=\"twitter:data1\" content=\"1 minute\" \/>\n<script type=\"application\/ld+json\" class=\"yoast-schema-graph\">{\"@context\":\"https:\\\/\\\/schema.org\",\"@graph\":[{\"@type\":\"WebPage\",\"@id\":\"https:\\\/\\\/vdb.csdcab.ca\\\/parents\\\/calendriers-scolaires\\\/\",\"url\":\"https:\\\/\\\/vdb.csdcab.ca\\\/parents\\\/calendriers-scolaires\\\/\",\"name\":\"Calendriers scolaires - \u00c9cole catholique Val-des-Bois\",\"isPartOf\":{\"@id\":\"https:\\\/\\\/vdb.csdcab.ca\\\/#website\"},\"primaryImageOfPage\":{\"@id\":\"https:\\\/\\\/vdb.csdcab.ca\\\/parents\\\/calendriers-scolaires\\\/#primaryimage\"},\"image\":{\"@id\":\"https:\\\/\\\/vdb.csdcab.ca\\\/parents\\\/calendriers-scolaires\\\/#primaryimage\"},\"thumbnailUrl\":\"https:\\\/\\\/vdb.csdcab.ca\\\/wp-content\\\/uploads\\\/sites\\\/4\\\/2021\\\/08\\\/Photo_Calendrier_1000x1000.png\",\"datePublished\":\"2021-08-10T19:02:02+00:00\",\"dateModified\":\"2026-06-29T15:55:14+00:00\",\"breadcrumb\":{\"@id\":\"https:\\\/\\\/vdb.csdcab.ca\\\/parents\\\/calendriers-scolaires\\\/#breadcrumb\"},\"inLanguage\":\"en-CA\",\"potentialAction\":[{\"@type\":\"ReadAction\",\"target\":[\"https:\\\/\\\/vdb.csdcab.ca\\\/parents\\\/calendriers-scolaires\\\/\"]}]},{\"@type\":\"ImageObject\",\"inLanguage\":\"en-CA\",\"@id\":\"https:\\\/\\\/vdb.csdcab.ca\\\/parents\\\/calendriers-scolaires\\\/#primaryimage\",\"url\":\"https:\\\/\\\/vdb.csdcab.ca\\\/wp-content\\\/uploads\\\/sites\\\/4\\\/2021\\\/08\\\/Photo_Calendrier_1000x1000.png\",\"contentUrl\":\"https:\\\/\\\/vdb.csdcab.ca\\\/wp-content\\\/uploads\\\/sites\\\/4\\\/2021\\\/08\\\/Photo_Calendrier_1000x1000.png\"},{\"@type\":\"BreadcrumbList\",\"@id\":\"https:\\\/\\\/vdb.csdcab.ca\\\/parents\\\/calendriers-scolaires\\\/#breadcrumb\",\"itemListElement\":[{\"@type\":\"ListItem\",\"position\":1,\"name\":\"Accueil\",\"item\":\"https:\\\/\\\/vdb.csdcab.ca\\\/\"},{\"@type\":\"ListItem\",\"position\":2,\"name\":\"Parents\",\"item\":\"https:\\\/\\\/vdb.csdcab.ca\\\/parents\\\/\"},{\"@type\":\"ListItem\",\"position\":3,\"name\":\"Calendriers scolaires\"}]},{\"@type\":\"WebSite\",\"@id\":\"https:\\\/\\\/vdb.csdcab.ca\\\/#website\",\"url\":\"https:\\\/\\\/vdb.csdcab.ca\\\/\",\"name\":\"\u00c9cole catholique Val-des-Bois\",\"description\":\"\u00c9cole catholique Val-des-Bois\",\"publisher\":{\"@id\":\"https:\\\/\\\/vdb.csdcab.ca\\\/#organization\"},\"potentialAction\":[{\"@type\":\"SearchAction\",\"target\":{\"@type\":\"EntryPoint\",\"urlTemplate\":\"https:\\\/\\\/vdb.csdcab.ca\\\/?s={search_term_string}\"},\"query-input\":{\"@type\":\"PropertyValueSpecification\",\"valueRequired\":true,\"valueName\":\"search_term_string\"}}],\"inLanguage\":\"en-CA\"},{\"@type\":\"Organization\",\"@id\":\"https:\\\/\\\/vdb.csdcab.ca\\\/#organization\",\"name\":\"\u00c9cole catholique Val-des-Bois\",\"url\":\"https:\\\/\\\/vdb.csdcab.ca\\\/\",\"logo\":{\"@type\":\"ImageObject\",\"inLanguage\":\"en-CA\",\"@id\":\"https:\\\/\\\/vdb.csdcab.ca\\\/#\\\/schema\\\/logo\\\/image\\\/\",\"url\":\"https:\\\/\\\/vdb.csdcab.ca\\\/wp-content\\\/uploads\\\/sites\\\/4\\\/2021\\\/08\\\/Valdesbois_Logo_horizontal.png\",\"contentUrl\":\"https:\\\/\\\/vdb.csdcab.ca\\\/wp-content\\\/uploads\\\/sites\\\/4\\\/2021\\\/08\\\/Valdesbois_Logo_horizontal.png\",\"width\":820,\"height\":314,\"caption\":\"\u00c9cole catholique Val-des-Bois\"},\"image\":{\"@id\":\"https:\\\/\\\/vdb.csdcab.ca\\\/#\\\/schema\\\/logo\\\/image\\\/\"}}]}<\/script>\n<!-- \/ Yoast SEO plugin. -->","yoast_head_json":{"title":"Calendriers scolaires - \u00c9cole catholique Val-des-Bois","robots":{"index":"index","follow":"follow","max-snippet":"max-snippet:-1","max-image-preview":"max-image-preview:large","max-video-preview":"max-video-preview:-1"},"canonical":"https:\/\/vdb.csdcab.ca\/en\/parents\/calendriers-scolaires\/","og_locale":"en_US","og_type":"article","og_title":"Calendriers scolaires - \u00c9cole catholique Val-des-Bois","og_description":"T\u00e9l\u00e9charger le calendrier annuel en PDF Calendrier 2026-2027 \u00a0","og_url":"https:\/\/vdb.csdcab.ca\/en\/parents\/calendriers-scolaires\/","og_site_name":"\u00c9cole catholique Val-des-Bois","article_modified_time":"2026-06-29T15:55:14+00:00","og_image":[{"width":1000,"height":1000,"url":"https:\/\/vdb.csdcab.ca\/wp-content\/uploads\/sites\/4\/2021\/08\/Photo_Calendrier_1000x1000.png","type":"image\/png"}],"twitter_card":"summary_large_image","twitter_misc":{"Est. reading time":"1 minute"},"schema":{"@context":"https:\/\/schema.org","@graph":[{"@type":"WebPage","@id":"https:\/\/vdb.csdcab.ca\/parents\/calendriers-scolaires\/","url":"https:\/\/vdb.csdcab.ca\/parents\/calendriers-scolaires\/","name":"Calendriers scolaires - \u00c9cole catholique Val-des-Bois","isPartOf":{"@id":"https:\/\/vdb.csdcab.ca\/#website"},"primaryImageOfPage":{"@id":"https:\/\/vdb.csdcab.ca\/parents\/calendriers-scolaires\/#primaryimage"},"image":{"@id":"https:\/\/vdb.csdcab.ca\/parents\/calendriers-scolaires\/#primaryimage"},"thumbnailUrl":"https:\/\/vdb.csdcab.ca\/wp-content\/uploads\/sites\/4\/2021\/08\/Photo_Calendrier_1000x1000.png","datePublished":"2021-08-10T19:02:02+00:00","dateModified":"2026-06-29T15:55:14+00:00","breadcrumb":{"@id":"https:\/\/vdb.csdcab.ca\/parents\/calendriers-scolaires\/#breadcrumb"},"inLanguage":"en-CA","potentialAction":[{"@type":"ReadAction","target":["https:\/\/vdb.csdcab.ca\/parents\/calendriers-scolaires\/"]}]},{"@type":"ImageObject","inLanguage":"en-CA","@id":"https:\/\/vdb.csdcab.ca\/parents\/calendriers-scolaires\/#primaryimage","url":"https:\/\/vdb.csdcab.ca\/wp-content\/uploads\/sites\/4\/2021\/08\/Photo_Calendrier_1000x1000.png","contentUrl":"https:\/\/vdb.csdcab.ca\/wp-content\/uploads\/sites\/4\/2021\/08\/Photo_Calendrier_1000x1000.png"},{"@type":"BreadcrumbList","@id":"https:\/\/vdb.csdcab.ca\/parents\/calendriers-scolaires\/#breadcrumb","itemListElement":[{"@type":"ListItem","position":1,"name":"Accueil","item":"https:\/\/vdb.csdcab.ca\/"},{"@type":"ListItem","position":2,"name":"Parents","item":"https:\/\/vdb.csdcab.ca\/parents\/"},{"@type":"ListItem","position":3,"name":"Calendriers scolaires"}]},{"@type":"WebSite","@id":"https:\/\/vdb.csdcab.ca\/#website","url":"https:\/\/vdb.csdcab.ca\/","name":"\u00c9cole catholique Val-des-Bois","description":"\u00c9cole catholique Val-des-Bois","publisher":{"@id":"https:\/\/vdb.csdcab.ca\/#organization"},"potentialAction":[{"@type":"SearchAction","target":{"@type":"EntryPoint","urlTemplate":"https:\/\/vdb.csdcab.ca\/?s={search_term_string}"},"query-input":{"@type":"PropertyValueSpecification","valueRequired":true,"valueName":"search_term_string"}}],"inLanguage":"en-CA"},{"@type":"Organization","@id":"https:\/\/vdb.csdcab.ca\/#organization","name":"\u00c9cole catholique Val-des-Bois","url":"https:\/\/vdb.csdcab.ca\/","logo":{"@type":"ImageObject","inLanguage":"en-CA","@id":"https:\/\/vdb.csdcab.ca\/#\/schema\/logo\/image\/","url":"https:\/\/vdb.csdcab.ca\/wp-content\/uploads\/sites\/4\/2021\/08\/Valdesbois_Logo_horizontal.png","contentUrl":"https:\/\/vdb.csdcab.ca\/wp-content\/uploads\/sites\/4\/2021\/08\/Valdesbois_Logo_horizontal.png","width":820,"height":314,"caption":"\u00c9cole catholique Val-des-Bois"},"image":{"@id":"https:\/\/vdb.csdcab.ca\/#\/schema\/logo\/image\/"}}]}},"_links":{"self":[{"href":"https:\/\/vdb.csdcab.ca\/en\/wp-json\/wp\/v2\/pages\/312","targetHints":{"allow":["GET"]}}],"collection":[{"href":"https:\/\/vdb.csdcab.ca\/en\/wp-json\/wp\/v2\/pages"}],"about":[{"href":"https:\/\/vdb.csdcab.ca\/en\/wp-json\/wp\/v2\/types\/page"}],"author":[{"embeddable":true,"href":"https:\/\/vdb.csdcab.ca\/en\/wp-json\/wp\/v2\/users\/1"}],"replies":[{"embeddable":true,"href":"https:\/\/vdb.csdcab.ca\/en\/wp-json\/wp\/v2\/comments?post=312"}],"version-history":[{"count":0,"href":"https:\/\/vdb.csdcab.ca\/en\/wp-json\/wp\/v2\/pages\/312\/revisions"}],"up":[{"embeddable":true,"href":"https:\/\/vdb.csdcab.ca\/en\/wp-json\/wp\/v2\/pages\/307"}],"wp:attachment":[{"href":"https:\/\/vdb.csdcab.ca\/en\/wp-json\/wp\/v2\/media?parent=312"}],"curies":[{"name":"wp","href":"https:\/\/api.w.org\/{rel}","templated":true}]}}