{"id":314,"date":"2021-08-10T19:02:54","date_gmt":"2021-08-10T19:02:54","guid":{"rendered":"https:\/\/csdcab.tondesign.ca\/val-des-bois\/?page_id=314"},"modified":"2023-09-20T15:33:23","modified_gmt":"2023-09-20T19:33:23","slug":"horaire-quotidien","status":"publish","type":"page","link":"https:\/\/vdb.csdcab.ca\/en\/parents\/horaire-quotidien\/","title":{"rendered":"Daily schedule"},"content":{"rendered":"\t\t<div data-elementor-type=\"wp-page\" data-elementor-id=\"314\" class=\"elementor elementor-314\" data-elementor-post-type=\"page\">\n\t\t\t\t\t\t<section class=\"elementor-section elementor-top-section elementor-element elementor-element-d86be5c elementor-section-boxed elementor-section-height-default elementor-section-height-default\" data-id=\"d86be5c\" data-element_type=\"section\" data-e-type=\"section\" data-settings=\"{&quot;jet_parallax_layout_list&quot;:[{&quot;jet_parallax_layout_image&quot;:{&quot;url&quot;:&quot;&quot;,&quot;id&quot;:&quot;&quot;,&quot;size&quot;:&quot;&quot;},&quot;_id&quot;:&quot;25f72cd&quot;,&quot;jet_parallax_layout_image_tablet&quot;:{&quot;url&quot;:&quot;&quot;,&quot;id&quot;:&quot;&quot;,&quot;size&quot;:&quot;&quot;},&quot;jet_parallax_layout_image_mobile&quot;:{&quot;url&quot;:&quot;&quot;,&quot;id&quot;:&quot;&quot;,&quot;size&quot;:&quot;&quot;},&quot;jet_parallax_layout_speed&quot;:{&quot;unit&quot;:&quot;%&quot;,&quot;size&quot;:50,&quot;sizes&quot;:[]},&quot;jet_parallax_layout_type&quot;:&quot;scroll&quot;,&quot;jet_parallax_layout_direction&quot;:&quot;1&quot;,&quot;jet_parallax_layout_fx_direction&quot;:null,&quot;jet_parallax_layout_z_index&quot;:&quot;&quot;,&quot;jet_parallax_layout_bg_x&quot;:50,&quot;jet_parallax_layout_bg_x_tablet&quot;:&quot;&quot;,&quot;jet_parallax_layout_bg_x_mobile&quot;:&quot;&quot;,&quot;jet_parallax_layout_bg_y&quot;:50,&quot;jet_parallax_layout_bg_y_tablet&quot;:&quot;&quot;,&quot;jet_parallax_layout_bg_y_mobile&quot;:&quot;&quot;,&quot;jet_parallax_layout_bg_size&quot;:&quot;auto&quot;,&quot;jet_parallax_layout_bg_size_tablet&quot;:&quot;&quot;,&quot;jet_parallax_layout_bg_size_mobile&quot;:&quot;&quot;,&quot;jet_parallax_layout_animation_prop&quot;:&quot;transform&quot;,&quot;jet_parallax_layout_on&quot;:[&quot;desktop&quot;,&quot;tablet&quot;]}]}\">\n\t\t\t\t\t\t<div class=\"elementor-container elementor-column-gap-default\">\n\t\t\t\t\t<div class=\"elementor-column elementor-col-100 elementor-top-column elementor-element elementor-element-8b38e6e\" data-id=\"8b38e6e\" data-element_type=\"column\" data-e-type=\"column\">\n\t\t\t<div class=\"elementor-widget-wrap elementor-element-populated\">\n\t\t\t\t\t\t<div class=\"elementor-element elementor-element-9055f41 elementor-widget elementor-widget-heading\" data-id=\"9055f41\" data-element_type=\"widget\" data-e-type=\"widget\" data-widget_type=\"heading.default\">\n\t\t\t\t<div class=\"elementor-widget-container\">\n\t\t\t\t\t<span class=\"elementor-heading-title elementor-size-default\">8&nbsp;h&nbsp;40 \u00e0 8&nbsp;h&nbsp;50<\/span>\t\t\t\t<\/div>\n\t\t\t\t<\/div>\n\t\t\t\t<div class=\"elementor-element elementor-element-7e87fb8 elementor-widget elementor-widget-text-editor\" data-id=\"7e87fb8\" data-element_type=\"widget\" data-e-type=\"widget\" data-widget_type=\"text-editor.default\">\n\t\t\t\t<div class=\"elementor-widget-container\">\n\t\t\t\t\t\t\t\t\t<p>Arriv\u00e9e des \u00e9l\u00e8ves.<\/p>\t\t\t\t\t\t\t\t<\/div>\n\t\t\t\t<\/div>\n\t\t\t\t<div class=\"elementor-element elementor-element-9f9ec8e elementor-widget-divider--view-line elementor-widget elementor-widget-divider\" data-id=\"9f9ec8e\" data-element_type=\"widget\" data-e-type=\"widget\" data-widget_type=\"divider.default\">\n\t\t\t\t<div class=\"elementor-widget-container\">\n\t\t\t\t\t\t\t<div class=\"elementor-divider\">\n\t\t\t<span class=\"elementor-divider-separator\">\n\t\t\t\t\t\t<\/span>\n\t\t<\/div>\n\t\t\t\t\t\t<\/div>\n\t\t\t\t<\/div>\n\t\t\t\t<div class=\"elementor-element elementor-element-278f363 elementor-widget elementor-widget-heading\" data-id=\"278f363\" data-element_type=\"widget\" data-e-type=\"widget\" data-widget_type=\"heading.default\">\n\t\t\t\t<div class=\"elementor-widget-container\">\n\t\t\t\t\t<span class=\"elementor-heading-title elementor-size-default\">8&nbsp;h&nbsp;50 \u00e0 12&nbsp;h<\/span>\t\t\t\t<\/div>\n\t\t\t\t<\/div>\n\t\t\t\t<div class=\"elementor-element elementor-element-3b29d45 elementor-widget elementor-widget-text-editor\" data-id=\"3b29d45\" data-element_type=\"widget\" data-e-type=\"widget\" data-widget_type=\"text-editor.default\">\n\t\t\t\t<div class=\"elementor-widget-container\">\n\t\t\t\t\t\t\t\t\t<p>D\u00e9but des classes, Bloc 1<\/p>\t\t\t\t\t\t\t\t<\/div>\n\t\t\t\t<\/div>\n\t\t\t\t<div class=\"elementor-element elementor-element-0e09459 elementor-widget elementor-widget-text-editor\" data-id=\"0e09459\" data-element_type=\"widget\" data-e-type=\"widget\" data-widget_type=\"text-editor.default\">\n\t\t\t\t<div class=\"elementor-widget-container\">\n\t\t\t\t\t\t\t\t\t<p><strong><em>Pause sant\u00e9 groupe 1<\/em><\/strong> \u2013 \u00e9l\u00e8ves de la maternelle \u00e0 la 2e ann\u00e9e : (20 min. : collation \/ 20 min. : r\u00e9cr\u00e9ation) <strong>10 h 30 &#8211; 11 h 10<\/strong><\/p><p><strong><em>Pause sant\u00e9 groupe 2<\/em><\/strong> \u2013 \u00e9l\u00e8ves de la 3e \u00e0 la 8e ann\u00e9e : (20 min. : r\u00e9cr\u00e9ation \/ 20 min. : collation) : <strong>10 h 30 &#8211; 11 h 10<\/strong><\/p>\t\t\t\t\t\t\t\t<\/div>\n\t\t\t\t<\/div>\n\t\t\t\t<div class=\"elementor-element elementor-element-2b4dde0 elementor-widget-divider--view-line elementor-widget elementor-widget-divider\" data-id=\"2b4dde0\" data-element_type=\"widget\" data-e-type=\"widget\" data-widget_type=\"divider.default\">\n\t\t\t\t<div class=\"elementor-widget-container\">\n\t\t\t\t\t\t\t<div class=\"elementor-divider\">\n\t\t\t<span class=\"elementor-divider-separator\">\n\t\t\t\t\t\t<\/span>\n\t\t<\/div>\n\t\t\t\t\t\t<\/div>\n\t\t\t\t<\/div>\n\t\t\t\t<div class=\"elementor-element elementor-element-7068805 elementor-widget elementor-widget-heading\" data-id=\"7068805\" data-element_type=\"widget\" data-e-type=\"widget\" data-widget_type=\"heading.default\">\n\t\t\t\t<div class=\"elementor-widget-container\">\n\t\t\t\t\t<span class=\"elementor-heading-title elementor-size-default\">12&nbsp;h \u00e0 15&nbsp;h&nbsp;10<\/span>\t\t\t\t<\/div>\n\t\t\t\t<\/div>\n\t\t\t\t<div class=\"elementor-element elementor-element-70015c9 elementor-widget elementor-widget-text-editor\" data-id=\"70015c9\" data-element_type=\"widget\" data-e-type=\"widget\" data-widget_type=\"text-editor.default\">\n\t\t\t\t<div class=\"elementor-widget-container\">\n\t\t\t\t\t\t\t\t\t<p>Bloc 2<\/p>\t\t\t\t\t\t\t\t<\/div>\n\t\t\t\t<\/div>\n\t\t\t\t<div class=\"elementor-element elementor-element-d2a9f7d elementor-widget elementor-widget-text-editor\" data-id=\"d2a9f7d\" data-element_type=\"widget\" data-e-type=\"widget\" data-widget_type=\"text-editor.default\">\n\t\t\t\t<div class=\"elementor-widget-container\">\n\t\t\t\t\t\t\t\t\t<p><strong><em>Pause sant\u00e9 <\/em><\/strong>\u00a0\u2013 \u00e9l\u00e8ves de la maternelle \u00e0 la 8e ann\u00e9e :\u00a0(20 min. : d\u00eener \/ 20 min. : r\u00e9cr\u00e9ation) <strong>12 h 50\u00a0&#8211; 13 h 30<\/strong><\/p>\t\t\t\t\t\t\t\t<\/div>\n\t\t\t\t<\/div>\n\t\t\t\t<div class=\"elementor-element elementor-element-9c9a044 elementor-widget-divider--view-line elementor-widget elementor-widget-divider\" data-id=\"9c9a044\" data-element_type=\"widget\" data-e-type=\"widget\" data-widget_type=\"divider.default\">\n\t\t\t\t<div class=\"elementor-widget-container\">\n\t\t\t\t\t\t\t<div class=\"elementor-divider\">\n\t\t\t<span class=\"elementor-divider-separator\">\n\t\t\t\t\t\t<\/span>\n\t\t<\/div>\n\t\t\t\t\t\t<\/div>\n\t\t\t\t<\/div>\n\t\t\t\t<div class=\"elementor-element elementor-element-96bb32f elementor-widget elementor-widget-heading\" data-id=\"96bb32f\" data-element_type=\"widget\" data-e-type=\"widget\" data-widget_type=\"heading.default\">\n\t\t\t\t<div class=\"elementor-widget-container\">\n\t\t\t\t\t<span class=\"elementor-heading-title elementor-size-default\">15&nbsp;h&nbsp;10<\/span>\t\t\t\t<\/div>\n\t\t\t\t<\/div>\n\t\t\t\t<div class=\"elementor-element elementor-element-2c93559 elementor-widget elementor-widget-text-editor\" data-id=\"2c93559\" data-element_type=\"widget\" data-e-type=\"widget\" data-widget_type=\"text-editor.default\">\n\t\t\t\t<div class=\"elementor-widget-container\">\n\t\t\t\t\t\t\t\t\t<p>Fin des classes<\/p>\t\t\t\t\t\t\t\t<\/div>\n\t\t\t\t<\/div>\n\t\t\t\t\t<\/div>\n\t\t<\/div>\n\t\t\t\t\t<\/div>\n\t\t<\/section>\n\t\t\t\t<\/div>\n\t\t","protected":false},"excerpt":{"rendered":"<p>8&nbsp;h&nbsp;40 \u00e0 8&nbsp;h&nbsp;50 Arriv\u00e9e des \u00e9l\u00e8ves. 8&nbsp;h&nbsp;50 \u00e0 12&nbsp;h D\u00e9but des classes, Bloc 1 Pause sant\u00e9 groupe 1 \u2013 \u00e9l\u00e8ves de la maternelle \u00e0 la 2e ann\u00e9e : (20 min. : collation \/ 20 min. : r\u00e9cr\u00e9ation) 10 h 30 &#8211; 11 h 10 Pause sant\u00e9 groupe 2 \u2013 \u00e9l\u00e8ves de la 3e \u00e0 la [&hellip;]<\/p>\n","protected":false},"author":1,"featured_media":0,"parent":307,"menu_order":0,"comment_status":"closed","ping_status":"closed","template":"elementor_header_footer","meta":{"_mc_calendar":[],"footnotes":""},"class_list":["post-314","page","type-page","status-publish","hentry"],"yoast_head":"<!-- This site is optimized with the Yoast SEO plugin v27.4 - https:\/\/yoast.com\/product\/yoast-seo-wordpress\/ -->\n<title>Horaire quotidien - \u00c9cole catholique Val-des-Bois<\/title>\n<meta name=\"robots\" content=\"index, follow, max-snippet:-1, max-image-preview:large, max-video-preview:-1\" \/>\n<link rel=\"canonical\" href=\"https:\/\/vdb.csdcab.ca\/en\/parents\/horaire-quotidien\/\" \/>\n<meta property=\"og:locale\" content=\"en_US\" \/>\n<meta property=\"og:type\" content=\"article\" \/>\n<meta property=\"og:title\" content=\"Horaire quotidien - \u00c9cole catholique Val-des-Bois\" \/>\n<meta property=\"og:description\" content=\"8&nbsp;h&nbsp;40 \u00e0 8&nbsp;h&nbsp;50 Arriv\u00e9e des \u00e9l\u00e8ves. 8&nbsp;h&nbsp;50 \u00e0 12&nbsp;h D\u00e9but des classes, Bloc 1 Pause sant\u00e9 groupe 1 \u2013 \u00e9l\u00e8ves de la maternelle \u00e0 la 2e ann\u00e9e : (20 min. : collation \/ 20 min. : r\u00e9cr\u00e9ation) 10 h 30 &#8211; 11 h 10 Pause sant\u00e9 groupe 2 \u2013 \u00e9l\u00e8ves de la 3e \u00e0 la [&hellip;]\" \/>\n<meta property=\"og:url\" content=\"https:\/\/vdb.csdcab.ca\/en\/parents\/horaire-quotidien\/\" \/>\n<meta property=\"og:site_name\" content=\"\u00c9cole catholique Val-des-Bois\" \/>\n<meta property=\"article:modified_time\" content=\"2023-09-20T19:33:23+00:00\" \/>\n<meta name=\"twitter:card\" content=\"summary_large_image\" \/>\n<script type=\"application\/ld+json\" class=\"yoast-schema-graph\">{\"@context\":\"https:\\\/\\\/schema.org\",\"@graph\":[{\"@type\":\"WebPage\",\"@id\":\"https:\\\/\\\/vdb.csdcab.ca\\\/parents\\\/horaire-quotidien\\\/\",\"url\":\"https:\\\/\\\/vdb.csdcab.ca\\\/parents\\\/horaire-quotidien\\\/\",\"name\":\"Horaire quotidien - \u00c9cole catholique Val-des-Bois\",\"isPartOf\":{\"@id\":\"https:\\\/\\\/vdb.csdcab.ca\\\/#website\"},\"datePublished\":\"2021-08-10T19:02:54+00:00\",\"dateModified\":\"2023-09-20T19:33:23+00:00\",\"breadcrumb\":{\"@id\":\"https:\\\/\\\/vdb.csdcab.ca\\\/parents\\\/horaire-quotidien\\\/#breadcrumb\"},\"inLanguage\":\"en-CA\",\"potentialAction\":[{\"@type\":\"ReadAction\",\"target\":[\"https:\\\/\\\/vdb.csdcab.ca\\\/parents\\\/horaire-quotidien\\\/\"]}]},{\"@type\":\"BreadcrumbList\",\"@id\":\"https:\\\/\\\/vdb.csdcab.ca\\\/parents\\\/horaire-quotidien\\\/#breadcrumb\",\"itemListElement\":[{\"@type\":\"ListItem\",\"position\":1,\"name\":\"Accueil\",\"item\":\"https:\\\/\\\/vdb.csdcab.ca\\\/\"},{\"@type\":\"ListItem\",\"position\":2,\"name\":\"Parents\",\"item\":\"https:\\\/\\\/vdb.csdcab.ca\\\/parents\\\/\"},{\"@type\":\"ListItem\",\"position\":3,\"name\":\"Horaire quotidien\"}]},{\"@type\":\"WebSite\",\"@id\":\"https:\\\/\\\/vdb.csdcab.ca\\\/#website\",\"url\":\"https:\\\/\\\/vdb.csdcab.ca\\\/\",\"name\":\"\u00c9cole catholique Val-des-Bois\",\"description\":\"\u00c9cole catholique Val-des-Bois\",\"publisher\":{\"@id\":\"https:\\\/\\\/vdb.csdcab.ca\\\/#organization\"},\"potentialAction\":[{\"@type\":\"SearchAction\",\"target\":{\"@type\":\"EntryPoint\",\"urlTemplate\":\"https:\\\/\\\/vdb.csdcab.ca\\\/?s={search_term_string}\"},\"query-input\":{\"@type\":\"PropertyValueSpecification\",\"valueRequired\":true,\"valueName\":\"search_term_string\"}}],\"inLanguage\":\"en-CA\"},{\"@type\":\"Organization\",\"@id\":\"https:\\\/\\\/vdb.csdcab.ca\\\/#organization\",\"name\":\"\u00c9cole catholique Val-des-Bois\",\"url\":\"https:\\\/\\\/vdb.csdcab.ca\\\/\",\"logo\":{\"@type\":\"ImageObject\",\"inLanguage\":\"en-CA\",\"@id\":\"https:\\\/\\\/vdb.csdcab.ca\\\/#\\\/schema\\\/logo\\\/image\\\/\",\"url\":\"https:\\\/\\\/vdb.csdcab.ca\\\/wp-content\\\/uploads\\\/sites\\\/4\\\/2021\\\/08\\\/Valdesbois_Logo_horizontal.png\",\"contentUrl\":\"https:\\\/\\\/vdb.csdcab.ca\\\/wp-content\\\/uploads\\\/sites\\\/4\\\/2021\\\/08\\\/Valdesbois_Logo_horizontal.png\",\"width\":820,\"height\":314,\"caption\":\"\u00c9cole catholique Val-des-Bois\"},\"image\":{\"@id\":\"https:\\\/\\\/vdb.csdcab.ca\\\/#\\\/schema\\\/logo\\\/image\\\/\"}}]}<\/script>\n<!-- \/ Yoast SEO plugin. -->","yoast_head_json":{"title":"Horaire quotidien - \u00c9cole catholique Val-des-Bois","robots":{"index":"index","follow":"follow","max-snippet":"max-snippet:-1","max-image-preview":"max-image-preview:large","max-video-preview":"max-video-preview:-1"},"canonical":"https:\/\/vdb.csdcab.ca\/en\/parents\/horaire-quotidien\/","og_locale":"en_US","og_type":"article","og_title":"Horaire quotidien - \u00c9cole catholique Val-des-Bois","og_description":"8&nbsp;h&nbsp;40 \u00e0 8&nbsp;h&nbsp;50 Arriv\u00e9e des \u00e9l\u00e8ves. 8&nbsp;h&nbsp;50 \u00e0 12&nbsp;h D\u00e9but des classes, Bloc 1 Pause sant\u00e9 groupe 1 \u2013 \u00e9l\u00e8ves de la maternelle \u00e0 la 2e ann\u00e9e : (20 min. : collation \/ 20 min. : r\u00e9cr\u00e9ation) 10 h 30 &#8211; 11 h 10 Pause sant\u00e9 groupe 2 \u2013 \u00e9l\u00e8ves de la 3e \u00e0 la [&hellip;]","og_url":"https:\/\/vdb.csdcab.ca\/en\/parents\/horaire-quotidien\/","og_site_name":"\u00c9cole catholique Val-des-Bois","article_modified_time":"2023-09-20T19:33:23+00:00","twitter_card":"summary_large_image","schema":{"@context":"https:\/\/schema.org","@graph":[{"@type":"WebPage","@id":"https:\/\/vdb.csdcab.ca\/parents\/horaire-quotidien\/","url":"https:\/\/vdb.csdcab.ca\/parents\/horaire-quotidien\/","name":"Horaire quotidien - \u00c9cole catholique Val-des-Bois","isPartOf":{"@id":"https:\/\/vdb.csdcab.ca\/#website"},"datePublished":"2021-08-10T19:02:54+00:00","dateModified":"2023-09-20T19:33:23+00:00","breadcrumb":{"@id":"https:\/\/vdb.csdcab.ca\/parents\/horaire-quotidien\/#breadcrumb"},"inLanguage":"en-CA","potentialAction":[{"@type":"ReadAction","target":["https:\/\/vdb.csdcab.ca\/parents\/horaire-quotidien\/"]}]},{"@type":"BreadcrumbList","@id":"https:\/\/vdb.csdcab.ca\/parents\/horaire-quotidien\/#breadcrumb","itemListElement":[{"@type":"ListItem","position":1,"name":"Accueil","item":"https:\/\/vdb.csdcab.ca\/"},{"@type":"ListItem","position":2,"name":"Parents","item":"https:\/\/vdb.csdcab.ca\/parents\/"},{"@type":"ListItem","position":3,"name":"Horaire quotidien"}]},{"@type":"WebSite","@id":"https:\/\/vdb.csdcab.ca\/#website","url":"https:\/\/vdb.csdcab.ca\/","name":"\u00c9cole catholique Val-des-Bois","description":"\u00c9cole catholique Val-des-Bois","publisher":{"@id":"https:\/\/vdb.csdcab.ca\/#organization"},"potentialAction":[{"@type":"SearchAction","target":{"@type":"EntryPoint","urlTemplate":"https:\/\/vdb.csdcab.ca\/?s={search_term_string}"},"query-input":{"@type":"PropertyValueSpecification","valueRequired":true,"valueName":"search_term_string"}}],"inLanguage":"en-CA"},{"@type":"Organization","@id":"https:\/\/vdb.csdcab.ca\/#organization","name":"\u00c9cole catholique Val-des-Bois","url":"https:\/\/vdb.csdcab.ca\/","logo":{"@type":"ImageObject","inLanguage":"en-CA","@id":"https:\/\/vdb.csdcab.ca\/#\/schema\/logo\/image\/","url":"https:\/\/vdb.csdcab.ca\/wp-content\/uploads\/sites\/4\/2021\/08\/Valdesbois_Logo_horizontal.png","contentUrl":"https:\/\/vdb.csdcab.ca\/wp-content\/uploads\/sites\/4\/2021\/08\/Valdesbois_Logo_horizontal.png","width":820,"height":314,"caption":"\u00c9cole catholique Val-des-Bois"},"image":{"@id":"https:\/\/vdb.csdcab.ca\/#\/schema\/logo\/image\/"}}]}},"_links":{"self":[{"href":"https:\/\/vdb.csdcab.ca\/en\/wp-json\/wp\/v2\/pages\/314","targetHints":{"allow":["GET"]}}],"collection":[{"href":"https:\/\/vdb.csdcab.ca\/en\/wp-json\/wp\/v2\/pages"}],"about":[{"href":"https:\/\/vdb.csdcab.ca\/en\/wp-json\/wp\/v2\/types\/page"}],"author":[{"embeddable":true,"href":"https:\/\/vdb.csdcab.ca\/en\/wp-json\/wp\/v2\/users\/1"}],"replies":[{"embeddable":true,"href":"https:\/\/vdb.csdcab.ca\/en\/wp-json\/wp\/v2\/comments?post=314"}],"version-history":[{"count":0,"href":"https:\/\/vdb.csdcab.ca\/en\/wp-json\/wp\/v2\/pages\/314\/revisions"}],"up":[{"embeddable":true,"href":"https:\/\/vdb.csdcab.ca\/en\/wp-json\/wp\/v2\/pages\/307"}],"wp:attachment":[{"href":"https:\/\/vdb.csdcab.ca\/en\/wp-json\/wp\/v2\/media?parent=314"}],"curies":[{"name":"wp","href":"https:\/\/api.w.org\/{rel}","templated":true}]}}